{"id":890,"date":"2020-08-26T12:48:58","date_gmt":"2020-08-26T12:48:58","guid":{"rendered":"http:\/\/gesunde-gestaltung.de\/?page_id=890"},"modified":"2024-09-06T09:34:35","modified_gmt":"2024-09-06T09:34:35","slug":"blog","status":"publish","type":"page","link":"https:\/\/gesunde-gestaltung.de\/en_us\/blog\/","title":{"rendered":"Blog"},"content":{"rendered":"<p><div class=\"fusion-fullwidth fullwidth-box fusion-builder-row-1 fusion-flex-container nonhundred-percent-fullwidth non-hundred-percent-height-scrolling\" style=\"--awb-border-radius-top-left:0px;--awb-border-radius-top-right:0px;--awb-border-radius-bottom-right:0px;--awb-border-radius-bottom-left:0px;\" ><div class=\"fusion-builder-row fusion-row fusion-flex-align-items-flex-start\" style=\"max-width:1248px;margin-left: calc(-4% \/ 2 );margin-right: calc(-4% \/ 2 );\"><div class=\"fusion-layout-column fusion_builder_column fusion-builder-column-0 fusion_builder_column_1_1 1_1 fusion-flex-column\" style=\"--awb-bg-size:cover;--awb-width-large:100%;--awb-margin-top-large:0px;--awb-spacing-right-large:1.92%;--awb-margin-bottom-large:0px;--awb-spacing-left-large:1.92%;--awb-width-medium:100%;--awb-spacing-right-medium:1.92%;--awb-spacing-left-medium:1.92%;--awb-width-small:100%;--awb-spacing-right-small:1.92%;--awb-spacing-left-small:1.92%;\"><div class=\"fusion-column-wrapper fusion-flex-justify-content-flex-start fusion-content-layout-column\"><\/div><\/div><\/div><\/div><div class=\"fusion-fullwidth fullwidth-box fusion-builder-row-2 fusion-flex-container nonhundred-percent-fullwidth non-hundred-percent-height-scrolling\" style=\"--awb-border-radius-top-left:0px;--awb-border-radius-top-right:0px;--awb-border-radius-bottom-right:0px;--awb-border-radius-bottom-left:0px;\" ><div class=\"fusion-builder-row fusion-row fusion-flex-align-items-flex-start\" style=\"max-width:1248px;margin-left: calc(-4% \/ 2 );margin-right: calc(-4% \/ 2 );\"><div class=\"fusion-layout-column fusion_builder_column fusion-builder-column-1 fusion_builder_column_1_1 1_1 fusion-flex-column\" style=\"--awb-bg-size:cover;--awb-width-large:100%;--awb-spacing-right-large:1.92%;--awb-spacing-left-large:1.92%;--awb-width-medium:100%;--awb-order-medium:0;--awb-spacing-right-medium:1.92%;--awb-spacing-left-medium:1.92%;--awb-width-small:100%;--awb-order-small:0;--awb-spacing-right-small:1.92%;--awb-spacing-left-small:1.92%;\"><div class=\"fusion-column-wrapper fusion-column-has-shadow fusion-flex-justify-content-flex-start fusion-content-layout-column\"><div class=\"fusion-blog-shortcode fusion-blog-shortcode-1 fusion-blog-archive fusion-blog-layout-grid-wrapper fusion-blog-no\"><style type=\"text\/css\">.fusion-blog-shortcode-1 .fusion-blog-layout-grid .fusion-post-grid{padding:20px;}.fusion-blog-shortcode-1 .fusion-posts-container{margin-left: -20px !important; margin-right:-20px !important;}<\/style><div class=\"fusion-posts-container fusion-posts-container-no fusion-no-meta-info fusion-blog-rollover fusion-blog-layout-grid fusion-blog-layout-grid-2 isotope\" data-pages=\"0\" data-grid-col-space=\"40\" style=\"margin: -20px -20px 0;min-height:500px;\"><article id=\"blog-1-post-3445\" class=\"fusion-post-grid post-3445 post type-post status-publish format-standard has-post-thumbnail hentry category-case-studies category-designmethoden category-forschungsmethoden category-podcast category-sozialitaet category-uncategorized category-wissenschaft\">\n<div class=\"fusion-post-wrapper\" style=\"background-color:rgba(226,226,226,0.15);border:1px solid #f2f3f5;border-bottom-width:3px;\">\n\n\t\t\t<div class=\"fusion-flexslider flexslider fusion-flexslider-loading fusion-post-slideshow\" style=\"border-color:#f2f3f5;\">\n\t\t<ul class=\"slides\">\n\t\t\t\n\t\t\t\t\t\t\t\t\t\t\t\t\t\t<li><div  class=\"fusion-image-wrapper\" aria-haspopup=\"true\">\n\t\t\t\t<img decoding=\"async\" width=\"1111\" height=\"833\" src=\"https:\/\/gesunde-gestaltung.de\/wp-content\/uploads\/2026\/04\/Alexandra-Verdeil.jpg\" class=\"attachment-full size-full wp-post-image\" alt=\"\" srcset=\"https:\/\/gesunde-gestaltung.de\/wp-content\/uploads\/2026\/04\/Alexandra-Verdeil-200x150.jpg 200w, https:\/\/gesunde-gestaltung.de\/wp-content\/uploads\/2026\/04\/Alexandra-Verdeil-400x300.jpg 400w, https:\/\/gesunde-gestaltung.de\/wp-content\/uploads\/2026\/04\/Alexandra-Verdeil-600x450.jpg 600w, https:\/\/gesunde-gestaltung.de\/wp-content\/uploads\/2026\/04\/Alexandra-Verdeil-800x600.jpg 800w, https:\/\/gesunde-gestaltung.de\/wp-content\/uploads\/2026\/04\/Alexandra-Verdeil.jpg 1111w\" sizes=\"(min-width: 2200px) 100vw, (min-width: 712px) 580px, (min-width: 640px) 712px, \" \/><div class=\"fusion-rollover\">\n\t<div class=\"fusion-rollover-content\">\n\n\t\t\t\t\t\t\t\t\t\t\t\t\t\t<a class=\"fusion-rollover-link\" href=\"https:\/\/gesunde-gestaltung.de\/en_us\/uncategorized\/34-alexandra-verdeil-on-benefits-of-inclusive-design-for-all-users\/\">#34) Alexandra Verdeil on benefits of inclusive design for all users<\/a>\n\t\t\t\n\t\t\t\t\t\t\t\t\t\t\t\t\t\t\n\t\t\t\t\t\t\t\t\n\t\t\t\t\t\t\t\t\t\t\t\t\t<div class=\"fusion-rollover-sep\"><\/div>\n\t\t\t\t\n\t\t\t\t\t\t\t\t\t\t\t\t\t\t\t\t\t\t<a class=\"fusion-rollover-gallery\" href=\"https:\/\/gesunde-gestaltung.de\/wp-content\/uploads\/2026\/04\/Alexandra-Verdeil.jpg\" data-id=\"3445\" data-rel=\"iLightbox[gallery]\" data-title=\"Alexandra Verdeil\" data-caption=\"\">\n\t\t\t\t\t\tGallery\t\t\t\t\t<\/a>\n\t\t\t\t\t\t\t\t\t\t\t\t\t\t\n\t\t\n\t\t\t\t\t\t\t\t\t\t\t\t<h4 class=\"fusion-rollover-title\">\n\t\t\t\t\t<a class=\"fusion-rollover-title-link\" href=\"https:\/\/gesunde-gestaltung.de\/en_us\/uncategorized\/34-alexandra-verdeil-on-benefits-of-inclusive-design-for-all-users\/\">\n\t\t\t\t\t\t#34) Alexandra Verdeil on benefits of inclusive design for all users\t\t\t\t\t<\/a>\n\t\t\t\t<\/h4>\n\t\t\t\n\t\t\t\t\t\t\t\t\t\t<div class=\"fusion-rollover-categories\"><a href=\"https:\/\/gesunde-gestaltung.de\/en_us\/category\/case-studies\/\" rel=\"tag\">Case Studies<\/a>, <a href=\"https:\/\/gesunde-gestaltung.de\/en_us\/category\/designmethoden\/\" rel=\"tag\">Designmethoden<\/a>, <a href=\"https:\/\/gesunde-gestaltung.de\/en_us\/category\/forschungsmethoden\/\" rel=\"tag\">Research methods<\/a>, <a href=\"https:\/\/gesunde-gestaltung.de\/en_us\/category\/podcast\/\" rel=\"tag\">Podcast<\/a>, <a href=\"https:\/\/gesunde-gestaltung.de\/en_us\/category\/sozialitaet\/\" rel=\"tag\">Sozialit\u00e4t<\/a>, <a href=\"https:\/\/gesunde-gestaltung.de\/en_us\/category\/uncategorized\/\" rel=\"tag\">Uncategorized<\/a>, <a href=\"https:\/\/gesunde-gestaltung.de\/en_us\/category\/wissenschaft\/\" rel=\"tag\">Wissenschaft<\/a><\/div>\t\t\t\t\t\n\t\t\n\t\t\t\t\t\t<a class=\"fusion-link-wrapper\" href=\"https:\/\/gesunde-gestaltung.de\/en_us\/uncategorized\/34-alexandra-verdeil-on-benefits-of-inclusive-design-for-all-users\/\" aria-label=\"#34) Alexandra Verdeil on benefits of inclusive design for all users\"><\/a>\n\t<\/div>\n<\/div>\n<\/div>\n<\/li>\n\t\t\t\n\t\t\t\n\t\t\t\t\t\t\t\t\t\t\t\t\t\t\t\t\t\t\t\t\t\t\t\t\t\t\t\t\t\t\t\t\t\t\t\t\t\t\t\t\t\t\t\t\t\t\t\t\t\t\t\t\t\t\t\t\t\t\t\t\t\t\t\t\t\t\t\t<\/ul>\n\t<\/div>\n\t<div class=\"fusion-post-content-wrapper\" style=\"padding:30px 25px 25px 25px;\"><div class=\"fusion-post-content post-content\"><h2 class=\"blog-shortcode-post-title entry-title\"><a href=\"https:\/\/gesunde-gestaltung.de\/en_us\/uncategorized\/34-alexandra-verdeil-on-benefits-of-inclusive-design-for-all-users\/\">#34) Alexandra Verdeil on benefits of inclusive design for all users<\/a><\/h2><div class=\"fusion-post-content-container\"><p>Inclusive design addresses among other things the needs of particularly vulnerable user groups. Through this, concepts are developed that are [...]<\/p><\/div><\/div><\/div><div class=\"fusion-clearfix\"><\/div><\/div>\n<\/article>\n<article id=\"blog-1-post-3450\" class=\"fusion-post-grid post-3450 post type-post status-publish format-standard has-post-thumbnail hentry category-designmethoden category-evidence-based-design category-forschungsmethoden category-podcast category-uncategorized\">\n<div class=\"fusion-post-wrapper\" style=\"background-color:rgba(226,226,226,0.15);border:1px solid #f2f3f5;border-bottom-width:3px;\">\n\n\t\t\t<div class=\"fusion-flexslider flexslider fusion-flexslider-loading fusion-post-slideshow\" style=\"border-color:#f2f3f5;\">\n\t\t<ul class=\"slides\">\n\t\t\t\n\t\t\t\t\t\t\t\t\t\t\t\t\t\t<li><div  class=\"fusion-image-wrapper\" aria-haspopup=\"true\">\n\t\t\t\t<img decoding=\"async\" width=\"2560\" height=\"1920\" src=\"https:\/\/gesunde-gestaltung.de\/wp-content\/uploads\/2026\/03\/Carolin-scaled.jpg\" class=\"attachment-full size-full wp-post-image\" alt=\"\" srcset=\"https:\/\/gesunde-gestaltung.de\/wp-content\/uploads\/2026\/03\/Carolin-200x150.jpg 200w, https:\/\/gesunde-gestaltung.de\/wp-content\/uploads\/2026\/03\/Carolin-400x300.jpg 400w, https:\/\/gesunde-gestaltung.de\/wp-content\/uploads\/2026\/03\/Carolin-600x450.jpg 600w, https:\/\/gesunde-gestaltung.de\/wp-content\/uploads\/2026\/03\/Carolin-800x600.jpg 800w, https:\/\/gesunde-gestaltung.de\/wp-content\/uploads\/2026\/03\/Carolin-1200x900.jpg 1200w, https:\/\/gesunde-gestaltung.de\/wp-content\/uploads\/2026\/03\/Carolin-scaled.jpg 2560w\" sizes=\"(min-width: 2200px) 100vw, (min-width: 712px) 580px, (min-width: 640px) 712px, \" \/><div class=\"fusion-rollover\">\n\t<div class=\"fusion-rollover-content\">\n\n\t\t\t\t\t\t\t\t\t\t\t\t\t\t<a class=\"fusion-rollover-link\" href=\"https:\/\/gesunde-gestaltung.de\/en_us\/uncategorized\/33-carolin-pauly-zu-universal-design-pflege-und-partizipation\/\">#33: Carolin Pauly zu Universal Design, Pflege und Partizipation<\/a>\n\t\t\t\n\t\t\t\t\t\t\t\t\t\t\t\t\t\t\n\t\t\t\t\t\t\t\t\n\t\t\t\t\t\t\t\t\t\t\t\t\t<div class=\"fusion-rollover-sep\"><\/div>\n\t\t\t\t\n\t\t\t\t\t\t\t\t\t\t\t\t\t\t\t\t\t\t<a class=\"fusion-rollover-gallery\" href=\"https:\/\/gesunde-gestaltung.de\/wp-content\/uploads\/2026\/03\/Carolin-scaled.jpg\" data-id=\"3450\" data-rel=\"iLightbox[gallery]\" data-title=\"Carolin\" data-caption=\"\">\n\t\t\t\t\t\tGallery\t\t\t\t\t<\/a>\n\t\t\t\t\t\t\t\t\t\t\t\t\t\t\n\t\t\n\t\t\t\t\t\t\t\t\t\t\t\t<h4 class=\"fusion-rollover-title\">\n\t\t\t\t\t<a class=\"fusion-rollover-title-link\" href=\"https:\/\/gesunde-gestaltung.de\/en_us\/uncategorized\/33-carolin-pauly-zu-universal-design-pflege-und-partizipation\/\">\n\t\t\t\t\t\t#33: Carolin Pauly zu Universal Design, Pflege und Partizipation\t\t\t\t\t<\/a>\n\t\t\t\t<\/h4>\n\t\t\t\n\t\t\t\t\t\t\t\t\t\t<div class=\"fusion-rollover-categories\"><a href=\"https:\/\/gesunde-gestaltung.de\/en_us\/category\/designmethoden\/\" rel=\"tag\">Designmethoden<\/a>, <a href=\"https:\/\/gesunde-gestaltung.de\/en_us\/category\/evidence-based-design\/\" rel=\"tag\">Evidence-based Design<\/a>, <a href=\"https:\/\/gesunde-gestaltung.de\/en_us\/category\/forschungsmethoden\/\" rel=\"tag\">Research methods<\/a>, <a href=\"https:\/\/gesunde-gestaltung.de\/en_us\/category\/podcast\/\" rel=\"tag\">Podcast<\/a>, <a href=\"https:\/\/gesunde-gestaltung.de\/en_us\/category\/uncategorized\/\" rel=\"tag\">Uncategorized<\/a><\/div>\t\t\t\t\t\n\t\t\n\t\t\t\t\t\t<a class=\"fusion-link-wrapper\" href=\"https:\/\/gesunde-gestaltung.de\/en_us\/uncategorized\/33-carolin-pauly-zu-universal-design-pflege-und-partizipation\/\" aria-label=\"#33: Carolin Pauly zu Universal Design, Pflege und Partizipation\"><\/a>\n\t<\/div>\n<\/div>\n<\/div>\n<\/li>\n\t\t\t\n\t\t\t\n\t\t\t\t\t\t\t\t\t\t\t\t\t\t\t\t\t\t\t\t\t\t\t\t\t\t\t\t\t\t\t\t\t\t\t\t\t\t\t\t\t\t\t\t\t\t\t\t\t\t\t\t\t\t\t\t\t\t\t\t\t\t\t\t\t\t\t\t<\/ul>\n\t<\/div>\n\t<div class=\"fusion-post-content-wrapper\" style=\"padding:30px 25px 25px 25px;\"><div class=\"fusion-post-content post-content\"><h2 class=\"blog-shortcode-post-title entry-title\"><a href=\"https:\/\/gesunde-gestaltung.de\/en_us\/uncategorized\/33-carolin-pauly-zu-universal-design-pflege-und-partizipation\/\">#33: Carolin Pauly zu Universal Design, Pflege und Partizipation<\/a><\/h2><div class=\"fusion-post-content-container\"><p>Carolin Pauly ist gesch\u00e4ftsf\u00fchrende Gesellschafterin des Instituts f\u00fcr Universal Design und war Mitgr\u00fcnderin des Netzwerks Universal Rooms, das ganzheitliche Einrichtungskonzepte [...]<\/p><\/div><\/div><\/div><div class=\"fusion-clearfix\"><\/div><\/div>\n<\/article>\n<article id=\"blog-1-post-3436\" class=\"fusion-post-grid post-3436 post type-post status-publish format-standard has-post-thumbnail hentry category-biophilic-design category-designmethoden category-evidence-based-design category-podcast category-uncategorized category-wissenschaft\">\n<div class=\"fusion-post-wrapper\" style=\"background-color:rgba(226,226,226,0.15);border:1px solid #f2f3f5;border-bottom-width:3px;\">\n\n\t\t\t<div class=\"fusion-flexslider flexslider fusion-flexslider-loading fusion-post-slideshow\" style=\"border-color:#f2f3f5;\">\n\t\t<ul class=\"slides\">\n\t\t\t\n\t\t\t\t\t\t\t\t\t\t\t\t\t\t<li><div  class=\"fusion-image-wrapper\" aria-haspopup=\"true\">\n\t\t\t\t<img decoding=\"async\" width=\"2560\" height=\"1920\" src=\"https:\/\/gesunde-gestaltung.de\/wp-content\/uploads\/2026\/02\/Nora_Huxmann-scaled.jpg\" class=\"attachment-full size-full wp-post-image\" alt=\"\" srcset=\"https:\/\/gesunde-gestaltung.de\/wp-content\/uploads\/2026\/02\/Nora_Huxmann-200x150.jpg 200w, https:\/\/gesunde-gestaltung.de\/wp-content\/uploads\/2026\/02\/Nora_Huxmann-400x300.jpg 400w, https:\/\/gesunde-gestaltung.de\/wp-content\/uploads\/2026\/02\/Nora_Huxmann-600x450.jpg 600w, https:\/\/gesunde-gestaltung.de\/wp-content\/uploads\/2026\/02\/Nora_Huxmann-800x600.jpg 800w, https:\/\/gesunde-gestaltung.de\/wp-content\/uploads\/2026\/02\/Nora_Huxmann-1200x900.jpg 1200w, https:\/\/gesunde-gestaltung.de\/wp-content\/uploads\/2026\/02\/Nora_Huxmann-scaled.jpg 2560w\" sizes=\"(min-width: 2200px) 100vw, (min-width: 712px) 580px, (min-width: 640px) 712px, \" \/><div class=\"fusion-rollover\">\n\t<div class=\"fusion-rollover-content\">\n\n\t\t\t\t\t\t\t\t\t\t\t\t\t\t<a class=\"fusion-rollover-link\" href=\"https:\/\/gesunde-gestaltung.de\/en_us\/uncategorized\/32-nora-huxmann-zu-freiraumplanung-healthy-greenery-und-green-prescribing\/\">#32: Nora Huxmann zu Freiraumplanung, healthy Greenery und green Prescribing<\/a>\n\t\t\t\n\t\t\t\t\t\t\t\t\t\t\t\t\t\t\n\t\t\t\t\t\t\t\t\n\t\t\t\t\t\t\t\t\t\t\t\t\t<div class=\"fusion-rollover-sep\"><\/div>\n\t\t\t\t\n\t\t\t\t\t\t\t\t\t\t\t\t\t\t\t\t\t\t<a class=\"fusion-rollover-gallery\" href=\"https:\/\/gesunde-gestaltung.de\/wp-content\/uploads\/2026\/02\/Nora_Huxmann-scaled.jpg\" data-id=\"3436\" data-rel=\"iLightbox[gallery]\" data-title=\"Nora_Huxmann\" data-caption=\"\">\n\t\t\t\t\t\tGallery\t\t\t\t\t<\/a>\n\t\t\t\t\t\t\t\t\t\t\t\t\t\t\n\t\t\n\t\t\t\t\t\t\t\t\t\t\t\t<h4 class=\"fusion-rollover-title\">\n\t\t\t\t\t<a class=\"fusion-rollover-title-link\" href=\"https:\/\/gesunde-gestaltung.de\/en_us\/uncategorized\/32-nora-huxmann-zu-freiraumplanung-healthy-greenery-und-green-prescribing\/\">\n\t\t\t\t\t\t#32: Nora Huxmann zu Freiraumplanung, healthy Greenery und green Prescribing\t\t\t\t\t<\/a>\n\t\t\t\t<\/h4>\n\t\t\t\n\t\t\t\t\t\t\t\t\t\t<div class=\"fusion-rollover-categories\"><a href=\"https:\/\/gesunde-gestaltung.de\/en_us\/category\/biophilic-design\/\" rel=\"tag\">Biophilic Design<\/a>, <a href=\"https:\/\/gesunde-gestaltung.de\/en_us\/category\/designmethoden\/\" rel=\"tag\">Designmethoden<\/a>, <a href=\"https:\/\/gesunde-gestaltung.de\/en_us\/category\/evidence-based-design\/\" rel=\"tag\">Evidence-based Design<\/a>, <a href=\"https:\/\/gesunde-gestaltung.de\/en_us\/category\/podcast\/\" rel=\"tag\">Podcast<\/a>, <a href=\"https:\/\/gesunde-gestaltung.de\/en_us\/category\/uncategorized\/\" rel=\"tag\">Uncategorized<\/a>, <a href=\"https:\/\/gesunde-gestaltung.de\/en_us\/category\/wissenschaft\/\" rel=\"tag\">Wissenschaft<\/a><\/div>\t\t\t\t\t\n\t\t\n\t\t\t\t\t\t<a class=\"fusion-link-wrapper\" href=\"https:\/\/gesunde-gestaltung.de\/en_us\/uncategorized\/32-nora-huxmann-zu-freiraumplanung-healthy-greenery-und-green-prescribing\/\" aria-label=\"#32: Nora Huxmann zu Freiraumplanung, healthy Greenery und green Prescribing\"><\/a>\n\t<\/div>\n<\/div>\n<\/div>\n<\/li>\n\t\t\t\n\t\t\t\n\t\t\t\t\t\t\t\t\t\t\t\t\t\t\t\t\t\t\t\t\t\t\t\t\t\t\t\t\t\t\t\t\t\t\t\t\t\t\t\t\t\t\t\t\t\t\t\t\t\t\t\t\t\t\t\t\t\t\t\t\t\t\t\t\t\t\t\t<\/ul>\n\t<\/div>\n\t<div class=\"fusion-post-content-wrapper\" style=\"padding:30px 25px 25px 25px;\"><div class=\"fusion-post-content post-content\"><h2 class=\"blog-shortcode-post-title entry-title\"><a href=\"https:\/\/gesunde-gestaltung.de\/en_us\/uncategorized\/32-nora-huxmann-zu-freiraumplanung-healthy-greenery-und-green-prescribing\/\">#32: Nora Huxmann zu Freiraumplanung, healthy Greenery und green Prescribing<\/a><\/h2><div class=\"fusion-post-content-container\"><p>Natur und Pflanzen werden nicht erst sein Ans\u00e4tzen wie dem Biophilic Design als Zug\u00e4nge und Werkzeuge einer gesundheitsf\u00f6rdernden Gestaltung betrachtet. [...]<\/p><\/div><\/div><\/div><div class=\"fusion-clearfix\"><\/div><\/div>\n<\/article>\n<article id=\"blog-1-post-3428\" class=\"fusion-post-grid post-3428 post type-post status-publish format-standard has-post-thumbnail hentry category-case-studies category-designmethoden category-designtheorie category-evidence-based-design category-forschungsmethoden category-podcast category-praxis category-trends-und-entwicklungen category-uncategorized category-wissenschaft\">\n<div class=\"fusion-post-wrapper\" style=\"background-color:rgba(226,226,226,0.15);border:1px solid #f2f3f5;border-bottom-width:3px;\">\n\n\t\t\t<div class=\"fusion-flexslider flexslider fusion-flexslider-loading fusion-post-slideshow\" style=\"border-color:#f2f3f5;\">\n\t\t<ul class=\"slides\">\n\t\t\t\n\t\t\t\t\t\t\t\t\t\t\t\t\t\t<li><div  class=\"fusion-image-wrapper\" aria-haspopup=\"true\">\n\t\t\t\t<img decoding=\"async\" width=\"2500\" height=\"2500\" src=\"https:\/\/gesunde-gestaltung.de\/wp-content\/uploads\/2026\/01\/Podcast-WDC26.jpg\" class=\"attachment-full size-full wp-post-image\" alt=\"\" srcset=\"https:\/\/gesunde-gestaltung.de\/wp-content\/uploads\/2026\/01\/Podcast-WDC26-200x200.jpg 200w, https:\/\/gesunde-gestaltung.de\/wp-content\/uploads\/2026\/01\/Podcast-WDC26-400x400.jpg 400w, https:\/\/gesunde-gestaltung.de\/wp-content\/uploads\/2026\/01\/Podcast-WDC26-600x600.jpg 600w, https:\/\/gesunde-gestaltung.de\/wp-content\/uploads\/2026\/01\/Podcast-WDC26-800x800.jpg 800w, https:\/\/gesunde-gestaltung.de\/wp-content\/uploads\/2026\/01\/Podcast-WDC26-1200x1200.jpg 1200w, https:\/\/gesunde-gestaltung.de\/wp-content\/uploads\/2026\/01\/Podcast-WDC26.jpg 2500w\" sizes=\"(min-width: 2200px) 100vw, (min-width: 712px) 580px, (min-width: 640px) 712px, \" \/><div class=\"fusion-rollover\">\n\t<div class=\"fusion-rollover-content\">\n\n\t\t\t\t\t\t\t\t\t\t\t\t\t\t<a class=\"fusion-rollover-link\" href=\"https:\/\/gesunde-gestaltung.de\/en_us\/uncategorized\/31-wdc2026-designpotentiale-fuer-eine-muendigere-patientinnenrolle\/\">#31) WDC2026 \/\/ Designpotentiale f\u00fcr eine m\u00fcndigere Patient:innenrolle<\/a>\n\t\t\t\n\t\t\t\t\t\t\t\t\t\t\t\t\t\t\n\t\t\t\t\t\t\t\t\n\t\t\t\t\t\t\t\t\t\t\t\t\t<div class=\"fusion-rollover-sep\"><\/div>\n\t\t\t\t\n\t\t\t\t\t\t\t\t\t\t\t\t\t\t\t\t\t\t<a class=\"fusion-rollover-gallery\" href=\"https:\/\/gesunde-gestaltung.de\/wp-content\/uploads\/2026\/01\/Podcast-WDC26.jpg\" data-id=\"3428\" data-rel=\"iLightbox[gallery]\" data-title=\"Podcast WDC26\" data-caption=\"\">\n\t\t\t\t\t\tGallery\t\t\t\t\t<\/a>\n\t\t\t\t\t\t\t\t\t\t\t\t\t\t\n\t\t\n\t\t\t\t\t\t\t\t\t\t\t\t<h4 class=\"fusion-rollover-title\">\n\t\t\t\t\t<a class=\"fusion-rollover-title-link\" href=\"https:\/\/gesunde-gestaltung.de\/en_us\/uncategorized\/31-wdc2026-designpotentiale-fuer-eine-muendigere-patientinnenrolle\/\">\n\t\t\t\t\t\t#31) WDC2026 \/\/ Designpotentiale f\u00fcr eine m\u00fcndigere Patient:innenrolle\t\t\t\t\t<\/a>\n\t\t\t\t<\/h4>\n\t\t\t\n\t\t\t\t\t\t\t\t\t\t<div class=\"fusion-rollover-categories\"><a href=\"https:\/\/gesunde-gestaltung.de\/en_us\/category\/case-studies\/\" rel=\"tag\">Case Studies<\/a>, <a href=\"https:\/\/gesunde-gestaltung.de\/en_us\/category\/designmethoden\/\" rel=\"tag\">Designmethoden<\/a>, <a href=\"https:\/\/gesunde-gestaltung.de\/en_us\/category\/designtheorie\/\" rel=\"tag\">Designtheorie<\/a>, <a href=\"https:\/\/gesunde-gestaltung.de\/en_us\/category\/evidence-based-design\/\" rel=\"tag\">Evidence-based Design<\/a>, <a href=\"https:\/\/gesunde-gestaltung.de\/en_us\/category\/forschungsmethoden\/\" rel=\"tag\">Research methods<\/a>, <a href=\"https:\/\/gesunde-gestaltung.de\/en_us\/category\/podcast\/\" rel=\"tag\">Podcast<\/a>, <a href=\"https:\/\/gesunde-gestaltung.de\/en_us\/category\/praxis\/\" rel=\"tag\">Praxis<\/a>, <a href=\"https:\/\/gesunde-gestaltung.de\/en_us\/category\/trends-und-entwicklungen\/\" rel=\"tag\">Trends und Entwicklungen<\/a>, <a href=\"https:\/\/gesunde-gestaltung.de\/en_us\/category\/uncategorized\/\" rel=\"tag\">Uncategorized<\/a>, <a href=\"https:\/\/gesunde-gestaltung.de\/en_us\/category\/wissenschaft\/\" rel=\"tag\">Wissenschaft<\/a><\/div>\t\t\t\t\t\n\t\t\n\t\t\t\t\t\t<a class=\"fusion-link-wrapper\" href=\"https:\/\/gesunde-gestaltung.de\/en_us\/uncategorized\/31-wdc2026-designpotentiale-fuer-eine-muendigere-patientinnenrolle\/\" aria-label=\"#31) WDC2026 \/\/ Designpotentiale f\u00fcr eine m\u00fcndigere Patient:innenrolle\"><\/a>\n\t<\/div>\n<\/div>\n<\/div>\n<\/li>\n\t\t\t\n\t\t\t\n\t\t\t\t\t\t\t\t\t\t\t\t\t\t\t\t\t\t\t\t\t\t\t\t\t\t\t\t\t\t\t\t\t\t\t\t\t\t\t\t\t\t\t\t\t\t\t\t\t\t\t\t\t\t\t\t\t\t\t\t\t\t\t\t\t\t\t\t<\/ul>\n\t<\/div>\n\t<div class=\"fusion-post-content-wrapper\" style=\"padding:30px 25px 25px 25px;\"><div class=\"fusion-post-content post-content\"><h2 class=\"blog-shortcode-post-title entry-title\"><a href=\"https:\/\/gesunde-gestaltung.de\/en_us\/uncategorized\/31-wdc2026-designpotentiale-fuer-eine-muendigere-patientinnenrolle\/\">#31) WDC2026 \/\/ Designpotentiale f\u00fcr eine m\u00fcndigere Patient:innenrolle<\/a><\/h2><div class=\"fusion-post-content-container\"><p>Diese Folge ist Teil einer Mini-Serie zum World Design Captial 2026 und dem Projekt \"Designing a more active Patient Role [...]<\/p><\/div><\/div><\/div><div class=\"fusion-clearfix\"><\/div><\/div>\n<\/article>\n<article id=\"blog-1-post-3417\" class=\"fusion-post-grid post-3417 post type-post status-publish format-standard has-post-thumbnail hentry category-podcast category-trends-und-entwicklungen category-uncategorized category-wissenschaft\">\n<div class=\"fusion-post-wrapper\" style=\"background-color:rgba(226,226,226,0.15);border:1px solid #f2f3f5;border-bottom-width:3px;\">\n\n\t\t\t<div class=\"fusion-flexslider flexslider fusion-flexslider-loading fusion-post-slideshow\" style=\"border-color:#f2f3f5;\">\n\t\t<ul class=\"slides\">\n\t\t\t\n\t\t\t\t\t\t\t\t\t\t\t\t\t\t<li><div  class=\"fusion-image-wrapper\" aria-haspopup=\"true\">\n\t\t\t\t<img decoding=\"async\" width=\"2560\" height=\"2560\" src=\"https:\/\/gesunde-gestaltung.de\/wp-content\/uploads\/2025\/11\/Podcast-Trends_heller-scaled.jpg\" class=\"attachment-full size-full wp-post-image\" alt=\"\" srcset=\"https:\/\/gesunde-gestaltung.de\/wp-content\/uploads\/2025\/11\/Podcast-Trends_heller-200x200.jpg 200w, https:\/\/gesunde-gestaltung.de\/wp-content\/uploads\/2025\/11\/Podcast-Trends_heller-400x400.jpg 400w, https:\/\/gesunde-gestaltung.de\/wp-content\/uploads\/2025\/11\/Podcast-Trends_heller-600x600.jpg 600w, https:\/\/gesunde-gestaltung.de\/wp-content\/uploads\/2025\/11\/Podcast-Trends_heller-800x800.jpg 800w, https:\/\/gesunde-gestaltung.de\/wp-content\/uploads\/2025\/11\/Podcast-Trends_heller-1200x1200.jpg 1200w, https:\/\/gesunde-gestaltung.de\/wp-content\/uploads\/2025\/11\/Podcast-Trends_heller-scaled.jpg 2560w\" sizes=\"(min-width: 2200px) 100vw, (min-width: 712px) 580px, (min-width: 640px) 712px, \" \/><div class=\"fusion-rollover\">\n\t<div class=\"fusion-rollover-content\">\n\n\t\t\t\t\t\t\t\t\t\t\t\t\t\t<a class=\"fusion-rollover-link\" href=\"https:\/\/gesunde-gestaltung.de\/en_us\/uncategorized\/30-basic-trends-in-der-gesundheitsfoerdernden-gestaltung\/\">#30: BASIC: Trends in der gesundheitsf\u00f6rdernden Gestaltung<\/a>\n\t\t\t\n\t\t\t\t\t\t\t\t\t\t\t\t\t\t\n\t\t\t\t\t\t\t\t\n\t\t\t\t\t\t\t\t\t\t\t\t\t<div class=\"fusion-rollover-sep\"><\/div>\n\t\t\t\t\n\t\t\t\t\t\t\t\t\t\t\t\t\t\t\t\t\t\t<a class=\"fusion-rollover-gallery\" href=\"https:\/\/gesunde-gestaltung.de\/wp-content\/uploads\/2025\/11\/Podcast-Trends_heller-scaled.jpg\" data-id=\"3417\" data-rel=\"iLightbox[gallery]\" data-title=\"Podcast Trends_heller\" data-caption=\"\">\n\t\t\t\t\t\tGallery\t\t\t\t\t<\/a>\n\t\t\t\t\t\t\t\t\t\t\t\t\t\t\n\t\t\n\t\t\t\t\t\t\t\t\t\t\t\t<h4 class=\"fusion-rollover-title\">\n\t\t\t\t\t<a class=\"fusion-rollover-title-link\" href=\"https:\/\/gesunde-gestaltung.de\/en_us\/uncategorized\/30-basic-trends-in-der-gesundheitsfoerdernden-gestaltung\/\">\n\t\t\t\t\t\t#30: BASIC: Trends in der gesundheitsf\u00f6rdernden Gestaltung\t\t\t\t\t<\/a>\n\t\t\t\t<\/h4>\n\t\t\t\n\t\t\t\t\t\t\t\t\t\t<div class=\"fusion-rollover-categories\"><a href=\"https:\/\/gesunde-gestaltung.de\/en_us\/category\/podcast\/\" rel=\"tag\">Podcast<\/a>, <a href=\"https:\/\/gesunde-gestaltung.de\/en_us\/category\/trends-und-entwicklungen\/\" rel=\"tag\">Trends und Entwicklungen<\/a>, <a href=\"https:\/\/gesunde-gestaltung.de\/en_us\/category\/uncategorized\/\" rel=\"tag\">Uncategorized<\/a>, <a href=\"https:\/\/gesunde-gestaltung.de\/en_us\/category\/wissenschaft\/\" rel=\"tag\">Wissenschaft<\/a><\/div>\t\t\t\t\t\n\t\t\n\t\t\t\t\t\t<a class=\"fusion-link-wrapper\" href=\"https:\/\/gesunde-gestaltung.de\/en_us\/uncategorized\/30-basic-trends-in-der-gesundheitsfoerdernden-gestaltung\/\" aria-label=\"#30: BASIC: Trends in der gesundheitsf\u00f6rdernden Gestaltung\"><\/a>\n\t<\/div>\n<\/div>\n<\/div>\n<\/li>\n\t\t\t\n\t\t\t\n\t\t\t\t\t\t\t\t\t\t\t\t\t\t\t\t\t\t\t\t\t\t\t\t\t\t\t\t\t\t\t\t\t\t\t\t\t\t\t\t\t\t\t\t\t\t\t\t\t\t\t\t\t\t\t\t\t\t\t\t\t\t\t\t\t\t\t\t<\/ul>\n\t<\/div>\n\t<div class=\"fusion-post-content-wrapper\" style=\"padding:30px 25px 25px 25px;\"><div class=\"fusion-post-content post-content\"><h2 class=\"blog-shortcode-post-title entry-title\"><a href=\"https:\/\/gesunde-gestaltung.de\/en_us\/uncategorized\/30-basic-trends-in-der-gesundheitsfoerdernden-gestaltung\/\">#30: BASIC: Trends in der gesundheitsf\u00f6rdernden Gestaltung<\/a><\/h2><div class=\"fusion-post-content-container\"><p>Wie wird sich das Gesundheitssystem, therapeutische Einrichtungen und Abl\u00e4ufe in Zukunft ver\u00e4ndern? Niemand kann die Zukunft vorhersagen, doch Einblicke in [...]<\/p><\/div><\/div><\/div><div class=\"fusion-clearfix\"><\/div><\/div>\n<\/article>\n<article id=\"blog-1-post-3305\" class=\"fusion-post-grid post-3305 post type-post status-publish format-standard has-post-thumbnail hentry category-uncategorized\">\n<div class=\"fusion-post-wrapper\" style=\"background-color:rgba(226,226,226,0.15);border:1px solid #f2f3f5;border-bottom-width:3px;\">\n\n\t\t\t<div class=\"fusion-flexslider flexslider fusion-flexslider-loading fusion-post-slideshow\" style=\"border-color:#f2f3f5;\">\n\t\t<ul class=\"slides\">\n\t\t\t\n\t\t\t\t\t\t\t\t\t\t\t\t\t\t<li><div  class=\"fusion-image-wrapper\" aria-haspopup=\"true\">\n\t\t\t\t<img decoding=\"async\" width=\"2388\" height=\"1668\" src=\"https:\/\/gesunde-gestaltung.de\/wp-content\/uploads\/2024\/04\/Newsletter.jpg\" class=\"attachment-full size-full wp-post-image\" alt=\"\" srcset=\"https:\/\/gesunde-gestaltung.de\/wp-content\/uploads\/2024\/04\/Newsletter-200x140.jpg 200w, https:\/\/gesunde-gestaltung.de\/wp-content\/uploads\/2024\/04\/Newsletter-400x279.jpg 400w, https:\/\/gesunde-gestaltung.de\/wp-content\/uploads\/2024\/04\/Newsletter-600x419.jpg 600w, https:\/\/gesunde-gestaltung.de\/wp-content\/uploads\/2024\/04\/Newsletter-800x559.jpg 800w, https:\/\/gesunde-gestaltung.de\/wp-content\/uploads\/2024\/04\/Newsletter-1200x838.jpg 1200w, https:\/\/gesunde-gestaltung.de\/wp-content\/uploads\/2024\/04\/Newsletter.jpg 2388w\" sizes=\"(min-width: 2200px) 100vw, (min-width: 712px) 580px, (min-width: 640px) 712px, \" \/><div class=\"fusion-rollover\">\n\t<div class=\"fusion-rollover-content\">\n\n\t\t\t\t\t\t\t\t\t\t\t\t\t\t<a class=\"fusion-rollover-link\" href=\"https:\/\/gesunde-gestaltung.de\/en_us\/uncategorized\/news-06-25-kooperation-und-zusammenarbeit\/\">News 06\/25:  Kooperation und Zusammenarbeit<\/a>\n\t\t\t\n\t\t\t\t\t\t\t\t\t\t\t\t\t\t\n\t\t\t\t\t\t\t\t\n\t\t\t\t\t\t\t\t\t\t\t\t\t<div class=\"fusion-rollover-sep\"><\/div>\n\t\t\t\t\n\t\t\t\t\t\t\t\t\t\t\t\t\t\t\t\t\t\t<a class=\"fusion-rollover-gallery\" href=\"https:\/\/gesunde-gestaltung.de\/wp-content\/uploads\/2024\/04\/Newsletter.jpg\" data-id=\"3305\" data-rel=\"iLightbox[gallery]\" data-title=\"Newsletter\" data-caption=\"\">\n\t\t\t\t\t\tGallery\t\t\t\t\t<\/a>\n\t\t\t\t\t\t\t\t\t\t\t\t\t\t\n\t\t\n\t\t\t\t\t\t\t\t\t\t\t\t<h4 class=\"fusion-rollover-title\">\n\t\t\t\t\t<a class=\"fusion-rollover-title-link\" href=\"https:\/\/gesunde-gestaltung.de\/en_us\/uncategorized\/news-06-25-kooperation-und-zusammenarbeit\/\">\n\t\t\t\t\t\tNews 06\/25:  Kooperation und Zusammenarbeit\t\t\t\t\t<\/a>\n\t\t\t\t<\/h4>\n\t\t\t\n\t\t\t\t\t\t\t\t\t\t<div class=\"fusion-rollover-categories\"><a href=\"https:\/\/gesunde-gestaltung.de\/en_us\/category\/uncategorized\/\" rel=\"tag\">Uncategorized<\/a><\/div>\t\t\t\t\t\n\t\t\n\t\t\t\t\t\t<a class=\"fusion-link-wrapper\" href=\"https:\/\/gesunde-gestaltung.de\/en_us\/uncategorized\/news-06-25-kooperation-und-zusammenarbeit\/\" aria-label=\"News 06\/25:  Kooperation und Zusammenarbeit\"><\/a>\n\t<\/div>\n<\/div>\n<\/div>\n<\/li>\n\t\t\t\n\t\t\t\n\t\t\t\t\t\t\t\t\t\t\t\t\t\t\t\t\t\t\t\t\t\t\t\t\t\t\t\t\t\t\t\t\t\t\t\t\t\t\t\t\t\t\t\t\t\t\t\t\t\t\t\t\t\t\t\t\t\t\t\t\t\t\t\t\t\t\t\t<\/ul>\n\t<\/div>\n\t<div class=\"fusion-post-content-wrapper\" style=\"padding:30px 25px 25px 25px;\"><div class=\"fusion-post-content post-content\"><h2 class=\"blog-shortcode-post-title entry-title\"><a href=\"https:\/\/gesunde-gestaltung.de\/en_us\/uncategorized\/news-06-25-kooperation-und-zusammenarbeit\/\">News 06\/25:  Kooperation und Zusammenarbeit<\/a><\/h2><div class=\"fusion-post-content-container\"><p>newsletter 06\/25 Ob bei der Gestaltung von Wartezimmern, Therapier\u00e4umen oder ganzen Krankenh\u00e4usern \u2013 gesunde Gestaltung stellt uns vor komplexe Herausforderungen [...]<\/p><\/div><\/div><\/div><div class=\"fusion-clearfix\"><\/div><\/div>\n<\/article>\n<article id=\"blog-1-post-3300\" class=\"fusion-post-grid post-3300 post type-post status-publish format-standard has-post-thumbnail hentry category-designmethoden category-designtheorie category-forschungsmethoden category-podcast category-uncategorized\">\n<div class=\"fusion-post-wrapper\" style=\"background-color:rgba(226,226,226,0.15);border:1px solid #f2f3f5;border-bottom-width:3px;\">\n\n\t\t\t<div class=\"fusion-flexslider flexslider fusion-flexslider-loading fusion-post-slideshow\" style=\"border-color:#f2f3f5;\">\n\t\t<ul class=\"slides\">\n\t\t\t\n\t\t\t\t\t\t\t\t\t\t\t\t\t\t<li><div  class=\"fusion-image-wrapper\" aria-haspopup=\"true\">\n\t\t\t\t<img decoding=\"async\" width=\"1667\" height=\"1250\" src=\"https:\/\/gesunde-gestaltung.de\/wp-content\/uploads\/2025\/07\/Gabriel_Doerner_rgb.jpg\" class=\"attachment-full size-full wp-post-image\" alt=\"\" srcset=\"https:\/\/gesunde-gestaltung.de\/wp-content\/uploads\/2025\/07\/Gabriel_Doerner_rgb-200x150.jpg 200w, https:\/\/gesunde-gestaltung.de\/wp-content\/uploads\/2025\/07\/Gabriel_Doerner_rgb-400x300.jpg 400w, https:\/\/gesunde-gestaltung.de\/wp-content\/uploads\/2025\/07\/Gabriel_Doerner_rgb-600x450.jpg 600w, https:\/\/gesunde-gestaltung.de\/wp-content\/uploads\/2025\/07\/Gabriel_Doerner_rgb-800x600.jpg 800w, https:\/\/gesunde-gestaltung.de\/wp-content\/uploads\/2025\/07\/Gabriel_Doerner_rgb-1200x900.jpg 1200w, https:\/\/gesunde-gestaltung.de\/wp-content\/uploads\/2025\/07\/Gabriel_Doerner_rgb.jpg 1667w\" sizes=\"(min-width: 2200px) 100vw, (min-width: 712px) 580px, (min-width: 640px) 712px, \" \/><div class=\"fusion-rollover\">\n\t<div class=\"fusion-rollover-content\">\n\n\t\t\t\t\t\t\t\t\t\t\t\t\t\t<a class=\"fusion-rollover-link\" href=\"https:\/\/gesunde-gestaltung.de\/en_us\/uncategorized\/29-gabriel-doerner-zu-co-creation-traumreisen-und-vermittlung-fuer-eine-gesundheitsfoerdernde-gestaltung\/\">#29) Gabriel D\u00f6rner zu Co-Creation, Traumreisen und Vermittlung f\u00fcr eine gesundheitsf\u00f6rdernde Gestaltung<\/a>\n\t\t\t\n\t\t\t\t\t\t\t\t\t\t\t\t\t\t\n\t\t\t\t\t\t\t\t\n\t\t\t\t\t\t\t\t\t\t\t\t\t<div class=\"fusion-rollover-sep\"><\/div>\n\t\t\t\t\n\t\t\t\t\t\t\t\t\t\t\t\t\t\t\t\t\t\t<a class=\"fusion-rollover-gallery\" href=\"https:\/\/gesunde-gestaltung.de\/wp-content\/uploads\/2025\/07\/Gabriel_Doerner_rgb.jpg\" data-id=\"3300\" data-rel=\"iLightbox[gallery]\" data-title=\"Gabriel_D\u00f6rner_rgb\" data-caption=\"\">\n\t\t\t\t\t\tGallery\t\t\t\t\t<\/a>\n\t\t\t\t\t\t\t\t\t\t\t\t\t\t\n\t\t\n\t\t\t\t\t\t\t\t\t\t\t\t<h4 class=\"fusion-rollover-title\">\n\t\t\t\t\t<a class=\"fusion-rollover-title-link\" href=\"https:\/\/gesunde-gestaltung.de\/en_us\/uncategorized\/29-gabriel-doerner-zu-co-creation-traumreisen-und-vermittlung-fuer-eine-gesundheitsfoerdernde-gestaltung\/\">\n\t\t\t\t\t\t#29) Gabriel D\u00f6rner zu Co-Creation, Traumreisen und Vermittlung f\u00fcr eine gesundheitsf\u00f6rdernde Gestaltung\t\t\t\t\t<\/a>\n\t\t\t\t<\/h4>\n\t\t\t\n\t\t\t\t\t\t\t\t\t\t<div class=\"fusion-rollover-categories\"><a href=\"https:\/\/gesunde-gestaltung.de\/en_us\/category\/designmethoden\/\" rel=\"tag\">Designmethoden<\/a>, <a href=\"https:\/\/gesunde-gestaltung.de\/en_us\/category\/designtheorie\/\" rel=\"tag\">Designtheorie<\/a>, <a href=\"https:\/\/gesunde-gestaltung.de\/en_us\/category\/forschungsmethoden\/\" rel=\"tag\">Research methods<\/a>, <a href=\"https:\/\/gesunde-gestaltung.de\/en_us\/category\/podcast\/\" rel=\"tag\">Podcast<\/a>, <a href=\"https:\/\/gesunde-gestaltung.de\/en_us\/category\/uncategorized\/\" rel=\"tag\">Uncategorized<\/a><\/div>\t\t\t\t\t\n\t\t\n\t\t\t\t\t\t<a class=\"fusion-link-wrapper\" href=\"https:\/\/gesunde-gestaltung.de\/en_us\/uncategorized\/29-gabriel-doerner-zu-co-creation-traumreisen-und-vermittlung-fuer-eine-gesundheitsfoerdernde-gestaltung\/\" aria-label=\"#29) Gabriel D\u00f6rner zu Co-Creation, Traumreisen und Vermittlung f\u00fcr eine gesundheitsf\u00f6rdernde Gestaltung\"><\/a>\n\t<\/div>\n<\/div>\n<\/div>\n<\/li>\n\t\t\t\n\t\t\t\n\t\t\t\t\t\t\t\t\t\t\t\t\t\t\t\t\t\t\t\t\t\t\t\t\t\t\t\t\t\t\t\t\t\t\t\t\t\t\t\t\t\t\t\t\t\t\t\t\t\t\t\t\t\t\t\t\t\t\t\t\t\t\t\t\t\t\t\t<\/ul>\n\t<\/div>\n\t<div class=\"fusion-post-content-wrapper\" style=\"padding:30px 25px 25px 25px;\"><div class=\"fusion-post-content post-content\"><h2 class=\"blog-shortcode-post-title entry-title\"><a href=\"https:\/\/gesunde-gestaltung.de\/en_us\/uncategorized\/29-gabriel-doerner-zu-co-creation-traumreisen-und-vermittlung-fuer-eine-gesundheitsfoerdernde-gestaltung\/\">#29) Gabriel D\u00f6rner zu Co-Creation, Traumreisen und Vermittlung f\u00fcr eine gesundheitsf\u00f6rdernde Gestaltung<\/a><\/h2><div class=\"fusion-post-content-container\"><p>In dieser Folge tauchen wir ein in die Welt des Kommunikationsdesigns und seine Rolle innerhalb der Gesundheitsf\u00f6rderung. Anhand konkreter Beispiele [...]<\/p><\/div><\/div><\/div><div class=\"fusion-clearfix\"><\/div><\/div>\n<\/article>\n<article id=\"blog-1-post-3187\" class=\"fusion-post-grid post-3187 post type-post status-publish format-standard has-post-thumbnail hentry category-designtheorie category-evidence-based-design category-nachhaltigkeit category-podcast category-uncategorized category-wissenschaft\">\n<div class=\"fusion-post-wrapper\" style=\"background-color:rgba(226,226,226,0.15);border:1px solid #f2f3f5;border-bottom-width:3px;\">\n\n\t\t\t<div class=\"fusion-flexslider flexslider fusion-flexslider-loading fusion-post-slideshow\" style=\"border-color:#f2f3f5;\">\n\t\t<ul class=\"slides\">\n\t\t\t\n\t\t\t\t\t\t\t\t\t\t\t\t\t\t<li><div  class=\"fusion-image-wrapper\" aria-haspopup=\"true\">\n\t\t\t\t<img decoding=\"async\" width=\"2560\" height=\"2560\" src=\"https:\/\/gesunde-gestaltung.de\/wp-content\/uploads\/2025\/04\/Podcast-TD-scaled.jpg\" class=\"attachment-full size-full wp-post-image\" alt=\"\" srcset=\"https:\/\/gesunde-gestaltung.de\/wp-content\/uploads\/2025\/04\/Podcast-TD-200x200.jpg 200w, https:\/\/gesunde-gestaltung.de\/wp-content\/uploads\/2025\/04\/Podcast-TD-400x400.jpg 400w, https:\/\/gesunde-gestaltung.de\/wp-content\/uploads\/2025\/04\/Podcast-TD-600x600.jpg 600w, https:\/\/gesunde-gestaltung.de\/wp-content\/uploads\/2025\/04\/Podcast-TD-800x800.jpg 800w, https:\/\/gesunde-gestaltung.de\/wp-content\/uploads\/2025\/04\/Podcast-TD-1200x1200.jpg 1200w, https:\/\/gesunde-gestaltung.de\/wp-content\/uploads\/2025\/04\/Podcast-TD-scaled.jpg 2560w\" sizes=\"(min-width: 2200px) 100vw, (min-width: 712px) 580px, (min-width: 640px) 712px, \" \/><div class=\"fusion-rollover\">\n\t<div class=\"fusion-rollover-content\">\n\n\t\t\t\t\t\t\t\t\t\t\t\t\t\t<a class=\"fusion-rollover-link\" href=\"https:\/\/gesunde-gestaltung.de\/en_us\/uncategorized\/28-multi-inter-und-transdisziplinaritaet-in-der-gesundheitsfoerdernden-gestaltung\/\">#28: BASIC &#8211; Multi-, Inter- und Transdisziplinarit\u00e4t in der gesundheitsf\u00f6rdernden Gestaltung<\/a>\n\t\t\t\n\t\t\t\t\t\t\t\t\t\t\t\t\t\t\n\t\t\t\t\t\t\t\t\n\t\t\t\t\t\t\t\t\t\t\t\t\t<div class=\"fusion-rollover-sep\"><\/div>\n\t\t\t\t\n\t\t\t\t\t\t\t\t\t\t\t\t\t\t\t\t\t\t<a class=\"fusion-rollover-gallery\" href=\"https:\/\/gesunde-gestaltung.de\/wp-content\/uploads\/2025\/04\/Podcast-TD-scaled.jpg\" data-id=\"3187\" data-rel=\"iLightbox[gallery]\" data-title=\"Podcast TD\" data-caption=\"\">\n\t\t\t\t\t\tGallery\t\t\t\t\t<\/a>\n\t\t\t\t\t\t\t\t\t\t\t\t\t\t\n\t\t\n\t\t\t\t\t\t\t\t\t\t\t\t<h4 class=\"fusion-rollover-title\">\n\t\t\t\t\t<a class=\"fusion-rollover-title-link\" href=\"https:\/\/gesunde-gestaltung.de\/en_us\/uncategorized\/28-multi-inter-und-transdisziplinaritaet-in-der-gesundheitsfoerdernden-gestaltung\/\">\n\t\t\t\t\t\t#28: BASIC &#8211; Multi-, Inter- und Transdisziplinarit\u00e4t in der gesundheitsf\u00f6rdernden Gestaltung\t\t\t\t\t<\/a>\n\t\t\t\t<\/h4>\n\t\t\t\n\t\t\t\t\t\t\t\t\t\t<div class=\"fusion-rollover-categories\"><a href=\"https:\/\/gesunde-gestaltung.de\/en_us\/category\/designtheorie\/\" rel=\"tag\">Designtheorie<\/a>, <a href=\"https:\/\/gesunde-gestaltung.de\/en_us\/category\/evidence-based-design\/\" rel=\"tag\">Evidence-based Design<\/a>, <a href=\"https:\/\/gesunde-gestaltung.de\/en_us\/category\/nachhaltigkeit\/\" rel=\"tag\">Nachhaltigkeit<\/a>, <a href=\"https:\/\/gesunde-gestaltung.de\/en_us\/category\/podcast\/\" rel=\"tag\">Podcast<\/a>, <a href=\"https:\/\/gesunde-gestaltung.de\/en_us\/category\/uncategorized\/\" rel=\"tag\">Uncategorized<\/a>, <a href=\"https:\/\/gesunde-gestaltung.de\/en_us\/category\/wissenschaft\/\" rel=\"tag\">Wissenschaft<\/a><\/div>\t\t\t\t\t\n\t\t\n\t\t\t\t\t\t<a class=\"fusion-link-wrapper\" href=\"https:\/\/gesunde-gestaltung.de\/en_us\/uncategorized\/28-multi-inter-und-transdisziplinaritaet-in-der-gesundheitsfoerdernden-gestaltung\/\" aria-label=\"#28: BASIC &#8211; Multi-, Inter- und Transdisziplinarit\u00e4t in der gesundheitsf\u00f6rdernden Gestaltung\"><\/a>\n\t<\/div>\n<\/div>\n<\/div>\n<\/li>\n\t\t\t\n\t\t\t\n\t\t\t\t\t\t\t\t\t\t\t\t\t\t\t\t\t\t\t\t\t\t\t\t\t\t\t\t\t\t\t\t\t\t\t\t\t\t\t\t\t\t\t\t\t\t\t\t\t\t\t\t\t\t\t\t\t\t\t\t\t\t\t\t\t\t\t\t<\/ul>\n\t<\/div>\n\t<div class=\"fusion-post-content-wrapper\" style=\"padding:30px 25px 25px 25px;\"><div class=\"fusion-post-content post-content\"><h2 class=\"blog-shortcode-post-title entry-title\"><a href=\"https:\/\/gesunde-gestaltung.de\/en_us\/uncategorized\/28-multi-inter-und-transdisziplinaritaet-in-der-gesundheitsfoerdernden-gestaltung\/\">#28: BASIC &#8211; Multi-, Inter- und Transdisziplinarit\u00e4t in der gesundheitsf\u00f6rdernden Gestaltung<\/a><\/h2><div class=\"fusion-post-content-container\"><p>In dieser Basics-Folge befassen wir uns sprichw\u00f6rtlich mit der Basis der gesundheitsf\u00f6rdernden Gestaltung - n\u00e4mlich unterschiedlichen Arbeitsmodi. Dieses Mal geht [...]<\/p><\/div><\/div><\/div><div class=\"fusion-clearfix\"><\/div><\/div>\n<\/article>\n<article id=\"blog-1-post-2843\" class=\"fusion-post-grid post-2843 post type-post status-publish format-standard has-post-thumbnail hentry category-designmethoden category-designtheorie category-evidence-based-design category-forschungsmethoden category-podcast category-uncategorized category-wissenschaft\">\n<div class=\"fusion-post-wrapper\" style=\"background-color:rgba(226,226,226,0.15);border:1px solid #f2f3f5;border-bottom-width:3px;\">\n\n\t\t\t<div class=\"fusion-flexslider flexslider fusion-flexslider-loading fusion-post-slideshow\" style=\"border-color:#f2f3f5;\">\n\t\t<ul class=\"slides\">\n\t\t\t\n\t\t\t\t\t\t\t\t\t\t\t\t\t\t<li><div  class=\"fusion-image-wrapper\" aria-haspopup=\"true\">\n\t\t\t\t<img decoding=\"async\" width=\"2560\" height=\"2560\" src=\"https:\/\/gesunde-gestaltung.de\/wp-content\/uploads\/2025\/01\/Podcast-Basics-Wissenschaft-1-scaled.jpg\" class=\"attachment-full size-full wp-post-image\" alt=\"\" srcset=\"https:\/\/gesunde-gestaltung.de\/wp-content\/uploads\/2025\/01\/Podcast-Basics-Wissenschaft-1-200x200.jpg 200w, https:\/\/gesunde-gestaltung.de\/wp-content\/uploads\/2025\/01\/Podcast-Basics-Wissenschaft-1-400x400.jpg 400w, https:\/\/gesunde-gestaltung.de\/wp-content\/uploads\/2025\/01\/Podcast-Basics-Wissenschaft-1-600x600.jpg 600w, https:\/\/gesunde-gestaltung.de\/wp-content\/uploads\/2025\/01\/Podcast-Basics-Wissenschaft-1-800x800.jpg 800w, https:\/\/gesunde-gestaltung.de\/wp-content\/uploads\/2025\/01\/Podcast-Basics-Wissenschaft-1-1200x1200.jpg 1200w, https:\/\/gesunde-gestaltung.de\/wp-content\/uploads\/2025\/01\/Podcast-Basics-Wissenschaft-1-scaled.jpg 2560w\" sizes=\"(min-width: 2200px) 100vw, (min-width: 712px) 580px, (min-width: 640px) 712px, \" \/><div class=\"fusion-rollover\">\n\t<div class=\"fusion-rollover-content\">\n\n\t\t\t\t\t\t\t\t\t\t\t\t\t\t<a class=\"fusion-rollover-link\" href=\"https:\/\/gesunde-gestaltung.de\/en_us\/uncategorized\/27-basic-guetekriterien-wissenschaftlicher-arbeit\/\">#27: BASIC &#8211; G\u00fctekriterien wissenschaftlicher Arbeit<\/a>\n\t\t\t\n\t\t\t\t\t\t\t\t\t\t\t\t\t\t\n\t\t\t\t\t\t\t\t\n\t\t\t\t\t\t\t\t\t\t\t\t\t<div class=\"fusion-rollover-sep\"><\/div>\n\t\t\t\t\n\t\t\t\t\t\t\t\t\t\t\t\t\t\t\t\t\t\t<a class=\"fusion-rollover-gallery\" href=\"https:\/\/gesunde-gestaltung.de\/wp-content\/uploads\/2025\/01\/Podcast-Basics-Wissenschaft-1-scaled.jpg\" data-id=\"2843\" data-rel=\"iLightbox[gallery]\" data-title=\"Podcast Basics Wissenschaft\" data-caption=\"\">\n\t\t\t\t\t\tGallery\t\t\t\t\t<\/a>\n\t\t\t\t\t\t\t\t\t\t\t\t\t\t\n\t\t\n\t\t\t\t\t\t\t\t\t\t\t\t<h4 class=\"fusion-rollover-title\">\n\t\t\t\t\t<a class=\"fusion-rollover-title-link\" href=\"https:\/\/gesunde-gestaltung.de\/en_us\/uncategorized\/27-basic-guetekriterien-wissenschaftlicher-arbeit\/\">\n\t\t\t\t\t\t#27: BASIC &#8211; G\u00fctekriterien wissenschaftlicher Arbeit\t\t\t\t\t<\/a>\n\t\t\t\t<\/h4>\n\t\t\t\n\t\t\t\t\t\t\t\t\t\t<div class=\"fusion-rollover-categories\"><a href=\"https:\/\/gesunde-gestaltung.de\/en_us\/category\/designmethoden\/\" rel=\"tag\">Designmethoden<\/a>, <a href=\"https:\/\/gesunde-gestaltung.de\/en_us\/category\/designtheorie\/\" rel=\"tag\">Designtheorie<\/a>, <a href=\"https:\/\/gesunde-gestaltung.de\/en_us\/category\/evidence-based-design\/\" rel=\"tag\">Evidence-based Design<\/a>, <a href=\"https:\/\/gesunde-gestaltung.de\/en_us\/category\/forschungsmethoden\/\" rel=\"tag\">Research methods<\/a>, <a href=\"https:\/\/gesunde-gestaltung.de\/en_us\/category\/podcast\/\" rel=\"tag\">Podcast<\/a>, <a href=\"https:\/\/gesunde-gestaltung.de\/en_us\/category\/uncategorized\/\" rel=\"tag\">Uncategorized<\/a>, <a href=\"https:\/\/gesunde-gestaltung.de\/en_us\/category\/wissenschaft\/\" rel=\"tag\">Wissenschaft<\/a><\/div>\t\t\t\t\t\n\t\t\n\t\t\t\t\t\t<a class=\"fusion-link-wrapper\" href=\"https:\/\/gesunde-gestaltung.de\/en_us\/uncategorized\/27-basic-guetekriterien-wissenschaftlicher-arbeit\/\" aria-label=\"#27: BASIC &#8211; G\u00fctekriterien wissenschaftlicher Arbeit\"><\/a>\n\t<\/div>\n<\/div>\n<\/div>\n<\/li>\n\t\t\t\n\t\t\t\n\t\t\t\t\t\t\t\t\t\t\t\t\t\t\t\t\t\t\t\t\t\t\t\t\t\t\t\t\t\t\t\t\t\t\t\t\t\t\t\t\t\t\t\t\t\t\t\t\t\t\t\t\t\t\t\t\t\t\t\t\t\t\t\t\t\t\t\t<\/ul>\n\t<\/div>\n\t<div class=\"fusion-post-content-wrapper\" style=\"padding:30px 25px 25px 25px;\"><div class=\"fusion-post-content post-content\"><h2 class=\"blog-shortcode-post-title entry-title\"><a href=\"https:\/\/gesunde-gestaltung.de\/en_us\/uncategorized\/27-basic-guetekriterien-wissenschaftlicher-arbeit\/\">#27: BASIC &#8211; G\u00fctekriterien wissenschaftlicher Arbeit<\/a><\/h2><div class=\"fusion-post-content-container\"><p>In der gesundheitsf\u00f6rdernden Gestaltung und vor allem im Bereich der evidenzbasierten Gestaltung geht es immer wieder auch um die Frage, [...]<\/p><\/div><\/div><\/div><div class=\"fusion-clearfix\"><\/div><\/div>\n<\/article>\n<article id=\"blog-1-post-2777\" class=\"fusion-post-grid post-2777 post type-post status-publish format-standard has-post-thumbnail hentry category-wissenschaft\">\n<div class=\"fusion-post-wrapper\" style=\"background-color:rgba(226,226,226,0.15);border:1px solid #f2f3f5;border-bottom-width:3px;\">\n\n\t\t\t<div class=\"fusion-flexslider flexslider fusion-flexslider-loading fusion-post-slideshow\" style=\"border-color:#f2f3f5;\">\n\t\t<ul class=\"slides\">\n\t\t\t\n\t\t\t\t\t\t\t\t\t\t\t\t\t\t<li><div  class=\"fusion-image-wrapper\" aria-haspopup=\"true\">\n\t\t\t\t<img decoding=\"async\" width=\"2560\" height=\"2134\" src=\"https:\/\/gesunde-gestaltung.de\/wp-content\/uploads\/2024\/11\/Werbung-Linkedin-scaled.jpg\" class=\"attachment-full size-full wp-post-image\" alt=\"\" srcset=\"https:\/\/gesunde-gestaltung.de\/wp-content\/uploads\/2024\/11\/Werbung-Linkedin-200x167.jpg 200w, https:\/\/gesunde-gestaltung.de\/wp-content\/uploads\/2024\/11\/Werbung-Linkedin-400x333.jpg 400w, https:\/\/gesunde-gestaltung.de\/wp-content\/uploads\/2024\/11\/Werbung-Linkedin-600x500.jpg 600w, https:\/\/gesunde-gestaltung.de\/wp-content\/uploads\/2024\/11\/Werbung-Linkedin-800x667.jpg 800w, https:\/\/gesunde-gestaltung.de\/wp-content\/uploads\/2024\/11\/Werbung-Linkedin-1200x1000.jpg 1200w, https:\/\/gesunde-gestaltung.de\/wp-content\/uploads\/2024\/11\/Werbung-Linkedin-scaled.jpg 2560w\" sizes=\"(min-width: 2200px) 100vw, (min-width: 712px) 580px, (min-width: 640px) 712px, \" \/><div class=\"fusion-rollover\">\n\t<div class=\"fusion-rollover-content\">\n\n\t\t\t\t\t\t\t\t\t\t\t\t\t\t<a class=\"fusion-rollover-link\" href=\"https:\/\/gesunde-gestaltung.de\/en_us\/wissenschaft\/gesunde-raeume-von-wartezimmer-bis-gefaengnis\/\">Gesunde R\u00e4ume: Von Wartezimmer bis Gef\u00e4ngnis<\/a>\n\t\t\t\n\t\t\t\t\t\t\t\t\t\t\t\t\t\t\n\t\t\t\t\t\t\t\t\n\t\t\t\t\t\t\t\t\t\t\t\t\t<div class=\"fusion-rollover-sep\"><\/div>\n\t\t\t\t\n\t\t\t\t\t\t\t\t\t\t\t\t\t\t\t\t\t\t<a class=\"fusion-rollover-gallery\" href=\"https:\/\/gesunde-gestaltung.de\/wp-content\/uploads\/2024\/11\/Werbung-Linkedin-scaled.jpg\" data-id=\"2777\" data-rel=\"iLightbox[gallery]\" data-title=\"Werbung Linkedin\" data-caption=\"\">\n\t\t\t\t\t\tGallery\t\t\t\t\t<\/a>\n\t\t\t\t\t\t\t\t\t\t\t\t\t\t\n\t\t\n\t\t\t\t\t\t\t\t\t\t\t\t<h4 class=\"fusion-rollover-title\">\n\t\t\t\t\t<a class=\"fusion-rollover-title-link\" href=\"https:\/\/gesunde-gestaltung.de\/en_us\/wissenschaft\/gesunde-raeume-von-wartezimmer-bis-gefaengnis\/\">\n\t\t\t\t\t\tGesunde R\u00e4ume: Von Wartezimmer bis Gef\u00e4ngnis\t\t\t\t\t<\/a>\n\t\t\t\t<\/h4>\n\t\t\t\n\t\t\t\t\t\t\t\t\t\t<div class=\"fusion-rollover-categories\"><a href=\"https:\/\/gesunde-gestaltung.de\/en_us\/category\/wissenschaft\/\" rel=\"tag\">Wissenschaft<\/a><\/div>\t\t\t\t\t\n\t\t\n\t\t\t\t\t\t<a class=\"fusion-link-wrapper\" href=\"https:\/\/gesunde-gestaltung.de\/en_us\/wissenschaft\/gesunde-raeume-von-wartezimmer-bis-gefaengnis\/\" aria-label=\"Gesunde R\u00e4ume: Von Wartezimmer bis Gef\u00e4ngnis\"><\/a>\n\t<\/div>\n<\/div>\n<\/div>\n<\/li>\n\t\t\t\n\t\t\t\n\t\t\t\t\t\t\t\t\t\t\t\t\t\t\t\t\t\t\t\t\t\t\t\t\t\t\t\t\t\t\t\t\t\t\t\t\t\t\t\t\t\t\t\t\t\t\t\t\t\t\t\t\t\t\t\t\t\t\t\t\t\t\t\t\t\t\t\t<\/ul>\n\t<\/div>\n\t<div class=\"fusion-post-content-wrapper\" style=\"padding:30px 25px 25px 25px;\"><div class=\"fusion-post-content post-content\"><h2 class=\"blog-shortcode-post-title entry-title\"><a href=\"https:\/\/gesunde-gestaltung.de\/en_us\/wissenschaft\/gesunde-raeume-von-wartezimmer-bis-gefaengnis\/\">Gesunde R\u00e4ume: Von Wartezimmer bis Gef\u00e4ngnis<\/a><\/h2><div class=\"fusion-post-content-container\"><p>Vortrag in der Polytechnischen Gesellschaft Frankfurt am Main in Zusammenarbeit mit dem Kunstgewerbeverein in Frankfurt am Main 29. Oktober 2024, [...]<\/p><\/div><\/div><\/div><div class=\"fusion-clearfix\"><\/div><\/div>\n<\/article>\n<article id=\"blog-1-post-2738\" class=\"fusion-post-grid post-2738 post type-post status-publish format-standard has-post-thumbnail hentry category-_short-facts\">\n<div class=\"fusion-post-wrapper\" style=\"background-color:rgba(226,226,226,0.15);border:1px solid #f2f3f5;border-bottom-width:3px;\">\n\n\t\t\t<div class=\"fusion-flexslider flexslider fusion-flexslider-loading fusion-post-slideshow\" style=\"border-color:#f2f3f5;\">\n\t\t<ul class=\"slides\">\n\t\t\t\n\t\t\t\t\t\t\t\t\t\t\t\t\t\t<li><div  class=\"fusion-image-wrapper\" aria-haspopup=\"true\">\n\t\t\t\t<img decoding=\"async\" width=\"4000\" height=\"3000\" src=\"https:\/\/gesunde-gestaltung.de\/wp-content\/uploads\/2024\/09\/Bruecke_gruen2.png\" class=\"attachment-full size-full wp-post-image\" alt=\"\" \/><div class=\"fusion-rollover\">\n\t<div class=\"fusion-rollover-content\">\n\n\t\t\t\t\t\t\t\t\t\t\t\t\t\t<a class=\"fusion-rollover-link\" href=\"https:\/\/gesunde-gestaltung.de\/en_us\/_short-facts\/2738\/\">Mein sch\u00f6nstes Erlebnis beim Arzt&#8230;<\/a>\n\t\t\t\n\t\t\t\t\t\t\t\t\t\t\t\t\t\t\n\t\t\t\t\t\t\t\t\n\t\t\t\t\t\t\t\t\t\t\t\t\t<div class=\"fusion-rollover-sep\"><\/div>\n\t\t\t\t\n\t\t\t\t\t\t\t\t\t\t\t\t\t\t\t\t\t\t<a class=\"fusion-rollover-gallery\" href=\"https:\/\/gesunde-gestaltung.de\/wp-content\/uploads\/2024\/09\/Bruecke_gruen2.png\" data-id=\"2738\" data-rel=\"iLightbox[gallery]\" data-title=\"Br\u00fccke_gr\u00fcn2\" data-caption=\"\">\n\t\t\t\t\t\tGallery\t\t\t\t\t<\/a>\n\t\t\t\t\t\t\t\t\t\t\t\t\t\t\n\t\t\n\t\t\t\t\t\t\t\t\t\t\t\t<h4 class=\"fusion-rollover-title\">\n\t\t\t\t\t<a class=\"fusion-rollover-title-link\" href=\"https:\/\/gesunde-gestaltung.de\/en_us\/_short-facts\/2738\/\">\n\t\t\t\t\t\tMein sch\u00f6nstes Erlebnis beim Arzt&#8230;\t\t\t\t\t<\/a>\n\t\t\t\t<\/h4>\n\t\t\t\n\t\t\t\t\t\t\t\t\t\t<div class=\"fusion-rollover-categories\"><a href=\"https:\/\/gesunde-gestaltung.de\/en_us\/category\/_short-facts\/\" rel=\"tag\">_SHORT FACTS<\/a><\/div>\t\t\t\t\t\n\t\t\n\t\t\t\t\t\t<a class=\"fusion-link-wrapper\" href=\"https:\/\/gesunde-gestaltung.de\/en_us\/_short-facts\/2738\/\" aria-label=\"Mein sch\u00f6nstes Erlebnis beim Arzt&#8230;\"><\/a>\n\t<\/div>\n<\/div>\n<\/div>\n<\/li>\n\t\t\t\n\t\t\t\n\t\t\t\t\t\t\t\t\t\t\t\t\t\t\t\t\t\t\t\t\t\t\t\t\t\t\t\t\t\t\t\t\t\t\t\t\t\t\t\t\t\t\t\t\t\t\t\t\t\t\t\t\t\t\t\t\t\t\t\t\t\t\t\t\t\t\t\t<\/ul>\n\t<\/div>\n\t<div class=\"fusion-post-content-wrapper\" style=\"padding:30px 25px 25px 25px;\"><div class=\"fusion-post-content post-content\"><h2 class=\"blog-shortcode-post-title entry-title\"><a href=\"https:\/\/gesunde-gestaltung.de\/en_us\/_short-facts\/2738\/\">Mein sch\u00f6nstes Erlebnis beim Arzt&#8230;<\/a><\/h2><div class=\"fusion-post-content-container\"><p>Zugegeben: Besuche bei \u00c4rzt:innen und Besuche im Freizeitpark haben auf den ersten Blick wenig gemeinsam. Und trotzdem l\u00e4sst sich f\u00fcr [...]<\/p><\/div><\/div><\/div><div class=\"fusion-clearfix\"><\/div><\/div>\n<\/article>\n<article id=\"blog-1-post-2733\" class=\"fusion-post-grid post-2733 post type-post status-publish format-standard has-post-thumbnail hentry category-_short-facts\">\n<div class=\"fusion-post-wrapper\" style=\"background-color:rgba(226,226,226,0.15);border:1px solid #f2f3f5;border-bottom-width:3px;\">\n\n\t\t\t<div class=\"fusion-flexslider flexslider fusion-flexslider-loading fusion-post-slideshow\" style=\"border-color:#f2f3f5;\">\n\t\t<ul class=\"slides\">\n\t\t\t\n\t\t\t\t\t\t\t\t\t\t\t\t\t\t<li><div  class=\"fusion-image-wrapper\" aria-haspopup=\"true\">\n\t\t\t\t<img decoding=\"async\" width=\"3675\" height=\"2450\" src=\"https:\/\/gesunde-gestaltung.de\/wp-content\/uploads\/2024\/09\/Orientierung_rot-1.png\" class=\"attachment-full size-full wp-post-image\" alt=\"\" \/><div class=\"fusion-rollover\">\n\t<div class=\"fusion-rollover-content\">\n\n\t\t\t\t\t\t\t\t\t\t\t\t\t\t<a class=\"fusion-rollover-link\" href=\"https:\/\/gesunde-gestaltung.de\/en_us\/_short-facts\/wo-muss-ich-hin\/\">Wo muss ich hin?<\/a>\n\t\t\t\n\t\t\t\t\t\t\t\t\t\t\t\t\t\t\n\t\t\t\t\t\t\t\t\n\t\t\t\t\t\t\t\t\t\t\t\t\t<div class=\"fusion-rollover-sep\"><\/div>\n\t\t\t\t\n\t\t\t\t\t\t\t\t\t\t\t\t\t\t\t\t\t\t<a class=\"fusion-rollover-gallery\" href=\"https:\/\/gesunde-gestaltung.de\/wp-content\/uploads\/2024\/09\/Orientierung_rot-1.png\" data-id=\"2733\" data-rel=\"iLightbox[gallery]\" data-title=\"Orientierung_rot\" data-caption=\"\">\n\t\t\t\t\t\tGallery\t\t\t\t\t<\/a>\n\t\t\t\t\t\t\t\t\t\t\t\t\t\t\n\t\t\n\t\t\t\t\t\t\t\t\t\t\t\t<h4 class=\"fusion-rollover-title\">\n\t\t\t\t\t<a class=\"fusion-rollover-title-link\" href=\"https:\/\/gesunde-gestaltung.de\/en_us\/_short-facts\/wo-muss-ich-hin\/\">\n\t\t\t\t\t\tWo muss ich hin?\t\t\t\t\t<\/a>\n\t\t\t\t<\/h4>\n\t\t\t\n\t\t\t\t\t\t\t\t\t\t<div class=\"fusion-rollover-categories\"><a href=\"https:\/\/gesunde-gestaltung.de\/en_us\/category\/_short-facts\/\" rel=\"tag\">_SHORT FACTS<\/a><\/div>\t\t\t\t\t\n\t\t\n\t\t\t\t\t\t<a class=\"fusion-link-wrapper\" href=\"https:\/\/gesunde-gestaltung.de\/en_us\/_short-facts\/wo-muss-ich-hin\/\" aria-label=\"Wo muss ich hin?\"><\/a>\n\t<\/div>\n<\/div>\n<\/div>\n<\/li>\n\t\t\t\n\t\t\t\n\t\t\t\t\t\t\t\t\t\t\t\t\t\t\t\t\t\t\t\t\t\t\t\t\t\t\t\t\t\t\t\t\t\t\t\t\t\t\t\t\t\t\t\t\t\t\t\t\t\t\t\t\t\t\t\t\t\t\t\t\t\t\t\t\t\t\t\t<\/ul>\n\t<\/div>\n\t<div class=\"fusion-post-content-wrapper\" style=\"padding:30px 25px 25px 25px;\"><div class=\"fusion-post-content post-content\"><h2 class=\"blog-shortcode-post-title entry-title\"><a href=\"https:\/\/gesunde-gestaltung.de\/en_us\/_short-facts\/wo-muss-ich-hin\/\">Wo muss ich hin?<\/a><\/h2><div class=\"fusion-post-content-container\"><p>Wer schon einmal mit schr\u00e4gem Kopf vor einem Lageplan stand oder das Gef\u00fchl hatte, alle diese G\u00e4nge sehen gleich aus, [...]<\/p><\/div><\/div><\/div><div class=\"fusion-clearfix\"><\/div><\/div>\n<\/article>\n<article id=\"blog-1-post-2709\" class=\"fusion-post-grid post-2709 post type-post status-publish format-standard has-post-thumbnail hentry category-_short-facts\">\n<div class=\"fusion-post-wrapper\" style=\"background-color:rgba(226,226,226,0.15);border:1px solid #f2f3f5;border-bottom-width:3px;\">\n\n\t\t\t<div class=\"fusion-flexslider flexslider fusion-flexslider-loading fusion-post-slideshow\" style=\"border-color:#f2f3f5;\">\n\t\t<ul class=\"slides\">\n\t\t\t\n\t\t\t\t\t\t\t\t\t\t\t\t\t\t<li><div  class=\"fusion-image-wrapper\" aria-haspopup=\"true\">\n\t\t\t\t<img decoding=\"async\" width=\"1032\" height=\"774\" src=\"https:\/\/gesunde-gestaltung.de\/wp-content\/uploads\/2024\/08\/Telemedizin_blau_klein.png\" class=\"attachment-full size-full wp-post-image\" alt=\"\" srcset=\"https:\/\/gesunde-gestaltung.de\/wp-content\/uploads\/2024\/08\/Telemedizin_blau_klein-200x150.png 200w, https:\/\/gesunde-gestaltung.de\/wp-content\/uploads\/2024\/08\/Telemedizin_blau_klein-400x300.png 400w, https:\/\/gesunde-gestaltung.de\/wp-content\/uploads\/2024\/08\/Telemedizin_blau_klein-600x450.png 600w, https:\/\/gesunde-gestaltung.de\/wp-content\/uploads\/2024\/08\/Telemedizin_blau_klein-800x600.png 800w, https:\/\/gesunde-gestaltung.de\/wp-content\/uploads\/2024\/08\/Telemedizin_blau_klein.png 1032w\" sizes=\"(min-width: 2200px) 100vw, (min-width: 712px) 580px, (min-width: 640px) 712px, \" \/><div class=\"fusion-rollover\">\n\t<div class=\"fusion-rollover-content\">\n\n\t\t\t\t\t\t\t\t\t\t\t\t\t\t<a class=\"fusion-rollover-link\" href=\"https:\/\/gesunde-gestaltung.de\/en_us\/_short-facts\/nicht-mehr-zum-arzt-gehen\/\">Nicht mehr zum Arzt gehen?<\/a>\n\t\t\t\n\t\t\t\t\t\t\t\t\t\t\t\t\t\t\n\t\t\t\t\t\t\t\t\n\t\t\t\t\t\t\t\t\t\t\t\t\t<div class=\"fusion-rollover-sep\"><\/div>\n\t\t\t\t\n\t\t\t\t\t\t\t\t\t\t\t\t\t\t\t\t\t\t<a class=\"fusion-rollover-gallery\" href=\"https:\/\/gesunde-gestaltung.de\/wp-content\/uploads\/2024\/08\/Telemedizin_blau_klein.png\" data-id=\"2709\" data-rel=\"iLightbox[gallery]\" data-title=\"Telemedizin_blau_klein\" data-caption=\"\">\n\t\t\t\t\t\tGallery\t\t\t\t\t<\/a>\n\t\t\t\t\t\t\t\t\t\t\t\t\t\t\n\t\t\n\t\t\t\t\t\t\t\t\t\t\t\t<h4 class=\"fusion-rollover-title\">\n\t\t\t\t\t<a class=\"fusion-rollover-title-link\" href=\"https:\/\/gesunde-gestaltung.de\/en_us\/_short-facts\/nicht-mehr-zum-arzt-gehen\/\">\n\t\t\t\t\t\tNicht mehr zum Arzt gehen?\t\t\t\t\t<\/a>\n\t\t\t\t<\/h4>\n\t\t\t\n\t\t\t\t\t\t\t\t\t\t<div class=\"fusion-rollover-categories\"><a href=\"https:\/\/gesunde-gestaltung.de\/en_us\/category\/_short-facts\/\" rel=\"tag\">_SHORT FACTS<\/a><\/div>\t\t\t\t\t\n\t\t\n\t\t\t\t\t\t<a class=\"fusion-link-wrapper\" href=\"https:\/\/gesunde-gestaltung.de\/en_us\/_short-facts\/nicht-mehr-zum-arzt-gehen\/\" aria-label=\"Nicht mehr zum Arzt gehen?\"><\/a>\n\t<\/div>\n<\/div>\n<\/div>\n<\/li>\n\t\t\t\n\t\t\t\n\t\t\t\t\t\t\t\t\t\t\t\t\t\t\t\t\t\t\t\t\t\t\t\t\t\t\t\t\t\t\t\t\t\t\t\t\t\t\t\t\t\t\t\t\t\t\t\t\t\t\t\t\t\t\t\t\t\t\t\t\t\t\t\t\t\t\t\t<\/ul>\n\t<\/div>\n\t<div class=\"fusion-post-content-wrapper\" style=\"padding:30px 25px 25px 25px;\"><div class=\"fusion-post-content post-content\"><h2 class=\"blog-shortcode-post-title entry-title\"><a href=\"https:\/\/gesunde-gestaltung.de\/en_us\/_short-facts\/nicht-mehr-zum-arzt-gehen\/\">Nicht mehr zum Arzt gehen?<\/a><\/h2><div class=\"fusion-post-content-container\"><p>Zumindest bei leichten und h\u00e4ufig auftretenden Erkrankungen, \u00e4rztlicher Beratung oder Besprechungen von Laborwerten ist das m\u00f6glich: durch Telemedizin.\u00a0\u00a0 Dabei k\u00f6nnen [...]<\/p><\/div><\/div><\/div><div class=\"fusion-clearfix\"><\/div><\/div>\n<\/article>\n<article id=\"blog-1-post-2707\" class=\"fusion-post-grid post-2707 post type-post status-publish format-standard has-post-thumbnail hentry category-_short-facts\">\n<div class=\"fusion-post-wrapper\" style=\"background-color:rgba(226,226,226,0.15);border:1px solid #f2f3f5;border-bottom-width:3px;\">\n\n\t\t\t<div class=\"fusion-flexslider flexslider fusion-flexslider-loading fusion-post-slideshow\" style=\"border-color:#f2f3f5;\">\n\t\t<ul class=\"slides\">\n\t\t\t\n\t\t\t\t\t\t\t\t\t\t\t\t\t\t<li><div  class=\"fusion-image-wrapper\" aria-haspopup=\"true\">\n\t\t\t\t<img decoding=\"async\" width=\"833\" height=\"833\" src=\"https:\/\/gesunde-gestaltung.de\/wp-content\/uploads\/2024\/08\/Biopsychosozial-mixed.png\" class=\"attachment-full size-full wp-post-image\" alt=\"\" srcset=\"https:\/\/gesunde-gestaltung.de\/wp-content\/uploads\/2024\/08\/Biopsychosozial-mixed-200x200.png 200w, https:\/\/gesunde-gestaltung.de\/wp-content\/uploads\/2024\/08\/Biopsychosozial-mixed-400x400.png 400w, https:\/\/gesunde-gestaltung.de\/wp-content\/uploads\/2024\/08\/Biopsychosozial-mixed-600x600.png 600w, https:\/\/gesunde-gestaltung.de\/wp-content\/uploads\/2024\/08\/Biopsychosozial-mixed-800x800.png 800w, https:\/\/gesunde-gestaltung.de\/wp-content\/uploads\/2024\/08\/Biopsychosozial-mixed.png 833w\" sizes=\"(min-width: 2200px) 100vw, (min-width: 712px) 580px, (min-width: 640px) 712px, \" \/><div class=\"fusion-rollover\">\n\t<div class=\"fusion-rollover-content\">\n\n\t\t\t\t\t\t\t\t\t\t\t\t\t\t<a class=\"fusion-rollover-link\" href=\"https:\/\/gesunde-gestaltung.de\/en_us\/_short-facts\/wie-wird-man-eigentlich-krank\/\">Wie wird man eigentlich krank?<\/a>\n\t\t\t\n\t\t\t\t\t\t\t\t\t\t\t\t\t\t\n\t\t\t\t\t\t\t\t\n\t\t\t\t\t\t\t\t\t\t\t\t\t<div class=\"fusion-rollover-sep\"><\/div>\n\t\t\t\t\n\t\t\t\t\t\t\t\t\t\t\t\t\t\t\t\t\t\t<a class=\"fusion-rollover-gallery\" href=\"https:\/\/gesunde-gestaltung.de\/wp-content\/uploads\/2024\/08\/Biopsychosozial-mixed.png\" data-id=\"2707\" data-rel=\"iLightbox[gallery]\" data-title=\"Biopsychosozial-mixed\" data-caption=\"\">\n\t\t\t\t\t\tGallery\t\t\t\t\t<\/a>\n\t\t\t\t\t\t\t\t\t\t\t\t\t\t\n\t\t\n\t\t\t\t\t\t\t\t\t\t\t\t<h4 class=\"fusion-rollover-title\">\n\t\t\t\t\t<a class=\"fusion-rollover-title-link\" href=\"https:\/\/gesunde-gestaltung.de\/en_us\/_short-facts\/wie-wird-man-eigentlich-krank\/\">\n\t\t\t\t\t\tWie wird man eigentlich krank?\t\t\t\t\t<\/a>\n\t\t\t\t<\/h4>\n\t\t\t\n\t\t\t\t\t\t\t\t\t\t<div class=\"fusion-rollover-categories\"><a href=\"https:\/\/gesunde-gestaltung.de\/en_us\/category\/_short-facts\/\" rel=\"tag\">_SHORT FACTS<\/a><\/div>\t\t\t\t\t\n\t\t\n\t\t\t\t\t\t<a class=\"fusion-link-wrapper\" href=\"https:\/\/gesunde-gestaltung.de\/en_us\/_short-facts\/wie-wird-man-eigentlich-krank\/\" aria-label=\"Wie wird man eigentlich krank?\"><\/a>\n\t<\/div>\n<\/div>\n<\/div>\n<\/li>\n\t\t\t\n\t\t\t\n\t\t\t\t\t\t\t\t\t\t\t\t\t\t\t\t\t\t\t\t\t\t\t\t\t\t\t\t\t\t\t\t\t\t\t\t\t\t\t\t\t\t\t\t\t\t\t\t\t\t\t\t\t\t\t\t\t\t\t\t\t\t\t\t\t\t\t\t<\/ul>\n\t<\/div>\n\t<div class=\"fusion-post-content-wrapper\" style=\"padding:30px 25px 25px 25px;\"><div class=\"fusion-post-content post-content\"><h2 class=\"blog-shortcode-post-title entry-title\"><a href=\"https:\/\/gesunde-gestaltung.de\/en_us\/_short-facts\/wie-wird-man-eigentlich-krank\/\">Wie wird man eigentlich krank?<\/a><\/h2><div class=\"fusion-post-content-container\"><p>Darauf gibt es je nach Krankheitsmodell ganz unterschiedliche Antworten.\u00a0\u00a0 Das biomedizinische Krankheitsmodell versteht Krankheiten als St\u00f6rung rein k\u00f6rperlicher Funktionen, z.B. [...]<\/p><\/div><\/div><\/div><div class=\"fusion-clearfix\"><\/div><\/div>\n<\/article>\n<article id=\"blog-1-post-2690\" class=\"fusion-post-grid post-2690 post type-post status-publish format-standard has-post-thumbnail hentry category-designmethoden category-designtheorie category-nachhaltigkeit category-podcast category-trends-und-entwicklungen category-uncategorized category-wissenschaft\">\n<div class=\"fusion-post-wrapper\" style=\"background-color:rgba(226,226,226,0.15);border:1px solid #f2f3f5;border-bottom-width:3px;\">\n\n\t\t\t<div class=\"fusion-flexslider flexslider fusion-flexslider-loading fusion-post-slideshow\" style=\"border-color:#f2f3f5;\">\n\t\t<ul class=\"slides\">\n\t\t\t\n\t\t\t\t\t\t\t\t\t\t\t\t\t\t<li><div  class=\"fusion-image-wrapper\" aria-haspopup=\"true\">\n\t\t\t\t<img decoding=\"async\" width=\"2560\" height=\"1920\" src=\"https:\/\/gesunde-gestaltung.de\/wp-content\/uploads\/2024\/08\/Aileen-Moeck_RGB-scaled.jpg\" class=\"attachment-full size-full wp-post-image\" alt=\"\" srcset=\"https:\/\/gesunde-gestaltung.de\/wp-content\/uploads\/2024\/08\/Aileen-Moeck_RGB-200x150.jpg 200w, https:\/\/gesunde-gestaltung.de\/wp-content\/uploads\/2024\/08\/Aileen-Moeck_RGB-400x300.jpg 400w, https:\/\/gesunde-gestaltung.de\/wp-content\/uploads\/2024\/08\/Aileen-Moeck_RGB-600x450.jpg 600w, https:\/\/gesunde-gestaltung.de\/wp-content\/uploads\/2024\/08\/Aileen-Moeck_RGB-800x600.jpg 800w, https:\/\/gesunde-gestaltung.de\/wp-content\/uploads\/2024\/08\/Aileen-Moeck_RGB-1200x900.jpg 1200w, https:\/\/gesunde-gestaltung.de\/wp-content\/uploads\/2024\/08\/Aileen-Moeck_RGB-scaled.jpg 2560w\" sizes=\"(min-width: 2200px) 100vw, (min-width: 712px) 580px, (min-width: 640px) 712px, \" \/><div class=\"fusion-rollover\">\n\t<div class=\"fusion-rollover-content\">\n\n\t\t\t\t\t\t\t\t\t\t\t\t\t\t<a class=\"fusion-rollover-link\" href=\"https:\/\/gesunde-gestaltung.de\/en_us\/uncategorized\/26-aileen-moeck-zu-zukunftsforschung-im-kontext-von-gesundheit-symbiozaen-und-future-literacy\/\">#26: Aileen Moeck zu Zukunftsforschung im Kontext von Gesundheit, Symbioz\u00e4n und Future Literacy<\/a>\n\t\t\t\n\t\t\t\t\t\t\t\t\t\t\t\t\t\t\n\t\t\t\t\t\t\t\t\n\t\t\t\t\t\t\t\t\t\t\t\t\t<div class=\"fusion-rollover-sep\"><\/div>\n\t\t\t\t\n\t\t\t\t\t\t\t\t\t\t\t\t\t\t\t\t\t\t<a class=\"fusion-rollover-gallery\" href=\"https:\/\/gesunde-gestaltung.de\/wp-content\/uploads\/2024\/08\/Aileen-Moeck_RGB-scaled.jpg\" data-id=\"2690\" data-rel=\"iLightbox[gallery]\" data-title=\"Aileen Moeck_RGB\" data-caption=\"\">\n\t\t\t\t\t\tGallery\t\t\t\t\t<\/a>\n\t\t\t\t\t\t\t\t\t\t\t\t\t\t\n\t\t\n\t\t\t\t\t\t\t\t\t\t\t\t<h4 class=\"fusion-rollover-title\">\n\t\t\t\t\t<a class=\"fusion-rollover-title-link\" href=\"https:\/\/gesunde-gestaltung.de\/en_us\/uncategorized\/26-aileen-moeck-zu-zukunftsforschung-im-kontext-von-gesundheit-symbiozaen-und-future-literacy\/\">\n\t\t\t\t\t\t#26: Aileen Moeck zu Zukunftsforschung im Kontext von Gesundheit, Symbioz\u00e4n und Future Literacy\t\t\t\t\t<\/a>\n\t\t\t\t<\/h4>\n\t\t\t\n\t\t\t\t\t\t\t\t\t\t<div class=\"fusion-rollover-categories\"><a href=\"https:\/\/gesunde-gestaltung.de\/en_us\/category\/designmethoden\/\" rel=\"tag\">Designmethoden<\/a>, <a href=\"https:\/\/gesunde-gestaltung.de\/en_us\/category\/designtheorie\/\" rel=\"tag\">Designtheorie<\/a>, <a href=\"https:\/\/gesunde-gestaltung.de\/en_us\/category\/nachhaltigkeit\/\" rel=\"tag\">Nachhaltigkeit<\/a>, <a href=\"https:\/\/gesunde-gestaltung.de\/en_us\/category\/podcast\/\" rel=\"tag\">Podcast<\/a>, <a href=\"https:\/\/gesunde-gestaltung.de\/en_us\/category\/trends-und-entwicklungen\/\" rel=\"tag\">Trends und Entwicklungen<\/a>, <a href=\"https:\/\/gesunde-gestaltung.de\/en_us\/category\/uncategorized\/\" rel=\"tag\">Uncategorized<\/a>, <a href=\"https:\/\/gesunde-gestaltung.de\/en_us\/category\/wissenschaft\/\" rel=\"tag\">Wissenschaft<\/a><\/div>\t\t\t\t\t\n\t\t\n\t\t\t\t\t\t<a class=\"fusion-link-wrapper\" href=\"https:\/\/gesunde-gestaltung.de\/en_us\/uncategorized\/26-aileen-moeck-zu-zukunftsforschung-im-kontext-von-gesundheit-symbiozaen-und-future-literacy\/\" aria-label=\"#26: Aileen Moeck zu Zukunftsforschung im Kontext von Gesundheit, Symbioz\u00e4n und Future Literacy\"><\/a>\n\t<\/div>\n<\/div>\n<\/div>\n<\/li>\n\t\t\t\n\t\t\t\n\t\t\t\t\t\t\t\t\t\t\t\t\t\t\t\t\t\t\t\t\t\t\t\t\t\t\t\t\t\t\t\t\t\t\t\t\t\t\t\t\t\t\t\t\t\t\t\t\t\t\t\t\t\t\t\t\t\t\t\t\t\t\t\t\t\t\t\t<\/ul>\n\t<\/div>\n\t<div class=\"fusion-post-content-wrapper\" style=\"padding:30px 25px 25px 25px;\"><div class=\"fusion-post-content post-content\"><h2 class=\"blog-shortcode-post-title entry-title\"><a href=\"https:\/\/gesunde-gestaltung.de\/en_us\/uncategorized\/26-aileen-moeck-zu-zukunftsforschung-im-kontext-von-gesundheit-symbiozaen-und-future-literacy\/\">#26: Aileen Moeck zu Zukunftsforschung im Kontext von Gesundheit, Symbioz\u00e4n und Future Literacy<\/a><\/h2><div class=\"fusion-post-content-container\"><p>Aileen Moeck ist studierte Zukunftsforscherin und erfahrene Transformationsexpertin. Die besondere Verbindung aus Innovationswissen, Wissenschaft, Politik, P\u00e4dagogik, Strategiearbeit und Designaffinit\u00e4t sowie [...]<\/p><\/div><\/div><\/div><div class=\"fusion-clearfix\"><\/div><\/div>\n<\/article>\n<article id=\"blog-1-post-2693\" class=\"fusion-post-grid post-2693 post type-post status-publish format-standard has-post-thumbnail hentry category-_short-facts\">\n<div class=\"fusion-post-wrapper\" style=\"background-color:rgba(226,226,226,0.15);border:1px solid #f2f3f5;border-bottom-width:3px;\">\n\n\t\t\t<div class=\"fusion-flexslider flexslider fusion-flexslider-loading fusion-post-slideshow\" style=\"border-color:#f2f3f5;\">\n\t\t<ul class=\"slides\">\n\t\t\t\n\t\t\t\t\t\t\t\t\t\t\t\t\t\t<li><div  class=\"fusion-image-wrapper\" aria-haspopup=\"true\">\n\t\t\t\t<img decoding=\"async\" width=\"2850\" height=\"1900\" src=\"https:\/\/gesunde-gestaltung.de\/wp-content\/uploads\/2024\/07\/Nachhaltigkeit_gruen.png\" class=\"attachment-full size-full wp-post-image\" alt=\"\" \/><div class=\"fusion-rollover\">\n\t<div class=\"fusion-rollover-content\">\n\n\t\t\t\t\t\t\t\t\t\t\t\t\t\t<a class=\"fusion-rollover-link\" href=\"https:\/\/gesunde-gestaltung.de\/en_us\/_short-facts\/feuer-wasser-luft-und-erde\/\">Feuer, Wasser, Luft und Erde<\/a>\n\t\t\t\n\t\t\t\t\t\t\t\t\t\t\t\t\t\t\n\t\t\t\t\t\t\t\t\n\t\t\t\t\t\t\t\t\t\t\t\t\t<div class=\"fusion-rollover-sep\"><\/div>\n\t\t\t\t\n\t\t\t\t\t\t\t\t\t\t\t\t\t\t\t\t\t\t<a class=\"fusion-rollover-gallery\" href=\"https:\/\/gesunde-gestaltung.de\/wp-content\/uploads\/2024\/07\/Nachhaltigkeit_gruen.png\" data-id=\"2693\" data-rel=\"iLightbox[gallery]\" data-title=\"Nachhaltigkeit_gr\u00fcn\" data-caption=\"\">\n\t\t\t\t\t\tGallery\t\t\t\t\t<\/a>\n\t\t\t\t\t\t\t\t\t\t\t\t\t\t\n\t\t\n\t\t\t\t\t\t\t\t\t\t\t\t<h4 class=\"fusion-rollover-title\">\n\t\t\t\t\t<a class=\"fusion-rollover-title-link\" href=\"https:\/\/gesunde-gestaltung.de\/en_us\/_short-facts\/feuer-wasser-luft-und-erde\/\">\n\t\t\t\t\t\tFeuer, Wasser, Luft und Erde\t\t\t\t\t<\/a>\n\t\t\t\t<\/h4>\n\t\t\t\n\t\t\t\t\t\t\t\t\t\t<div class=\"fusion-rollover-categories\"><a href=\"https:\/\/gesunde-gestaltung.de\/en_us\/category\/_short-facts\/\" rel=\"tag\">_SHORT FACTS<\/a><\/div>\t\t\t\t\t\n\t\t\n\t\t\t\t\t\t<a class=\"fusion-link-wrapper\" href=\"https:\/\/gesunde-gestaltung.de\/en_us\/_short-facts\/feuer-wasser-luft-und-erde\/\" aria-label=\"Feuer, Wasser, Luft und Erde\"><\/a>\n\t<\/div>\n<\/div>\n<\/div>\n<\/li>\n\t\t\t\n\t\t\t\n\t\t\t\t\t\t\t\t\t\t\t\t\t\t\t\t\t\t\t\t\t\t\t\t\t\t\t\t\t\t\t\t\t\t\t\t\t\t\t\t\t\t\t\t\t\t\t\t\t\t\t\t\t\t\t\t\t\t\t\t\t\t\t\t\t\t\t\t<\/ul>\n\t<\/div>\n\t<div class=\"fusion-post-content-wrapper\" style=\"padding:30px 25px 25px 25px;\"><div class=\"fusion-post-content post-content\"><h2 class=\"blog-shortcode-post-title entry-title\"><a href=\"https:\/\/gesunde-gestaltung.de\/en_us\/_short-facts\/feuer-wasser-luft-und-erde\/\">Feuer, Wasser, Luft und Erde<\/a><\/h2><div class=\"fusion-post-content-container\"><p>Die Lebensgrundlagen auf der Erde zu sichern, ist Ziel der Nachhaltigkeitsziele der UN. Allerdings sind diese Ziele nicht unabh\u00e4ngig voneinander: [...]<\/p><\/div><\/div><\/div><div class=\"fusion-clearfix\"><\/div><\/div>\n<\/article>\n<article id=\"blog-1-post-2680\" class=\"fusion-post-grid post-2680 post type-post status-publish format-standard has-post-thumbnail hentry category-_short-facts\">\n<div class=\"fusion-post-wrapper\" style=\"background-color:rgba(226,226,226,0.15);border:1px solid #f2f3f5;border-bottom-width:3px;\">\n\n\t\t\t<div class=\"fusion-flexslider flexslider fusion-flexslider-loading fusion-post-slideshow\" style=\"border-color:#f2f3f5;\">\n\t\t<ul class=\"slides\">\n\t\t\t\n\t\t\t\t\t\t\t\t\t\t\t\t\t\t<li><div  class=\"fusion-image-wrapper\" aria-haspopup=\"true\">\n\t\t\t\t<img decoding=\"async\" width=\"2222\" height=\"833\" src=\"https:\/\/gesunde-gestaltung.de\/wp-content\/uploads\/2023\/02\/Slider-Header2.jpg\" class=\"attachment-full size-full wp-post-image\" alt=\"\" srcset=\"https:\/\/gesunde-gestaltung.de\/wp-content\/uploads\/2023\/02\/Slider-Header2-200x75.jpg 200w, https:\/\/gesunde-gestaltung.de\/wp-content\/uploads\/2023\/02\/Slider-Header2-400x150.jpg 400w, https:\/\/gesunde-gestaltung.de\/wp-content\/uploads\/2023\/02\/Slider-Header2-600x225.jpg 600w, https:\/\/gesunde-gestaltung.de\/wp-content\/uploads\/2023\/02\/Slider-Header2-800x300.jpg 800w, https:\/\/gesunde-gestaltung.de\/wp-content\/uploads\/2023\/02\/Slider-Header2-1200x450.jpg 1200w, https:\/\/gesunde-gestaltung.de\/wp-content\/uploads\/2023\/02\/Slider-Header2.jpg 2222w\" sizes=\"(min-width: 2200px) 100vw, (min-width: 712px) 580px, (min-width: 640px) 712px, \" \/><div class=\"fusion-rollover\">\n\t<div class=\"fusion-rollover-content\">\n\n\t\t\t\t\t\t\t\t\t\t\t\t\t\t<a class=\"fusion-rollover-link\" href=\"https:\/\/gesunde-gestaltung.de\/en_us\/_short-facts\/ganz-schoen-heiss-hier\/\">Ganz sch\u00f6n hei\u00df hier&#8230;<\/a>\n\t\t\t\n\t\t\t\t\t\t\t\t\t\t\t\t\t\t\n\t\t\t\t\t\t\t\t\n\t\t\t\t\t\t\t\t\t\t\t\t\t<div class=\"fusion-rollover-sep\"><\/div>\n\t\t\t\t\n\t\t\t\t\t\t\t\t\t\t\t\t\t\t\t\t\t\t<a class=\"fusion-rollover-gallery\" href=\"https:\/\/gesunde-gestaltung.de\/wp-content\/uploads\/2023\/02\/Slider-Header2.jpg\" data-id=\"2680\" data-rel=\"iLightbox[gallery]\" data-title=\"Slider-Header2\" data-caption=\"\">\n\t\t\t\t\t\tGallery\t\t\t\t\t<\/a>\n\t\t\t\t\t\t\t\t\t\t\t\t\t\t\n\t\t\n\t\t\t\t\t\t\t\t\t\t\t\t<h4 class=\"fusion-rollover-title\">\n\t\t\t\t\t<a class=\"fusion-rollover-title-link\" href=\"https:\/\/gesunde-gestaltung.de\/en_us\/_short-facts\/ganz-schoen-heiss-hier\/\">\n\t\t\t\t\t\tGanz sch\u00f6n hei\u00df hier&#8230;\t\t\t\t\t<\/a>\n\t\t\t\t<\/h4>\n\t\t\t\n\t\t\t\t\t\t\t\t\t\t<div class=\"fusion-rollover-categories\"><a href=\"https:\/\/gesunde-gestaltung.de\/en_us\/category\/_short-facts\/\" rel=\"tag\">_SHORT FACTS<\/a><\/div>\t\t\t\t\t\n\t\t\n\t\t\t\t\t\t<a class=\"fusion-link-wrapper\" href=\"https:\/\/gesunde-gestaltung.de\/en_us\/_short-facts\/ganz-schoen-heiss-hier\/\" aria-label=\"Ganz sch\u00f6n hei\u00df hier&#8230;\"><\/a>\n\t<\/div>\n<\/div>\n<\/div>\n<\/li>\n\t\t\t\n\t\t\t\n\t\t\t\t\t\t\t\t\t\t\t\t\t\t\t\t\t\t\t\t\t\t\t\t\t\t\t\t\t\t\t\t\t\t\t\t\t\t\t\t\t\t\t\t\t\t\t\t\t\t\t\t\t\t\t\t\t\t\t\t\t\t\t\t\t\t\t\t<\/ul>\n\t<\/div>\n\t<div class=\"fusion-post-content-wrapper\" style=\"padding:30px 25px 25px 25px;\"><div class=\"fusion-post-content post-content\"><h2 class=\"blog-shortcode-post-title entry-title\"><a href=\"https:\/\/gesunde-gestaltung.de\/en_us\/_short-facts\/ganz-schoen-heiss-hier\/\">Ganz sch\u00f6n hei\u00df hier&#8230;<\/a><\/h2><div class=\"fusion-post-content-container\"><p>Insbesondere f\u00fcr \u00e4ltere Menschen, Kinder, Menschen mit Vorerkrankungen, Wohnungslose und im Freien Arbeitende ist die Hitze ein Gesundheitsrisiko. Auch besteht [...]<\/p><\/div><\/div><\/div><div class=\"fusion-clearfix\"><\/div><\/div>\n<\/article>\n<article id=\"blog-1-post-2678\" class=\"fusion-post-grid post-2678 post type-post status-publish format-standard has-post-thumbnail hentry category-_short-facts\">\n<div class=\"fusion-post-wrapper\" style=\"background-color:rgba(226,226,226,0.15);border:1px solid #f2f3f5;border-bottom-width:3px;\">\n\n\t\t\t<div class=\"fusion-flexslider flexslider fusion-flexslider-loading fusion-post-slideshow\" style=\"border-color:#f2f3f5;\">\n\t\t<ul class=\"slides\">\n\t\t\t\n\t\t\t\t\t\t\t\t\t\t\t\t\t\t<li><div  class=\"fusion-image-wrapper\" aria-haspopup=\"true\">\n\t\t\t\t<img decoding=\"async\" width=\"2560\" height=\"1920\" src=\"https:\/\/gesunde-gestaltung.de\/wp-content\/uploads\/2024\/07\/Einsamkeit_blau-scaled.jpg\" class=\"attachment-full size-full wp-post-image\" alt=\"\" srcset=\"https:\/\/gesunde-gestaltung.de\/wp-content\/uploads\/2024\/07\/Einsamkeit_blau-200x150.jpg 200w, https:\/\/gesunde-gestaltung.de\/wp-content\/uploads\/2024\/07\/Einsamkeit_blau-400x300.jpg 400w, https:\/\/gesunde-gestaltung.de\/wp-content\/uploads\/2024\/07\/Einsamkeit_blau-600x450.jpg 600w, https:\/\/gesunde-gestaltung.de\/wp-content\/uploads\/2024\/07\/Einsamkeit_blau-800x600.jpg 800w, https:\/\/gesunde-gestaltung.de\/wp-content\/uploads\/2024\/07\/Einsamkeit_blau-1200x900.jpg 1200w, https:\/\/gesunde-gestaltung.de\/wp-content\/uploads\/2024\/07\/Einsamkeit_blau-scaled.jpg 2560w\" sizes=\"(min-width: 2200px) 100vw, (min-width: 712px) 580px, (min-width: 640px) 712px, \" \/><div class=\"fusion-rollover\">\n\t<div class=\"fusion-rollover-content\">\n\n\t\t\t\t\t\t\t\t\t\t\t\t\t\t<a class=\"fusion-rollover-link\" href=\"https:\/\/gesunde-gestaltung.de\/en_us\/_short-facts\/allein-aber-nicht-einsam-einsam-aber-nicht-allein\/\">Allein, aber nicht einsam? Einsam, aber nicht allein?<\/a>\n\t\t\t\n\t\t\t\t\t\t\t\t\t\t\t\t\t\t\n\t\t\t\t\t\t\t\t\n\t\t\t\t\t\t\t\t\t\t\t\t\t<div class=\"fusion-rollover-sep\"><\/div>\n\t\t\t\t\n\t\t\t\t\t\t\t\t\t\t\t\t\t\t\t\t\t\t<a class=\"fusion-rollover-gallery\" href=\"https:\/\/gesunde-gestaltung.de\/wp-content\/uploads\/2024\/07\/Einsamkeit_blau-scaled.jpg\" data-id=\"2678\" data-rel=\"iLightbox[gallery]\" data-title=\"Einsamkeit_blau\" data-caption=\"\">\n\t\t\t\t\t\tGallery\t\t\t\t\t<\/a>\n\t\t\t\t\t\t\t\t\t\t\t\t\t\t\n\t\t\n\t\t\t\t\t\t\t\t\t\t\t\t<h4 class=\"fusion-rollover-title\">\n\t\t\t\t\t<a class=\"fusion-rollover-title-link\" href=\"https:\/\/gesunde-gestaltung.de\/en_us\/_short-facts\/allein-aber-nicht-einsam-einsam-aber-nicht-allein\/\">\n\t\t\t\t\t\tAllein, aber nicht einsam? Einsam, aber nicht allein?\t\t\t\t\t<\/a>\n\t\t\t\t<\/h4>\n\t\t\t\n\t\t\t\t\t\t\t\t\t\t<div class=\"fusion-rollover-categories\"><a href=\"https:\/\/gesunde-gestaltung.de\/en_us\/category\/_short-facts\/\" rel=\"tag\">_SHORT FACTS<\/a><\/div>\t\t\t\t\t\n\t\t\n\t\t\t\t\t\t<a class=\"fusion-link-wrapper\" href=\"https:\/\/gesunde-gestaltung.de\/en_us\/_short-facts\/allein-aber-nicht-einsam-einsam-aber-nicht-allein\/\" aria-label=\"Allein, aber nicht einsam? Einsam, aber nicht allein?\"><\/a>\n\t<\/div>\n<\/div>\n<\/div>\n<\/li>\n\t\t\t\n\t\t\t\n\t\t\t\t\t\t\t\t\t\t\t\t\t\t\t\t\t\t\t\t\t\t\t\t\t\t\t\t\t\t\t\t\t\t\t\t\t\t\t\t\t\t\t\t\t\t\t\t\t\t\t\t\t\t\t\t\t\t\t\t\t\t\t\t\t\t\t\t<\/ul>\n\t<\/div>\n\t<div class=\"fusion-post-content-wrapper\" style=\"padding:30px 25px 25px 25px;\"><div class=\"fusion-post-content post-content\"><h2 class=\"blog-shortcode-post-title entry-title\"><a href=\"https:\/\/gesunde-gestaltung.de\/en_us\/_short-facts\/allein-aber-nicht-einsam-einsam-aber-nicht-allein\/\">Allein, aber nicht einsam? Einsam, aber nicht allein?<\/a><\/h2><div class=\"fusion-post-content-container\"><p>Laut \u2018Einsamkeitsbarometer\u2019 des BMFSFJ sind aktuell j\u00fcngere Menschen (18-29 Jahre) am h\u00e4ufigsten von Einsamkeit betroffen. Frauen weisen eine h\u00f6here Einsamkeitsbelastung [...]<\/p><\/div><\/div><\/div><div class=\"fusion-clearfix\"><\/div><\/div>\n<\/article>\n<article id=\"blog-1-post-2666\" class=\"fusion-post-grid post-2666 post type-post status-publish format-standard has-post-thumbnail hentry category-_short-facts\">\n<div class=\"fusion-post-wrapper\" style=\"background-color:rgba(226,226,226,0.15);border:1px solid #f2f3f5;border-bottom-width:3px;\">\n\n\t\t\t<div class=\"fusion-flexslider flexslider fusion-flexslider-loading fusion-post-slideshow\" style=\"border-color:#f2f3f5;\">\n\t\t<ul class=\"slides\">\n\t\t\t\n\t\t\t\t\t\t\t\t\t\t\t\t\t\t<li><div  class=\"fusion-image-wrapper\" aria-haspopup=\"true\">\n\t\t\t\t<img decoding=\"async\" width=\"2222\" height=\"833\" src=\"https:\/\/gesunde-gestaltung.de\/wp-content\/uploads\/2023\/02\/Slider-Header4.jpg\" class=\"attachment-full size-full wp-post-image\" alt=\"\" srcset=\"https:\/\/gesunde-gestaltung.de\/wp-content\/uploads\/2023\/02\/Slider-Header4-200x75.jpg 200w, https:\/\/gesunde-gestaltung.de\/wp-content\/uploads\/2023\/02\/Slider-Header4-400x150.jpg 400w, https:\/\/gesunde-gestaltung.de\/wp-content\/uploads\/2023\/02\/Slider-Header4-600x225.jpg 600w, https:\/\/gesunde-gestaltung.de\/wp-content\/uploads\/2023\/02\/Slider-Header4-800x300.jpg 800w, https:\/\/gesunde-gestaltung.de\/wp-content\/uploads\/2023\/02\/Slider-Header4-1200x450.jpg 1200w, https:\/\/gesunde-gestaltung.de\/wp-content\/uploads\/2023\/02\/Slider-Header4.jpg 2222w\" sizes=\"(min-width: 2200px) 100vw, (min-width: 712px) 580px, (min-width: 640px) 712px, \" \/><div class=\"fusion-rollover\">\n\t<div class=\"fusion-rollover-content\">\n\n\t\t\t\t\t\t\t\t\t\t\t\t\t\t<a class=\"fusion-rollover-link\" href=\"https:\/\/gesunde-gestaltung.de\/en_us\/_short-facts\/short-fact-hoert-ihr-das\/\">H\u00f6rt ihr das?<\/a>\n\t\t\t\n\t\t\t\t\t\t\t\t\t\t\t\t\t\t\n\t\t\t\t\t\t\t\t\n\t\t\t\t\t\t\t\t\t\t\t\t\t<div class=\"fusion-rollover-sep\"><\/div>\n\t\t\t\t\n\t\t\t\t\t\t\t\t\t\t\t\t\t\t\t\t\t\t<a class=\"fusion-rollover-gallery\" href=\"https:\/\/gesunde-gestaltung.de\/wp-content\/uploads\/2023\/02\/Slider-Header4.jpg\" data-id=\"2666\" data-rel=\"iLightbox[gallery]\" data-title=\"Slider-Header4\" data-caption=\"\">\n\t\t\t\t\t\tGallery\t\t\t\t\t<\/a>\n\t\t\t\t\t\t\t\t\t\t\t\t\t\t\n\t\t\n\t\t\t\t\t\t\t\t\t\t\t\t<h4 class=\"fusion-rollover-title\">\n\t\t\t\t\t<a class=\"fusion-rollover-title-link\" href=\"https:\/\/gesunde-gestaltung.de\/en_us\/_short-facts\/short-fact-hoert-ihr-das\/\">\n\t\t\t\t\t\tH\u00f6rt ihr das?\t\t\t\t\t<\/a>\n\t\t\t\t<\/h4>\n\t\t\t\n\t\t\t\t\t\t\t\t\t\t<div class=\"fusion-rollover-categories\"><a href=\"https:\/\/gesunde-gestaltung.de\/en_us\/category\/_short-facts\/\" rel=\"tag\">_SHORT FACTS<\/a><\/div>\t\t\t\t\t\n\t\t\n\t\t\t\t\t\t<a class=\"fusion-link-wrapper\" href=\"https:\/\/gesunde-gestaltung.de\/en_us\/_short-facts\/short-fact-hoert-ihr-das\/\" aria-label=\"H\u00f6rt ihr das?\"><\/a>\n\t<\/div>\n<\/div>\n<\/div>\n<\/li>\n\t\t\t\n\t\t\t\n\t\t\t\t\t\t\t\t\t\t\t\t\t\t\t\t\t\t\t\t\t\t\t\t\t\t\t\t\t\t\t\t\t\t\t\t\t\t\t\t\t\t\t\t\t\t\t\t\t\t\t\t\t\t\t\t\t\t\t\t\t\t\t\t\t\t\t\t<\/ul>\n\t<\/div>\n\t<div class=\"fusion-post-content-wrapper\" style=\"padding:30px 25px 25px 25px;\"><div class=\"fusion-post-content post-content\"><h2 class=\"blog-shortcode-post-title entry-title\"><a href=\"https:\/\/gesunde-gestaltung.de\/en_us\/_short-facts\/short-fact-hoert-ihr-das\/\">H\u00f6rt ihr das?<\/a><\/h2><div class=\"fusion-post-content-container\"><p>Vogelgezwitscher, Motorenger\u00e4usche, Kinder auf dem Weg zur Eisdiele. Es gibt vieles gleichzeitig zu h\u00f6ren! Auch in Bezug auf Gesundheit wird [...]<\/p><\/div><\/div><\/div><div class=\"fusion-clearfix\"><\/div><\/div>\n<\/article>\n<article id=\"blog-1-post-2605\" class=\"fusion-post-grid post-2605 post type-post status-publish format-standard has-post-thumbnail hentry category-_newsletter category-uncategorized\">\n<div class=\"fusion-post-wrapper\" style=\"background-color:rgba(226,226,226,0.15);border:1px solid #f2f3f5;border-bottom-width:3px;\">\n\n\t\t\t<div class=\"fusion-flexslider flexslider fusion-flexslider-loading fusion-post-slideshow\" style=\"border-color:#f2f3f5;\">\n\t\t<ul class=\"slides\">\n\t\t\t\n\t\t\t\t\t\t\t\t\t\t\t\t\t\t<li><div  class=\"fusion-image-wrapper\" aria-haspopup=\"true\">\n\t\t\t\t<img decoding=\"async\" width=\"2388\" height=\"1668\" src=\"https:\/\/gesunde-gestaltung.de\/wp-content\/uploads\/2024\/04\/Newsletter.jpg\" class=\"attachment-full size-full wp-post-image\" alt=\"\" srcset=\"https:\/\/gesunde-gestaltung.de\/wp-content\/uploads\/2024\/04\/Newsletter-200x140.jpg 200w, https:\/\/gesunde-gestaltung.de\/wp-content\/uploads\/2024\/04\/Newsletter-400x279.jpg 400w, https:\/\/gesunde-gestaltung.de\/wp-content\/uploads\/2024\/04\/Newsletter-600x419.jpg 600w, https:\/\/gesunde-gestaltung.de\/wp-content\/uploads\/2024\/04\/Newsletter-800x559.jpg 800w, https:\/\/gesunde-gestaltung.de\/wp-content\/uploads\/2024\/04\/Newsletter-1200x838.jpg 1200w, https:\/\/gesunde-gestaltung.de\/wp-content\/uploads\/2024\/04\/Newsletter.jpg 2388w\" sizes=\"(min-width: 2200px) 100vw, (min-width: 712px) 580px, (min-width: 640px) 712px, \" \/><div class=\"fusion-rollover\">\n\t<div class=\"fusion-rollover-content\">\n\n\t\t\t\t\t\t\t\t\t\t\t\t\t\t<a class=\"fusion-rollover-link\" href=\"https:\/\/gesunde-gestaltung.de\/en_us\/uncategorized\/news-06-24-hoer-doch-mal\/\">News 06\/24: H\u00f6r doch mal&#8230;<\/a>\n\t\t\t\n\t\t\t\t\t\t\t\t\t\t\t\t\t\t\n\t\t\t\t\t\t\t\t\n\t\t\t\t\t\t\t\t\t\t\t\t\t<div class=\"fusion-rollover-sep\"><\/div>\n\t\t\t\t\n\t\t\t\t\t\t\t\t\t\t\t\t\t\t\t\t\t\t<a class=\"fusion-rollover-gallery\" href=\"https:\/\/gesunde-gestaltung.de\/wp-content\/uploads\/2024\/04\/Newsletter.jpg\" data-id=\"2605\" data-rel=\"iLightbox[gallery]\" data-title=\"Newsletter\" data-caption=\"\">\n\t\t\t\t\t\tGallery\t\t\t\t\t<\/a>\n\t\t\t\t\t\t\t\t\t\t\t\t\t\t\n\t\t\n\t\t\t\t\t\t\t\t\t\t\t\t<h4 class=\"fusion-rollover-title\">\n\t\t\t\t\t<a class=\"fusion-rollover-title-link\" href=\"https:\/\/gesunde-gestaltung.de\/en_us\/uncategorized\/news-06-24-hoer-doch-mal\/\">\n\t\t\t\t\t\tNews 06\/24: H\u00f6r doch mal&#8230;\t\t\t\t\t<\/a>\n\t\t\t\t<\/h4>\n\t\t\t\n\t\t\t\t\t\t\t\t\t\t<div class=\"fusion-rollover-categories\"><a href=\"https:\/\/gesunde-gestaltung.de\/en_us\/category\/_newsletter\/\" rel=\"tag\">_NEWSLETTER<\/a>, <a href=\"https:\/\/gesunde-gestaltung.de\/en_us\/category\/uncategorized\/\" rel=\"tag\">Uncategorized<\/a><\/div>\t\t\t\t\t\n\t\t\n\t\t\t\t\t\t<a class=\"fusion-link-wrapper\" href=\"https:\/\/gesunde-gestaltung.de\/en_us\/uncategorized\/news-06-24-hoer-doch-mal\/\" aria-label=\"News 06\/24: H\u00f6r doch mal&#8230;\"><\/a>\n\t<\/div>\n<\/div>\n<\/div>\n<\/li>\n\t\t\t\n\t\t\t\n\t\t\t\t\t\t\t\t\t\t\t\t\t\t\t\t\t\t\t\t\t\t\t\t\t\t\t\t\t\t\t\t\t\t\t\t\t\t\t\t\t\t\t\t\t\t\t\t\t\t\t\t\t\t\t\t\t\t\t\t\t\t\t\t\t\t\t\t<\/ul>\n\t<\/div>\n\t<div class=\"fusion-post-content-wrapper\" style=\"padding:30px 25px 25px 25px;\"><div class=\"fusion-post-content post-content\"><h2 class=\"blog-shortcode-post-title entry-title\"><a href=\"https:\/\/gesunde-gestaltung.de\/en_us\/uncategorized\/news-06-24-hoer-doch-mal\/\">News 06\/24: H\u00f6r doch mal&#8230;<\/a><\/h2><div class=\"fusion-post-content-container\"><p> Newsletter 06\/24 Zu viel L\u00e4rm kann krank machen. Aber die Bez\u00fcge zwischen Akustik und Gesundheit werden weit vielf\u00e4ltiger diskutiert: [...]<\/p><\/div><\/div><\/div><div class=\"fusion-clearfix\"><\/div><\/div>\n<\/article>\n<article id=\"blog-1-post-2574\" class=\"fusion-post-grid post-2574 post type-post status-publish format-standard has-post-thumbnail hentry category-biophilic-design category-evidence-based-design category-forschungsmethoden category-podcast category-stressreduktion category-uncategorized category-wissenschaft\">\n<div class=\"fusion-post-wrapper\" style=\"background-color:rgba(226,226,226,0.15);border:1px solid #f2f3f5;border-bottom-width:3px;\">\n\n\t\t\t<div class=\"fusion-flexslider flexslider fusion-flexslider-loading fusion-post-slideshow\" style=\"border-color:#f2f3f5;\">\n\t\t<ul class=\"slides\">\n\t\t\t\n\t\t\t\t\t\t\t\t\t\t\t\t\t\t<li><div  class=\"fusion-image-wrapper\" aria-haspopup=\"true\">\n\t\t\t\t<img decoding=\"async\" width=\"2222\" height=\"1667\" src=\"https:\/\/gesunde-gestaltung.de\/wp-content\/uploads\/2024\/06\/Yasushi.jpg\" class=\"attachment-full size-full wp-post-image\" alt=\"\" srcset=\"https:\/\/gesunde-gestaltung.de\/wp-content\/uploads\/2024\/06\/Yasushi-200x150.jpg 200w, https:\/\/gesunde-gestaltung.de\/wp-content\/uploads\/2024\/06\/Yasushi-400x300.jpg 400w, https:\/\/gesunde-gestaltung.de\/wp-content\/uploads\/2024\/06\/Yasushi-600x450.jpg 600w, https:\/\/gesunde-gestaltung.de\/wp-content\/uploads\/2024\/06\/Yasushi-800x600.jpg 800w, https:\/\/gesunde-gestaltung.de\/wp-content\/uploads\/2024\/06\/Yasushi-1200x900.jpg 1200w, https:\/\/gesunde-gestaltung.de\/wp-content\/uploads\/2024\/06\/Yasushi.jpg 2222w\" sizes=\"(min-width: 2200px) 100vw, (min-width: 712px) 580px, (min-width: 640px) 712px, \" \/><div class=\"fusion-rollover\">\n\t<div class=\"fusion-rollover-content\">\n\n\t\t\t\t\t\t\t\t\t\t\t\t\t\t<a class=\"fusion-rollover-link\" href=\"https:\/\/gesunde-gestaltung.de\/en_us\/uncategorized\/25-yasushi-suko-on-the-effect-of-sound-on-restoration-and-health-promotion\/\">#25) Yasushi Suko on the effect of sound on restoration and health promotion<\/a>\n\t\t\t\n\t\t\t\t\t\t\t\t\t\t\t\t\t\t\n\t\t\t\t\t\t\t\t\n\t\t\t\t\t\t\t\t\t\t\t\t\t<div class=\"fusion-rollover-sep\"><\/div>\n\t\t\t\t\n\t\t\t\t\t\t\t\t\t\t\t\t\t\t\t\t\t\t<a class=\"fusion-rollover-gallery\" href=\"https:\/\/gesunde-gestaltung.de\/wp-content\/uploads\/2024\/06\/Yasushi.jpg\" data-id=\"2574\" data-rel=\"iLightbox[gallery]\" data-title=\"Yasushi\" data-caption=\"\">\n\t\t\t\t\t\tGallery\t\t\t\t\t<\/a>\n\t\t\t\t\t\t\t\t\t\t\t\t\t\t\n\t\t\n\t\t\t\t\t\t\t\t\t\t\t\t<h4 class=\"fusion-rollover-title\">\n\t\t\t\t\t<a class=\"fusion-rollover-title-link\" href=\"https:\/\/gesunde-gestaltung.de\/en_us\/uncategorized\/25-yasushi-suko-on-the-effect-of-sound-on-restoration-and-health-promotion\/\">\n\t\t\t\t\t\t#25) Yasushi Suko on the effect of sound on restoration and health promotion\t\t\t\t\t<\/a>\n\t\t\t\t<\/h4>\n\t\t\t\n\t\t\t\t\t\t\t\t\t\t<div class=\"fusion-rollover-categories\"><a href=\"https:\/\/gesunde-gestaltung.de\/en_us\/category\/biophilic-design\/\" rel=\"tag\">Biophilic Design<\/a>, <a href=\"https:\/\/gesunde-gestaltung.de\/en_us\/category\/evidence-based-design\/\" rel=\"tag\">Evidence-based Design<\/a>, <a href=\"https:\/\/gesunde-gestaltung.de\/en_us\/category\/forschungsmethoden\/\" rel=\"tag\">Research methods<\/a>, <a href=\"https:\/\/gesunde-gestaltung.de\/en_us\/category\/podcast\/\" rel=\"tag\">Podcast<\/a>, <a href=\"https:\/\/gesunde-gestaltung.de\/en_us\/category\/stressreduktion\/\" rel=\"tag\">Stressreduktion<\/a>, <a href=\"https:\/\/gesunde-gestaltung.de\/en_us\/category\/uncategorized\/\" rel=\"tag\">Uncategorized<\/a>, <a href=\"https:\/\/gesunde-gestaltung.de\/en_us\/category\/wissenschaft\/\" rel=\"tag\">Wissenschaft<\/a><\/div>\t\t\t\t\t\n\t\t\n\t\t\t\t\t\t<a class=\"fusion-link-wrapper\" href=\"https:\/\/gesunde-gestaltung.de\/en_us\/uncategorized\/25-yasushi-suko-on-the-effect-of-sound-on-restoration-and-health-promotion\/\" aria-label=\"#25) Yasushi Suko on the effect of sound on restoration and health promotion\"><\/a>\n\t<\/div>\n<\/div>\n<\/div>\n<\/li>\n\t\t\t\n\t\t\t\n\t\t\t\t\t\t\t\t\t\t\t\t\t\t\t\t\t\t\t\t\t\t\t\t\t\t\t\t\t\t\t\t\t\t\t\t\t\t\t\t\t\t\t\t\t\t\t\t\t\t\t\t\t\t\t\t\t\t\t\t\t\t\t\t\t\t\t\t<\/ul>\n\t<\/div>\n\t<div class=\"fusion-post-content-wrapper\" style=\"padding:30px 25px 25px 25px;\"><div class=\"fusion-post-content post-content\"><h2 class=\"blog-shortcode-post-title entry-title\"><a href=\"https:\/\/gesunde-gestaltung.de\/en_us\/uncategorized\/25-yasushi-suko-on-the-effect-of-sound-on-restoration-and-health-promotion\/\">#25) Yasushi Suko on the effect of sound on restoration and health promotion<\/a><\/h2><div class=\"fusion-post-content-container\"><p>Yasushi SUKO is a doctoral student at the Faculty of Social Sciences\/Psychology, Tampere University, Finland. He studies the effects of [...]<\/p><\/div><\/div><\/div><div class=\"fusion-clearfix\"><\/div><\/div>\n<\/article>\n<article id=\"blog-1-post-2455\" class=\"fusion-post-grid post-2455 post type-post status-publish format-standard has-post-thumbnail hentry category-_newsletter category-uncategorized\">\n<div class=\"fusion-post-wrapper\" style=\"background-color:rgba(226,226,226,0.15);border:1px solid #f2f3f5;border-bottom-width:3px;\">\n\n\t\t\t<div class=\"fusion-flexslider flexslider fusion-flexslider-loading fusion-post-slideshow\" style=\"border-color:#f2f3f5;\">\n\t\t<ul class=\"slides\">\n\t\t\t\n\t\t\t\t\t\t\t\t\t\t\t\t\t\t<li><div  class=\"fusion-image-wrapper\" aria-haspopup=\"true\">\n\t\t\t\t<img decoding=\"async\" width=\"2388\" height=\"1668\" src=\"https:\/\/gesunde-gestaltung.de\/wp-content\/uploads\/2024\/04\/Newsletter.jpg\" class=\"attachment-full size-full wp-post-image\" alt=\"\" srcset=\"https:\/\/gesunde-gestaltung.de\/wp-content\/uploads\/2024\/04\/Newsletter-200x140.jpg 200w, https:\/\/gesunde-gestaltung.de\/wp-content\/uploads\/2024\/04\/Newsletter-400x279.jpg 400w, https:\/\/gesunde-gestaltung.de\/wp-content\/uploads\/2024\/04\/Newsletter-600x419.jpg 600w, https:\/\/gesunde-gestaltung.de\/wp-content\/uploads\/2024\/04\/Newsletter-800x559.jpg 800w, https:\/\/gesunde-gestaltung.de\/wp-content\/uploads\/2024\/04\/Newsletter-1200x838.jpg 1200w, https:\/\/gesunde-gestaltung.de\/wp-content\/uploads\/2024\/04\/Newsletter.jpg 2388w\" sizes=\"(min-width: 2200px) 100vw, (min-width: 712px) 580px, (min-width: 640px) 712px, \" \/><div class=\"fusion-rollover\">\n\t<div class=\"fusion-rollover-content\">\n\n\t\t\t\t\t\t\t\t\t\t\t\t\t\t<a class=\"fusion-rollover-link\" href=\"https:\/\/gesunde-gestaltung.de\/en_us\/uncategorized\/news-04-2024-take-shelter\/\">News 04\/2024: Take shelter!<\/a>\n\t\t\t\n\t\t\t\t\t\t\t\t\t\t\t\t\t\t\n\t\t\t\t\t\t\t\t\n\t\t\t\t\t\t\t\t\t\t\t\t\t<div class=\"fusion-rollover-sep\"><\/div>\n\t\t\t\t\n\t\t\t\t\t\t\t\t\t\t\t\t\t\t\t\t\t\t<a class=\"fusion-rollover-gallery\" href=\"https:\/\/gesunde-gestaltung.de\/wp-content\/uploads\/2024\/04\/Newsletter.jpg\" data-id=\"2455\" data-rel=\"iLightbox[gallery]\" data-title=\"Newsletter\" data-caption=\"\">\n\t\t\t\t\t\tGallery\t\t\t\t\t<\/a>\n\t\t\t\t\t\t\t\t\t\t\t\t\t\t\n\t\t\n\t\t\t\t\t\t\t\t\t\t\t\t<h4 class=\"fusion-rollover-title\">\n\t\t\t\t\t<a class=\"fusion-rollover-title-link\" href=\"https:\/\/gesunde-gestaltung.de\/en_us\/uncategorized\/news-04-2024-take-shelter\/\">\n\t\t\t\t\t\tNews 04\/2024: Take shelter!\t\t\t\t\t<\/a>\n\t\t\t\t<\/h4>\n\t\t\t\n\t\t\t\t\t\t\t\t\t\t<div class=\"fusion-rollover-categories\"><a href=\"https:\/\/gesunde-gestaltung.de\/en_us\/category\/_newsletter\/\" rel=\"tag\">_NEWSLETTER<\/a>, <a href=\"https:\/\/gesunde-gestaltung.de\/en_us\/category\/uncategorized\/\" rel=\"tag\">Uncategorized<\/a><\/div>\t\t\t\t\t\n\t\t\n\t\t\t\t\t\t<a class=\"fusion-link-wrapper\" href=\"https:\/\/gesunde-gestaltung.de\/en_us\/uncategorized\/news-04-2024-take-shelter\/\" aria-label=\"News 04\/2024: Take shelter!\"><\/a>\n\t<\/div>\n<\/div>\n<\/div>\n<\/li>\n\t\t\t\n\t\t\t\n\t\t\t\t\t\t\t\t\t\t\t\t\t\t\t\t\t\t\t\t\t\t\t\t\t\t\t\t\t\t\t\t\t\t\t\t\t\t\t\t\t\t\t\t\t\t\t\t\t\t\t\t\t\t\t\t\t\t\t\t\t\t\t\t\t\t\t\t<\/ul>\n\t<\/div>\n\t<div class=\"fusion-post-content-wrapper\" style=\"padding:30px 25px 25px 25px;\"><div class=\"fusion-post-content post-content\"><h2 class=\"blog-shortcode-post-title entry-title\"><a href=\"https:\/\/gesunde-gestaltung.de\/en_us\/uncategorized\/news-04-2024-take-shelter\/\">News 04\/2024: Take shelter!<\/a><\/h2><div class=\"fusion-post-content-container\"><p>Schutz vor Umwelteinfl\u00fcssen wie Regen, K\u00e4lte oder Sturm: das ist eine der zentralen Funktionen gebauter Umwelt. Manchen gew\u00e4hrt sie aber [...]<\/p><\/div><\/div><\/div><div class=\"fusion-clearfix\"><\/div><\/div>\n<\/article>\n<article id=\"blog-1-post-2414\" class=\"fusion-post-grid post-2414 post type-post status-publish format-standard has-post-thumbnail hentry category-case-studies category-evidence-based-design category-forschungsmethoden category-podcast category-uncategorized\">\n<div class=\"fusion-post-wrapper\" style=\"background-color:rgba(226,226,226,0.15);border:1px solid #f2f3f5;border-bottom-width:3px;\">\n\n\t\t\t<div class=\"fusion-flexslider flexslider fusion-flexslider-loading fusion-post-slideshow\" style=\"border-color:#f2f3f5;\">\n\t\t<ul class=\"slides\">\n\t\t\t\n\t\t\t\t\t\t\t\t\t\t\t\t\t\t<li><div  class=\"fusion-image-wrapper\" aria-haspopup=\"true\">\n\t\t\t\t<img decoding=\"async\" width=\"2560\" height=\"1920\" src=\"https:\/\/gesunde-gestaltung.de\/wp-content\/uploads\/2024\/03\/Elise-Peters-1-scaled.jpg\" class=\"attachment-full size-full wp-post-image\" alt=\"\" srcset=\"https:\/\/gesunde-gestaltung.de\/wp-content\/uploads\/2024\/03\/Elise-Peters-1-200x150.jpg 200w, https:\/\/gesunde-gestaltung.de\/wp-content\/uploads\/2024\/03\/Elise-Peters-1-400x300.jpg 400w, https:\/\/gesunde-gestaltung.de\/wp-content\/uploads\/2024\/03\/Elise-Peters-1-600x450.jpg 600w, https:\/\/gesunde-gestaltung.de\/wp-content\/uploads\/2024\/03\/Elise-Peters-1-800x600.jpg 800w, https:\/\/gesunde-gestaltung.de\/wp-content\/uploads\/2024\/03\/Elise-Peters-1-1200x900.jpg 1200w, https:\/\/gesunde-gestaltung.de\/wp-content\/uploads\/2024\/03\/Elise-Peters-1-scaled.jpg 2560w\" sizes=\"(min-width: 2200px) 100vw, (min-width: 712px) 580px, (min-width: 640px) 712px, \" \/><div class=\"fusion-rollover\">\n\t<div class=\"fusion-rollover-content\">\n\n\t\t\t\t\t\t\t\t\t\t\t\t\t\t<a class=\"fusion-rollover-link\" href=\"https:\/\/gesunde-gestaltung.de\/en_us\/uncategorized\/24-dr-elise-peters-on-the-design-and-evaluation-of-shelters-for-women-and-homeless\/\">#24: Dr. Elise Peters on the design and evaluation of shelters for women and homeless<\/a>\n\t\t\t\n\t\t\t\t\t\t\t\t\t\t\t\t\t\t\n\t\t\t\t\t\t\t\t\n\t\t\t\t\t\t\t\t\t\t\t\t\t<div class=\"fusion-rollover-sep\"><\/div>\n\t\t\t\t\n\t\t\t\t\t\t\t\t\t\t\t\t\t\t\t\t\t\t<a class=\"fusion-rollover-gallery\" href=\"https:\/\/gesunde-gestaltung.de\/wp-content\/uploads\/2024\/03\/Elise-Peters-1-scaled.jpg\" data-id=\"2414\" data-rel=\"iLightbox[gallery]\" data-title=\"Elise Peters\" data-caption=\"\">\n\t\t\t\t\t\tGallery\t\t\t\t\t<\/a>\n\t\t\t\t\t\t\t\t\t\t\t\t\t\t\n\t\t\n\t\t\t\t\t\t\t\t\t\t\t\t<h4 class=\"fusion-rollover-title\">\n\t\t\t\t\t<a class=\"fusion-rollover-title-link\" href=\"https:\/\/gesunde-gestaltung.de\/en_us\/uncategorized\/24-dr-elise-peters-on-the-design-and-evaluation-of-shelters-for-women-and-homeless\/\">\n\t\t\t\t\t\t#24: Dr. Elise Peters on the design and evaluation of shelters for women and homeless\t\t\t\t\t<\/a>\n\t\t\t\t<\/h4>\n\t\t\t\n\t\t\t\t\t\t\t\t\t\t<div class=\"fusion-rollover-categories\"><a href=\"https:\/\/gesunde-gestaltung.de\/en_us\/category\/case-studies\/\" rel=\"tag\">Case Studies<\/a>, <a href=\"https:\/\/gesunde-gestaltung.de\/en_us\/category\/evidence-based-design\/\" rel=\"tag\">Evidence-based Design<\/a>, <a href=\"https:\/\/gesunde-gestaltung.de\/en_us\/category\/forschungsmethoden\/\" rel=\"tag\">Research methods<\/a>, <a href=\"https:\/\/gesunde-gestaltung.de\/en_us\/category\/podcast\/\" rel=\"tag\">Podcast<\/a>, <a href=\"https:\/\/gesunde-gestaltung.de\/en_us\/category\/uncategorized\/\" rel=\"tag\">Uncategorized<\/a><\/div>\t\t\t\t\t\n\t\t\n\t\t\t\t\t\t<a class=\"fusion-link-wrapper\" href=\"https:\/\/gesunde-gestaltung.de\/en_us\/uncategorized\/24-dr-elise-peters-on-the-design-and-evaluation-of-shelters-for-women-and-homeless\/\" aria-label=\"#24: Dr. Elise Peters on the design and evaluation of shelters for women and homeless\"><\/a>\n\t<\/div>\n<\/div>\n<\/div>\n<\/li>\n\t\t\t\n\t\t\t\n\t\t\t\t\t\t\t\t\t\t\t\t\t\t\t\t\t\t\t\t\t\t\t\t\t\t\t\t\t\t\t\t\t\t\t\t\t\t\t\t\t\t\t\t\t\t\t\t\t\t\t\t\t\t\t\t\t\t\t\t\t\t\t\t\t\t\t\t<\/ul>\n\t<\/div>\n\t<div class=\"fusion-post-content-wrapper\" style=\"padding:30px 25px 25px 25px;\"><div class=\"fusion-post-content post-content\"><h2 class=\"blog-shortcode-post-title entry-title\"><a href=\"https:\/\/gesunde-gestaltung.de\/en_us\/uncategorized\/24-dr-elise-peters-on-the-design-and-evaluation-of-shelters-for-women-and-homeless\/\">#24: Dr. Elise Peters on the design and evaluation of shelters for women and homeless<\/a><\/h2><div class=\"fusion-post-content-container\"><p>Dr. Elise Peters is an environmental child psychologist and works as a senior researcher and teacher at Windesheim University of [...]<\/p><\/div><\/div><\/div><div class=\"fusion-clearfix\"><\/div><\/div>\n<\/article>\n<article id=\"blog-1-post-2132\" class=\"fusion-post-grid post-2132 post type-post status-publish format-standard has-post-thumbnail hentry category-aktivitaetssteigerung category-designmethoden category-evidence-based-design category-forschungsmethoden category-nachhaltigkeit category-podcast category-uncategorized\">\n<div class=\"fusion-post-wrapper\" style=\"background-color:rgba(226,226,226,0.15);border:1px solid #f2f3f5;border-bottom-width:3px;\">\n\n\t\t\t<div class=\"fusion-flexslider flexslider fusion-flexslider-loading fusion-post-slideshow\" style=\"border-color:#f2f3f5;\">\n\t\t<ul class=\"slides\">\n\t\t\t\n\t\t\t\t\t\t\t\t\t\t\t\t\t\t<li><div  class=\"fusion-image-wrapper\" aria-haspopup=\"true\">\n\t\t\t\t<img decoding=\"async\" width=\"2560\" height=\"1920\" src=\"https:\/\/gesunde-gestaltung.de\/wp-content\/uploads\/2023\/07\/Hassenzahl-1-scaled.jpg\" class=\"attachment-full size-full wp-post-image\" alt=\"\" srcset=\"https:\/\/gesunde-gestaltung.de\/wp-content\/uploads\/2023\/07\/Hassenzahl-1-200x150.jpg 200w, https:\/\/gesunde-gestaltung.de\/wp-content\/uploads\/2023\/07\/Hassenzahl-1-400x300.jpg 400w, https:\/\/gesunde-gestaltung.de\/wp-content\/uploads\/2023\/07\/Hassenzahl-1-600x450.jpg 600w, https:\/\/gesunde-gestaltung.de\/wp-content\/uploads\/2023\/07\/Hassenzahl-1-800x600.jpg 800w, https:\/\/gesunde-gestaltung.de\/wp-content\/uploads\/2023\/07\/Hassenzahl-1-1200x900.jpg 1200w, https:\/\/gesunde-gestaltung.de\/wp-content\/uploads\/2023\/07\/Hassenzahl-1-scaled.jpg 2560w\" sizes=\"(min-width: 2200px) 100vw, (min-width: 712px) 580px, (min-width: 640px) 712px, \" \/><div class=\"fusion-rollover\">\n\t<div class=\"fusion-rollover-content\">\n\n\t\t\t\t\t\t\t\t\t\t\t\t\t\t<a class=\"fusion-rollover-link\" href=\"https:\/\/gesunde-gestaltung.de\/en_us\/uncategorized\/23-prof-dr-marc-hassenzahl-zu-ki-im-therapeutischen-kontext-experience-design-und-beduerfnisorientierung\/\">#23: Prof. Dr. Marc Hassenzahl zu KI im therapeutischen Kontext, Experience Design und Bed\u00fcrfnisorientierung<\/a>\n\t\t\t\n\t\t\t\t\t\t\t\t\t\t\t\t\t\t\n\t\t\t\t\t\t\t\t\n\t\t\t\t\t\t\t\t\t\t\t\t\t<div class=\"fusion-rollover-sep\"><\/div>\n\t\t\t\t\n\t\t\t\t\t\t\t\t\t\t\t\t\t\t\t\t\t\t<a class=\"fusion-rollover-gallery\" href=\"https:\/\/gesunde-gestaltung.de\/wp-content\/uploads\/2023\/07\/Hassenzahl-1-scaled.jpg\" data-id=\"2132\" data-rel=\"iLightbox[gallery]\" data-title=\"Hassenzahl\" data-caption=\"\">\n\t\t\t\t\t\tGallery\t\t\t\t\t<\/a>\n\t\t\t\t\t\t\t\t\t\t\t\t\t\t\n\t\t\n\t\t\t\t\t\t\t\t\t\t\t\t<h4 class=\"fusion-rollover-title\">\n\t\t\t\t\t<a class=\"fusion-rollover-title-link\" href=\"https:\/\/gesunde-gestaltung.de\/en_us\/uncategorized\/23-prof-dr-marc-hassenzahl-zu-ki-im-therapeutischen-kontext-experience-design-und-beduerfnisorientierung\/\">\n\t\t\t\t\t\t#23: Prof. Dr. Marc Hassenzahl zu KI im therapeutischen Kontext, Experience Design und Bed\u00fcrfnisorientierung\t\t\t\t\t<\/a>\n\t\t\t\t<\/h4>\n\t\t\t\n\t\t\t\t\t\t\t\t\t\t<div class=\"fusion-rollover-categories\"><a href=\"https:\/\/gesunde-gestaltung.de\/en_us\/category\/aktivitaetssteigerung\/\" rel=\"tag\">Aktivit\u00e4tssteigerung<\/a>, <a href=\"https:\/\/gesunde-gestaltung.de\/en_us\/category\/designmethoden\/\" rel=\"tag\">Designmethoden<\/a>, <a href=\"https:\/\/gesunde-gestaltung.de\/en_us\/category\/evidence-based-design\/\" rel=\"tag\">Evidence-based Design<\/a>, <a href=\"https:\/\/gesunde-gestaltung.de\/en_us\/category\/forschungsmethoden\/\" rel=\"tag\">Research methods<\/a>, <a href=\"https:\/\/gesunde-gestaltung.de\/en_us\/category\/nachhaltigkeit\/\" rel=\"tag\">Nachhaltigkeit<\/a>, <a href=\"https:\/\/gesunde-gestaltung.de\/en_us\/category\/podcast\/\" rel=\"tag\">Podcast<\/a>, <a href=\"https:\/\/gesunde-gestaltung.de\/en_us\/category\/uncategorized\/\" rel=\"tag\">Uncategorized<\/a><\/div>\t\t\t\t\t\n\t\t\n\t\t\t\t\t\t<a class=\"fusion-link-wrapper\" href=\"https:\/\/gesunde-gestaltung.de\/en_us\/uncategorized\/23-prof-dr-marc-hassenzahl-zu-ki-im-therapeutischen-kontext-experience-design-und-beduerfnisorientierung\/\" aria-label=\"#23: Prof. Dr. Marc Hassenzahl zu KI im therapeutischen Kontext, Experience Design und Bed\u00fcrfnisorientierung\"><\/a>\n\t<\/div>\n<\/div>\n<\/div>\n<\/li>\n\t\t\t\n\t\t\t\n\t\t\t\t\t\t\t\t\t\t\t\t\t\t\t\t\t\t\t\t\t\t\t\t\t\t\t\t\t\t\t\t\t\t\t\t\t\t\t\t\t\t\t\t\t\t\t\t\t\t\t\t\t\t\t\t\t\t\t\t\t\t\t\t\t\t\t\t<\/ul>\n\t<\/div>\n\t<div class=\"fusion-post-content-wrapper\" style=\"padding:30px 25px 25px 25px;\"><div class=\"fusion-post-content post-content\"><h2 class=\"blog-shortcode-post-title entry-title\"><a href=\"https:\/\/gesunde-gestaltung.de\/en_us\/uncategorized\/23-prof-dr-marc-hassenzahl-zu-ki-im-therapeutischen-kontext-experience-design-und-beduerfnisorientierung\/\">#23: Prof. Dr. Marc Hassenzahl zu KI im therapeutischen Kontext, Experience Design und Bed\u00fcrfnisorientierung<\/a><\/h2><div class=\"fusion-post-content-container\"><p>Dr. Marc Hassenzahl ist Professor f\u00fcr \"Ubiquitous Design \/ Erlebnis und Interaktion\" am Institut f\u00fcr Wirtschaftsinformatik der Universit\u00e4t Siegen. Als [...]<\/p><\/div><\/div><\/div><div class=\"fusion-clearfix\"><\/div><\/div>\n<\/article>\n<article id=\"blog-1-post-2121\" class=\"fusion-post-grid post-2121 post type-post status-publish format-standard has-post-thumbnail hentry category-designmethoden category-designtheorie category-evidence-based-design category-forschungsmethoden category-podcast category-uncategorized\">\n<div class=\"fusion-post-wrapper\" style=\"background-color:rgba(226,226,226,0.15);border:1px solid #f2f3f5;border-bottom-width:3px;\">\n\n\t\t\t<div class=\"fusion-flexslider flexslider fusion-flexslider-loading fusion-post-slideshow\" style=\"border-color:#f2f3f5;\">\n\t\t<ul class=\"slides\">\n\t\t\t\n\t\t\t\t\t\t\t\t\t\t\t\t\t\t<li><div  class=\"fusion-image-wrapper\" aria-haspopup=\"true\">\n\t\t\t\t<img decoding=\"async\" width=\"2560\" height=\"2560\" src=\"https:\/\/gesunde-gestaltung.de\/wp-content\/uploads\/2023\/07\/Podcast-Modelle-scaled.jpg\" class=\"attachment-full size-full wp-post-image\" alt=\"\" srcset=\"https:\/\/gesunde-gestaltung.de\/wp-content\/uploads\/2023\/07\/Podcast-Modelle-200x200.jpg 200w, https:\/\/gesunde-gestaltung.de\/wp-content\/uploads\/2023\/07\/Podcast-Modelle-400x400.jpg 400w, https:\/\/gesunde-gestaltung.de\/wp-content\/uploads\/2023\/07\/Podcast-Modelle-600x600.jpg 600w, https:\/\/gesunde-gestaltung.de\/wp-content\/uploads\/2023\/07\/Podcast-Modelle-800x800.jpg 800w, https:\/\/gesunde-gestaltung.de\/wp-content\/uploads\/2023\/07\/Podcast-Modelle-1200x1200.jpg 1200w, https:\/\/gesunde-gestaltung.de\/wp-content\/uploads\/2023\/07\/Podcast-Modelle-scaled.jpg 2560w\" sizes=\"(min-width: 2200px) 100vw, (min-width: 712px) 580px, (min-width: 640px) 712px, \" \/><div class=\"fusion-rollover\">\n\t<div class=\"fusion-rollover-content\">\n\n\t\t\t\t\t\t\t\t\t\t\t\t\t\t<a class=\"fusion-rollover-link\" href=\"https:\/\/gesunde-gestaltung.de\/en_us\/uncategorized\/22-basic-design-prozesse\/\">#22 BASIC: Design-Prozesse<\/a>\n\t\t\t\n\t\t\t\t\t\t\t\t\t\t\t\t\t\t\n\t\t\t\t\t\t\t\t\n\t\t\t\t\t\t\t\t\t\t\t\t\t<div class=\"fusion-rollover-sep\"><\/div>\n\t\t\t\t\n\t\t\t\t\t\t\t\t\t\t\t\t\t\t\t\t\t\t<a class=\"fusion-rollover-gallery\" href=\"https:\/\/gesunde-gestaltung.de\/wp-content\/uploads\/2023\/07\/Podcast-Modelle-scaled.jpg\" data-id=\"2121\" data-rel=\"iLightbox[gallery]\" data-title=\"Podcast Modelle\" data-caption=\"\">\n\t\t\t\t\t\tGallery\t\t\t\t\t<\/a>\n\t\t\t\t\t\t\t\t\t\t\t\t\t\t\n\t\t\n\t\t\t\t\t\t\t\t\t\t\t\t<h4 class=\"fusion-rollover-title\">\n\t\t\t\t\t<a class=\"fusion-rollover-title-link\" href=\"https:\/\/gesunde-gestaltung.de\/en_us\/uncategorized\/22-basic-design-prozesse\/\">\n\t\t\t\t\t\t#22 BASIC: Design-Prozesse\t\t\t\t\t<\/a>\n\t\t\t\t<\/h4>\n\t\t\t\n\t\t\t\t\t\t\t\t\t\t<div class=\"fusion-rollover-categories\"><a href=\"https:\/\/gesunde-gestaltung.de\/en_us\/category\/designmethoden\/\" rel=\"tag\">Designmethoden<\/a>, <a href=\"https:\/\/gesunde-gestaltung.de\/en_us\/category\/designtheorie\/\" rel=\"tag\">Designtheorie<\/a>, <a href=\"https:\/\/gesunde-gestaltung.de\/en_us\/category\/evidence-based-design\/\" rel=\"tag\">Evidence-based Design<\/a>, <a href=\"https:\/\/gesunde-gestaltung.de\/en_us\/category\/forschungsmethoden\/\" rel=\"tag\">Research methods<\/a>, <a href=\"https:\/\/gesunde-gestaltung.de\/en_us\/category\/podcast\/\" rel=\"tag\">Podcast<\/a>, <a href=\"https:\/\/gesunde-gestaltung.de\/en_us\/category\/uncategorized\/\" rel=\"tag\">Uncategorized<\/a><\/div>\t\t\t\t\t\n\t\t\n\t\t\t\t\t\t<a class=\"fusion-link-wrapper\" href=\"https:\/\/gesunde-gestaltung.de\/en_us\/uncategorized\/22-basic-design-prozesse\/\" aria-label=\"#22 BASIC: Design-Prozesse\"><\/a>\n\t<\/div>\n<\/div>\n<\/div>\n<\/li>\n\t\t\t\n\t\t\t\n\t\t\t\t\t\t\t\t\t\t\t\t\t\t\t\t\t\t\t\t\t\t\t\t\t\t\t\t\t\t\t\t\t\t\t\t\t\t\t\t\t\t\t\t\t\t\t\t\t\t\t\t\t\t\t\t\t\t\t\t\t\t\t\t\t\t\t\t<\/ul>\n\t<\/div>\n\t<div class=\"fusion-post-content-wrapper\" style=\"padding:30px 25px 25px 25px;\"><div class=\"fusion-post-content post-content\"><h2 class=\"blog-shortcode-post-title entry-title\"><a href=\"https:\/\/gesunde-gestaltung.de\/en_us\/uncategorized\/22-basic-design-prozesse\/\">#22 BASIC: Design-Prozesse<\/a><\/h2><div class=\"fusion-post-content-container\"><p>Wie sind Gestaltungsprozese zu strukturieren, damit die Ergebnisse tats\u00e4chlich gesundheitsf\u00f6rdernd sein k\u00f6nnen? Welche Rolle k\u00f6nnen Designmodelle und Strategien bei der [...]<\/p><\/div><\/div><\/div><div class=\"fusion-clearfix\"><\/div><\/div>\n<\/article>\n<article id=\"blog-1-post-2086\" class=\"fusion-post-grid post-2086 post type-post status-publish format-standard has-post-thumbnail hentry category-designmethoden category-designtheorie category-evidence-based-design category-forschungsmethoden category-podcast category-uncategorized\">\n<div class=\"fusion-post-wrapper\" style=\"background-color:rgba(226,226,226,0.15);border:1px solid #f2f3f5;border-bottom-width:3px;\">\n\n\t\t\t<div class=\"fusion-flexslider flexslider fusion-flexslider-loading fusion-post-slideshow\" style=\"border-color:#f2f3f5;\">\n\t\t<ul class=\"slides\">\n\t\t\t\n\t\t\t\t\t\t\t\t\t\t\t\t\t\t<li><div  class=\"fusion-image-wrapper\" aria-haspopup=\"true\">\n\t\t\t\t<img decoding=\"async\" width=\"1111\" height=\"833\" src=\"https:\/\/gesunde-gestaltung.de\/wp-content\/uploads\/2023\/04\/Nicole-Busch.jpg\" class=\"attachment-full size-full wp-post-image\" alt=\"\" srcset=\"https:\/\/gesunde-gestaltung.de\/wp-content\/uploads\/2023\/04\/Nicole-Busch-200x150.jpg 200w, https:\/\/gesunde-gestaltung.de\/wp-content\/uploads\/2023\/04\/Nicole-Busch-400x300.jpg 400w, https:\/\/gesunde-gestaltung.de\/wp-content\/uploads\/2023\/04\/Nicole-Busch-600x450.jpg 600w, https:\/\/gesunde-gestaltung.de\/wp-content\/uploads\/2023\/04\/Nicole-Busch-800x600.jpg 800w, https:\/\/gesunde-gestaltung.de\/wp-content\/uploads\/2023\/04\/Nicole-Busch.jpg 1111w\" sizes=\"(min-width: 2200px) 100vw, (min-width: 712px) 580px, (min-width: 640px) 712px, \" \/><div class=\"fusion-rollover\">\n\t<div class=\"fusion-rollover-content\">\n\n\t\t\t\t\t\t\t\t\t\t\t\t\t\t<a class=\"fusion-rollover-link\" href=\"https:\/\/gesunde-gestaltung.de\/en_us\/uncategorized\/21-dr-nicole-busch-als-design-researcher-biologin-und-feuerwehrfrau-zu-methoden-ansaetzen-und-lessons-learned\/\">#21: Dr. Nicole Busch als Design Researcher, Biologin und Feuerwehrfrau zu Methoden, Ans\u00e4tzen und Lessons learned<\/a>\n\t\t\t\n\t\t\t\t\t\t\t\t\t\t\t\t\t\t\n\t\t\t\t\t\t\t\t\n\t\t\t\t\t\t\t\t\t\t\t\t\t<div class=\"fusion-rollover-sep\"><\/div>\n\t\t\t\t\n\t\t\t\t\t\t\t\t\t\t\t\t\t\t\t\t\t\t<a class=\"fusion-rollover-gallery\" href=\"https:\/\/gesunde-gestaltung.de\/wp-content\/uploads\/2023\/04\/Nicole-Busch.jpg\" data-id=\"2086\" data-rel=\"iLightbox[gallery]\" data-title=\"Nicole Busch\" data-caption=\"\">\n\t\t\t\t\t\tGallery\t\t\t\t\t<\/a>\n\t\t\t\t\t\t\t\t\t\t\t\t\t\t\n\t\t\n\t\t\t\t\t\t\t\t\t\t\t\t<h4 class=\"fusion-rollover-title\">\n\t\t\t\t\t<a class=\"fusion-rollover-title-link\" href=\"https:\/\/gesunde-gestaltung.de\/en_us\/uncategorized\/21-dr-nicole-busch-als-design-researcher-biologin-und-feuerwehrfrau-zu-methoden-ansaetzen-und-lessons-learned\/\">\n\t\t\t\t\t\t#21: Dr. Nicole Busch als Design Researcher, Biologin und Feuerwehrfrau zu Methoden, Ans\u00e4tzen und Lessons learned\t\t\t\t\t<\/a>\n\t\t\t\t<\/h4>\n\t\t\t\n\t\t\t\t\t\t\t\t\t\t<div class=\"fusion-rollover-categories\"><a href=\"https:\/\/gesunde-gestaltung.de\/en_us\/category\/designmethoden\/\" rel=\"tag\">Designmethoden<\/a>, <a href=\"https:\/\/gesunde-gestaltung.de\/en_us\/category\/designtheorie\/\" rel=\"tag\">Designtheorie<\/a>, <a href=\"https:\/\/gesunde-gestaltung.de\/en_us\/category\/evidence-based-design\/\" rel=\"tag\">Evidence-based Design<\/a>, <a href=\"https:\/\/gesunde-gestaltung.de\/en_us\/category\/forschungsmethoden\/\" rel=\"tag\">Research methods<\/a>, <a href=\"https:\/\/gesunde-gestaltung.de\/en_us\/category\/podcast\/\" rel=\"tag\">Podcast<\/a>, <a href=\"https:\/\/gesunde-gestaltung.de\/en_us\/category\/uncategorized\/\" rel=\"tag\">Uncategorized<\/a><\/div>\t\t\t\t\t\n\t\t\n\t\t\t\t\t\t<a class=\"fusion-link-wrapper\" href=\"https:\/\/gesunde-gestaltung.de\/en_us\/uncategorized\/21-dr-nicole-busch-als-design-researcher-biologin-und-feuerwehrfrau-zu-methoden-ansaetzen-und-lessons-learned\/\" aria-label=\"#21: Dr. Nicole Busch als Design Researcher, Biologin und Feuerwehrfrau zu Methoden, Ans\u00e4tzen und Lessons learned\"><\/a>\n\t<\/div>\n<\/div>\n<\/div>\n<\/li>\n\t\t\t\n\t\t\t\n\t\t\t\t\t\t\t\t\t\t\t\t\t\t\t\t\t\t\t\t\t\t\t\t\t\t\t\t\t\t\t\t\t\t\t\t\t\t\t\t\t\t\t\t\t\t\t\t\t\t\t\t\t\t\t\t\t\t\t\t\t\t\t\t\t\t\t\t<\/ul>\n\t<\/div>\n\t<div class=\"fusion-post-content-wrapper\" style=\"padding:30px 25px 25px 25px;\"><div class=\"fusion-post-content post-content\"><h2 class=\"blog-shortcode-post-title entry-title\"><a href=\"https:\/\/gesunde-gestaltung.de\/en_us\/uncategorized\/21-dr-nicole-busch-als-design-researcher-biologin-und-feuerwehrfrau-zu-methoden-ansaetzen-und-lessons-learned\/\">#21: Dr. Nicole Busch als Design Researcher, Biologin und Feuerwehrfrau zu Methoden, Ans\u00e4tzen und Lessons learned<\/a><\/h2><div class=\"fusion-post-content-container\"><p>Dr. Nicole Busch (*1970) arbeitet bei Miele &amp; Cie. KG als Consumer Trend Researcher und ist unter dem Namen \u201abuschwerk\u2019 [...]<\/p><\/div><\/div><\/div><div class=\"fusion-clearfix\"><\/div><\/div>\n<\/article>\n<article id=\"blog-1-post-2079\" class=\"fusion-post-grid post-2079 post type-post status-publish format-standard has-post-thumbnail hentry category-aktivitaetssteigerung category-podcast category-trends-und-entwicklungen category-uncategorized\">\n<div class=\"fusion-post-wrapper\" style=\"background-color:rgba(226,226,226,0.15);border:1px solid #f2f3f5;border-bottom-width:3px;\">\n\n\t\t\t<div class=\"fusion-flexslider flexslider fusion-flexslider-loading fusion-post-slideshow\" style=\"border-color:#f2f3f5;\">\n\t\t<ul class=\"slides\">\n\t\t\t\n\t\t\t\t\t\t\t\t\t\t\t\t\t\t<li><div  class=\"fusion-image-wrapper\" aria-haspopup=\"true\">\n\t\t\t\t<img decoding=\"async\" width=\"2560\" height=\"2560\" src=\"https:\/\/gesunde-gestaltung.de\/wp-content\/uploads\/2023\/03\/Podcast-Tracking4-scaled.jpg\" class=\"attachment-full size-full wp-post-image\" alt=\"\" srcset=\"https:\/\/gesunde-gestaltung.de\/wp-content\/uploads\/2023\/03\/Podcast-Tracking4-200x200.jpg 200w, https:\/\/gesunde-gestaltung.de\/wp-content\/uploads\/2023\/03\/Podcast-Tracking4-400x400.jpg 400w, https:\/\/gesunde-gestaltung.de\/wp-content\/uploads\/2023\/03\/Podcast-Tracking4-600x600.jpg 600w, https:\/\/gesunde-gestaltung.de\/wp-content\/uploads\/2023\/03\/Podcast-Tracking4-800x800.jpg 800w, https:\/\/gesunde-gestaltung.de\/wp-content\/uploads\/2023\/03\/Podcast-Tracking4-1200x1200.jpg 1200w, https:\/\/gesunde-gestaltung.de\/wp-content\/uploads\/2023\/03\/Podcast-Tracking4-scaled.jpg 2560w\" sizes=\"(min-width: 2200px) 100vw, (min-width: 712px) 580px, (min-width: 640px) 712px, \" \/><div class=\"fusion-rollover\">\n\t<div class=\"fusion-rollover-content\">\n\n\t\t\t\t\t\t\t\t\t\t\t\t\t\t<a class=\"fusion-rollover-link\" href=\"https:\/\/gesunde-gestaltung.de\/en_us\/uncategorized\/20-basic-tracking-health\/\">#20 BASIC: Tracking Health<\/a>\n\t\t\t\n\t\t\t\t\t\t\t\t\t\t\t\t\t\t\n\t\t\t\t\t\t\t\t\n\t\t\t\t\t\t\t\t\t\t\t\t\t<div class=\"fusion-rollover-sep\"><\/div>\n\t\t\t\t\n\t\t\t\t\t\t\t\t\t\t\t\t\t\t\t\t\t\t<a class=\"fusion-rollover-gallery\" href=\"https:\/\/gesunde-gestaltung.de\/wp-content\/uploads\/2023\/03\/Podcast-Tracking4-scaled.jpg\" data-id=\"2079\" data-rel=\"iLightbox[gallery]\" data-title=\"Podcast Tracking4\" data-caption=\"\">\n\t\t\t\t\t\tGallery\t\t\t\t\t<\/a>\n\t\t\t\t\t\t\t\t\t\t\t\t\t\t\n\t\t\n\t\t\t\t\t\t\t\t\t\t\t\t<h4 class=\"fusion-rollover-title\">\n\t\t\t\t\t<a class=\"fusion-rollover-title-link\" href=\"https:\/\/gesunde-gestaltung.de\/en_us\/uncategorized\/20-basic-tracking-health\/\">\n\t\t\t\t\t\t#20 BASIC: Tracking Health\t\t\t\t\t<\/a>\n\t\t\t\t<\/h4>\n\t\t\t\n\t\t\t\t\t\t\t\t\t\t<div class=\"fusion-rollover-categories\"><a href=\"https:\/\/gesunde-gestaltung.de\/en_us\/category\/aktivitaetssteigerung\/\" rel=\"tag\">Aktivit\u00e4tssteigerung<\/a>, <a href=\"https:\/\/gesunde-gestaltung.de\/en_us\/category\/podcast\/\" rel=\"tag\">Podcast<\/a>, <a href=\"https:\/\/gesunde-gestaltung.de\/en_us\/category\/trends-und-entwicklungen\/\" rel=\"tag\">Trends und Entwicklungen<\/a>, <a href=\"https:\/\/gesunde-gestaltung.de\/en_us\/category\/uncategorized\/\" rel=\"tag\">Uncategorized<\/a><\/div>\t\t\t\t\t\n\t\t\n\t\t\t\t\t\t<a class=\"fusion-link-wrapper\" href=\"https:\/\/gesunde-gestaltung.de\/en_us\/uncategorized\/20-basic-tracking-health\/\" aria-label=\"#20 BASIC: Tracking Health\"><\/a>\n\t<\/div>\n<\/div>\n<\/div>\n<\/li>\n\t\t\t\n\t\t\t\n\t\t\t\t\t\t\t\t\t\t\t\t\t\t\t\t\t\t\t\t\t\t\t\t\t\t\t\t\t\t\t\t\t\t\t\t\t\t\t\t\t\t\t\t\t\t\t\t\t\t\t\t\t\t\t\t\t\t\t\t\t\t\t\t\t\t\t\t<\/ul>\n\t<\/div>\n\t<div class=\"fusion-post-content-wrapper\" style=\"padding:30px 25px 25px 25px;\"><div class=\"fusion-post-content post-content\"><h2 class=\"blog-shortcode-post-title entry-title\"><a href=\"https:\/\/gesunde-gestaltung.de\/en_us\/uncategorized\/20-basic-tracking-health\/\">#20 BASIC: Tracking Health<\/a><\/h2><div class=\"fusion-post-content-container\"><p>Seit die ersten Pulsuhren den Massenmarkt eroberten hat sich technologisch viel getan. Heute k\u00f6nnen Smartwatches und Activity Tracker deutlich mehr [...]<\/p><\/div><\/div><\/div><div class=\"fusion-clearfix\"><\/div><\/div>\n<\/article>\n<article id=\"blog-1-post-1768\" class=\"fusion-post-grid post-1768 post type-post status-publish format-standard has-post-thumbnail hentry category-designtheorie category-podcast category-uncategorized\">\n<div class=\"fusion-post-wrapper\" style=\"background-color:rgba(226,226,226,0.15);border:1px solid #f2f3f5;border-bottom-width:3px;\">\n\n\t\t\t<div class=\"fusion-flexslider flexslider fusion-flexslider-loading fusion-post-slideshow\" style=\"border-color:#f2f3f5;\">\n\t\t<ul class=\"slides\">\n\t\t\t\n\t\t\t\t\t\t\t\t\t\t\t\t\t\t<li><div  class=\"fusion-image-wrapper\" aria-haspopup=\"true\">\n\t\t\t\t<img decoding=\"async\" width=\"1111\" height=\"833\" src=\"https:\/\/gesunde-gestaltung.de\/wp-content\/uploads\/2023\/02\/Stephan-Ott.jpg\" class=\"attachment-full size-full wp-post-image\" alt=\"\" srcset=\"https:\/\/gesunde-gestaltung.de\/wp-content\/uploads\/2023\/02\/Stephan-Ott-200x150.jpg 200w, https:\/\/gesunde-gestaltung.de\/wp-content\/uploads\/2023\/02\/Stephan-Ott-400x300.jpg 400w, https:\/\/gesunde-gestaltung.de\/wp-content\/uploads\/2023\/02\/Stephan-Ott-600x450.jpg 600w, https:\/\/gesunde-gestaltung.de\/wp-content\/uploads\/2023\/02\/Stephan-Ott-800x600.jpg 800w, https:\/\/gesunde-gestaltung.de\/wp-content\/uploads\/2023\/02\/Stephan-Ott.jpg 1111w\" sizes=\"(min-width: 2200px) 100vw, (min-width: 712px) 580px, (min-width: 640px) 712px, \" \/><div class=\"fusion-rollover\">\n\t<div class=\"fusion-rollover-content\">\n\n\t\t\t\t\t\t\t\t\t\t\t\t\t\t<a class=\"fusion-rollover-link\" href=\"https:\/\/gesunde-gestaltung.de\/en_us\/uncategorized\/18-stephan-ott-zur-rolle-von-gestaltenden-und-komplexitaet-der-gestaltung\/\">#19: Stephan Ott zur Rolle von Gestaltenden und Komplexit\u00e4t der Gestaltung<\/a>\n\t\t\t\n\t\t\t\t\t\t\t\t\t\t\t\t\t\t\n\t\t\t\t\t\t\t\t\n\t\t\t\t\t\t\t\t\t\t\t\t\t<div class=\"fusion-rollover-sep\"><\/div>\n\t\t\t\t\n\t\t\t\t\t\t\t\t\t\t\t\t\t\t\t\t\t\t<a class=\"fusion-rollover-gallery\" href=\"https:\/\/gesunde-gestaltung.de\/wp-content\/uploads\/2023\/02\/Stephan-Ott.jpg\" data-id=\"1768\" data-rel=\"iLightbox[gallery]\" data-title=\"Stephan Ott\" data-caption=\"\">\n\t\t\t\t\t\tGallery\t\t\t\t\t<\/a>\n\t\t\t\t\t\t\t\t\t\t\t\t\t\t\n\t\t\n\t\t\t\t\t\t\t\t\t\t\t\t<h4 class=\"fusion-rollover-title\">\n\t\t\t\t\t<a class=\"fusion-rollover-title-link\" href=\"https:\/\/gesunde-gestaltung.de\/en_us\/uncategorized\/18-stephan-ott-zur-rolle-von-gestaltenden-und-komplexitaet-der-gestaltung\/\">\n\t\t\t\t\t\t#19: Stephan Ott zur Rolle von Gestaltenden und Komplexit\u00e4t der Gestaltung\t\t\t\t\t<\/a>\n\t\t\t\t<\/h4>\n\t\t\t\n\t\t\t\t\t\t\t\t\t\t<div class=\"fusion-rollover-categories\"><a href=\"https:\/\/gesunde-gestaltung.de\/en_us\/category\/designtheorie\/\" rel=\"tag\">Designtheorie<\/a>, <a href=\"https:\/\/gesunde-gestaltung.de\/en_us\/category\/podcast\/\" rel=\"tag\">Podcast<\/a>, <a href=\"https:\/\/gesunde-gestaltung.de\/en_us\/category\/uncategorized\/\" rel=\"tag\">Uncategorized<\/a><\/div>\t\t\t\t\t\n\t\t\n\t\t\t\t\t\t<a class=\"fusion-link-wrapper\" href=\"https:\/\/gesunde-gestaltung.de\/en_us\/uncategorized\/18-stephan-ott-zur-rolle-von-gestaltenden-und-komplexitaet-der-gestaltung\/\" aria-label=\"#19: Stephan Ott zur Rolle von Gestaltenden und Komplexit\u00e4t der Gestaltung\"><\/a>\n\t<\/div>\n<\/div>\n<\/div>\n<\/li>\n\t\t\t\n\t\t\t\n\t\t\t\t\t\t\t\t\t\t\t\t\t\t\t\t\t\t\t\t\t\t\t\t\t\t\t\t\t\t\t\t\t\t\t\t\t\t\t\t\t\t\t\t\t\t\t\t\t\t\t\t\t\t\t\t\t\t\t\t\t\t\t\t\t\t\t\t<\/ul>\n\t<\/div>\n\t<div class=\"fusion-post-content-wrapper\" style=\"padding:30px 25px 25px 25px;\"><div class=\"fusion-post-content post-content\"><h2 class=\"blog-shortcode-post-title entry-title\"><a href=\"https:\/\/gesunde-gestaltung.de\/en_us\/uncategorized\/18-stephan-ott-zur-rolle-von-gestaltenden-und-komplexitaet-der-gestaltung\/\">#19: Stephan Ott zur Rolle von Gestaltenden und Komplexit\u00e4t der Gestaltung<\/a><\/h2><div class=\"fusion-post-content-container\"><p>Stephan Ott ist Director des Institute for Design Research and Appliance (IfDRA) des Rat f\u00fcr Formgebung \/ German Design Council. [...]<\/p><\/div><\/div><\/div><div class=\"fusion-clearfix\"><\/div><\/div>\n<\/article>\n<article id=\"blog-1-post-1764\" class=\"fusion-post-grid post-1764 post type-post status-publish format-standard has-post-thumbnail hentry category-designtheorie category-evidence-based-design category-podcast category-uncategorized category-wissenschaft\">\n<div class=\"fusion-post-wrapper\" style=\"background-color:rgba(226,226,226,0.15);border:1px solid #f2f3f5;border-bottom-width:3px;\">\n\n\t\t\t<div class=\"fusion-flexslider flexslider fusion-flexslider-loading fusion-post-slideshow\" style=\"border-color:#f2f3f5;\">\n\t\t<ul class=\"slides\">\n\t\t\t\n\t\t\t\t\t\t\t\t\t\t\t\t\t\t<li><div  class=\"fusion-image-wrapper\" aria-haspopup=\"true\">\n\t\t\t\t<img decoding=\"async\" width=\"2560\" height=\"2560\" src=\"https:\/\/gesunde-gestaltung.de\/wp-content\/uploads\/2023\/01\/Podcast-Stigma-scaled.jpg\" class=\"attachment-full size-full wp-post-image\" alt=\"\" srcset=\"https:\/\/gesunde-gestaltung.de\/wp-content\/uploads\/2023\/01\/Podcast-Stigma-200x200.jpg 200w, https:\/\/gesunde-gestaltung.de\/wp-content\/uploads\/2023\/01\/Podcast-Stigma-400x400.jpg 400w, https:\/\/gesunde-gestaltung.de\/wp-content\/uploads\/2023\/01\/Podcast-Stigma-600x600.jpg 600w, https:\/\/gesunde-gestaltung.de\/wp-content\/uploads\/2023\/01\/Podcast-Stigma-800x800.jpg 800w, https:\/\/gesunde-gestaltung.de\/wp-content\/uploads\/2023\/01\/Podcast-Stigma-1200x1200.jpg 1200w, https:\/\/gesunde-gestaltung.de\/wp-content\/uploads\/2023\/01\/Podcast-Stigma-scaled.jpg 2560w\" sizes=\"(min-width: 2200px) 100vw, (min-width: 712px) 580px, (min-width: 640px) 712px, \" \/><div class=\"fusion-rollover\">\n\t<div class=\"fusion-rollover-content\">\n\n\t\t\t\t\t\t\t\t\t\t\t\t\t\t<a class=\"fusion-rollover-link\" href=\"https:\/\/gesunde-gestaltung.de\/en_us\/uncategorized\/18-basic-design-stigma\/\">#18 BASIC: Design &#038; Stigma<\/a>\n\t\t\t\n\t\t\t\t\t\t\t\t\t\t\t\t\t\t\n\t\t\t\t\t\t\t\t\n\t\t\t\t\t\t\t\t\t\t\t\t\t<div class=\"fusion-rollover-sep\"><\/div>\n\t\t\t\t\n\t\t\t\t\t\t\t\t\t\t\t\t\t\t\t\t\t\t<a class=\"fusion-rollover-gallery\" href=\"https:\/\/gesunde-gestaltung.de\/wp-content\/uploads\/2023\/01\/Podcast-Stigma-scaled.jpg\" data-id=\"1764\" data-rel=\"iLightbox[gallery]\" data-title=\"Podcast Stigma\" data-caption=\"\">\n\t\t\t\t\t\tGallery\t\t\t\t\t<\/a>\n\t\t\t\t\t\t\t\t\t\t\t\t\t\t\n\t\t\n\t\t\t\t\t\t\t\t\t\t\t\t<h4 class=\"fusion-rollover-title\">\n\t\t\t\t\t<a class=\"fusion-rollover-title-link\" href=\"https:\/\/gesunde-gestaltung.de\/en_us\/uncategorized\/18-basic-design-stigma\/\">\n\t\t\t\t\t\t#18 BASIC: Design &#038; Stigma\t\t\t\t\t<\/a>\n\t\t\t\t<\/h4>\n\t\t\t\n\t\t\t\t\t\t\t\t\t\t<div class=\"fusion-rollover-categories\"><a href=\"https:\/\/gesunde-gestaltung.de\/en_us\/category\/designtheorie\/\" rel=\"tag\">Designtheorie<\/a>, <a href=\"https:\/\/gesunde-gestaltung.de\/en_us\/category\/evidence-based-design\/\" rel=\"tag\">Evidence-based Design<\/a>, <a href=\"https:\/\/gesunde-gestaltung.de\/en_us\/category\/podcast\/\" rel=\"tag\">Podcast<\/a>, <a href=\"https:\/\/gesunde-gestaltung.de\/en_us\/category\/uncategorized\/\" rel=\"tag\">Uncategorized<\/a>, <a href=\"https:\/\/gesunde-gestaltung.de\/en_us\/category\/wissenschaft\/\" rel=\"tag\">Wissenschaft<\/a><\/div>\t\t\t\t\t\n\t\t\n\t\t\t\t\t\t<a class=\"fusion-link-wrapper\" href=\"https:\/\/gesunde-gestaltung.de\/en_us\/uncategorized\/18-basic-design-stigma\/\" aria-label=\"#18 BASIC: Design &#038; Stigma\"><\/a>\n\t<\/div>\n<\/div>\n<\/div>\n<\/li>\n\t\t\t\n\t\t\t\n\t\t\t\t\t\t\t\t\t\t\t\t\t\t\t\t\t\t\t\t\t\t\t\t\t\t\t\t\t\t\t\t\t\t\t\t\t\t\t\t\t\t\t\t\t\t\t\t\t\t\t\t\t\t\t\t\t\t\t\t\t\t\t\t\t\t\t\t<\/ul>\n\t<\/div>\n\t<div class=\"fusion-post-content-wrapper\" style=\"padding:30px 25px 25px 25px;\"><div class=\"fusion-post-content post-content\"><h2 class=\"blog-shortcode-post-title entry-title\"><a href=\"https:\/\/gesunde-gestaltung.de\/en_us\/uncategorized\/18-basic-design-stigma\/\">#18 BASIC: Design &#038; Stigma<\/a><\/h2><div class=\"fusion-post-content-container\"><p>Stigmata begegnen uns in allen Bereichen unseres Alltags. Sie stecken Menschen oder ganze Gruppen in thematische Schubladen, die mit Erwartungen [...]<\/p><\/div><\/div><\/div><div class=\"fusion-clearfix\"><\/div><\/div>\n<\/article>\n<article id=\"blog-1-post-1555\" class=\"fusion-post-grid post-1555 post type-post status-publish format-standard has-post-thumbnail hentry category-designmethoden category-forschungsmethoden category-podcast category-uncategorized category-wissenschaft\">\n<div class=\"fusion-post-wrapper\" style=\"background-color:rgba(226,226,226,0.15);border:1px solid #f2f3f5;border-bottom-width:3px;\">\n\n\t\t\t<div class=\"fusion-flexslider flexslider fusion-flexslider-loading fusion-post-slideshow\" style=\"border-color:#f2f3f5;\">\n\t\t<ul class=\"slides\">\n\t\t\t\n\t\t\t\t\t\t\t\t\t\t\t\t\t\t<li><div  class=\"fusion-image-wrapper\" aria-haspopup=\"true\">\n\t\t\t\t<img decoding=\"async\" width=\"1111\" height=\"833\" src=\"https:\/\/gesunde-gestaltung.de\/wp-content\/uploads\/2022\/11\/Johanna-Steindorf.jpg\" class=\"attachment-full size-full wp-post-image\" alt=\"\" srcset=\"https:\/\/gesunde-gestaltung.de\/wp-content\/uploads\/2022\/11\/Johanna-Steindorf-200x150.jpg 200w, https:\/\/gesunde-gestaltung.de\/wp-content\/uploads\/2022\/11\/Johanna-Steindorf-400x300.jpg 400w, https:\/\/gesunde-gestaltung.de\/wp-content\/uploads\/2022\/11\/Johanna-Steindorf-600x450.jpg 600w, https:\/\/gesunde-gestaltung.de\/wp-content\/uploads\/2022\/11\/Johanna-Steindorf-800x600.jpg 800w, https:\/\/gesunde-gestaltung.de\/wp-content\/uploads\/2022\/11\/Johanna-Steindorf.jpg 1111w\" sizes=\"(min-width: 2200px) 100vw, (min-width: 712px) 580px, (min-width: 640px) 712px, \" \/><div class=\"fusion-rollover\">\n\t<div class=\"fusion-rollover-content\">\n\n\t\t\t\t\t\t\t\t\t\t\t\t\t\t<a class=\"fusion-rollover-link\" href=\"https:\/\/gesunde-gestaltung.de\/en_us\/uncategorized\/17-dr-johanna-steindorf-zu-medienkunst-als-zugangsform-einer-gesunden-gestaltung-und-audio-walks-mit-psychiaterinnen\/\">#17: Dr. Johanna Steindorf zu Medienkunst als Zugangsform einer gesunden Gestaltung und Audio-Walks mit Psychiater*innen<\/a>\n\t\t\t\n\t\t\t\t\t\t\t\t\t\t\t\t\t\t\n\t\t\t\t\t\t\t\t\n\t\t\t\t\t\t\t\t\t\t\t\t\t<div class=\"fusion-rollover-sep\"><\/div>\n\t\t\t\t\n\t\t\t\t\t\t\t\t\t\t\t\t\t\t\t\t\t\t<a class=\"fusion-rollover-gallery\" href=\"https:\/\/gesunde-gestaltung.de\/wp-content\/uploads\/2022\/11\/Johanna-Steindorf.jpg\" data-id=\"1555\" data-rel=\"iLightbox[gallery]\" data-title=\"Johanna Steindorf\" data-caption=\"\">\n\t\t\t\t\t\tGallery\t\t\t\t\t<\/a>\n\t\t\t\t\t\t\t\t\t\t\t\t\t\t\n\t\t\n\t\t\t\t\t\t\t\t\t\t\t\t<h4 class=\"fusion-rollover-title\">\n\t\t\t\t\t<a class=\"fusion-rollover-title-link\" href=\"https:\/\/gesunde-gestaltung.de\/en_us\/uncategorized\/17-dr-johanna-steindorf-zu-medienkunst-als-zugangsform-einer-gesunden-gestaltung-und-audio-walks-mit-psychiaterinnen\/\">\n\t\t\t\t\t\t#17: Dr. Johanna Steindorf zu Medienkunst als Zugangsform einer gesunden Gestaltung und Audio-Walks mit Psychiater*innen\t\t\t\t\t<\/a>\n\t\t\t\t<\/h4>\n\t\t\t\n\t\t\t\t\t\t\t\t\t\t<div class=\"fusion-rollover-categories\"><a href=\"https:\/\/gesunde-gestaltung.de\/en_us\/category\/designmethoden\/\" rel=\"tag\">Designmethoden<\/a>, <a href=\"https:\/\/gesunde-gestaltung.de\/en_us\/category\/forschungsmethoden\/\" rel=\"tag\">Research methods<\/a>, <a href=\"https:\/\/gesunde-gestaltung.de\/en_us\/category\/podcast\/\" rel=\"tag\">Podcast<\/a>, <a href=\"https:\/\/gesunde-gestaltung.de\/en_us\/category\/uncategorized\/\" rel=\"tag\">Uncategorized<\/a>, <a href=\"https:\/\/gesunde-gestaltung.de\/en_us\/category\/wissenschaft\/\" rel=\"tag\">Wissenschaft<\/a><\/div>\t\t\t\t\t\n\t\t\n\t\t\t\t\t\t<a class=\"fusion-link-wrapper\" href=\"https:\/\/gesunde-gestaltung.de\/en_us\/uncategorized\/17-dr-johanna-steindorf-zu-medienkunst-als-zugangsform-einer-gesunden-gestaltung-und-audio-walks-mit-psychiaterinnen\/\" aria-label=\"#17: Dr. Johanna Steindorf zu Medienkunst als Zugangsform einer gesunden Gestaltung und Audio-Walks mit Psychiater*innen\"><\/a>\n\t<\/div>\n<\/div>\n<\/div>\n<\/li>\n\t\t\t\n\t\t\t\n\t\t\t\t\t\t\t\t\t\t\t\t\t\t\t\t\t\t\t\t\t\t\t\t\t\t\t\t\t\t\t\t\t\t\t\t\t\t\t\t\t\t\t\t\t\t\t\t\t\t\t\t\t\t\t\t\t\t\t\t\t\t\t\t\t\t\t\t<\/ul>\n\t<\/div>\n\t<div class=\"fusion-post-content-wrapper\" style=\"padding:30px 25px 25px 25px;\"><div class=\"fusion-post-content post-content\"><h2 class=\"blog-shortcode-post-title entry-title\"><a href=\"https:\/\/gesunde-gestaltung.de\/en_us\/uncategorized\/17-dr-johanna-steindorf-zu-medienkunst-als-zugangsform-einer-gesunden-gestaltung-und-audio-walks-mit-psychiaterinnen\/\">#17: Dr. Johanna Steindorf zu Medienkunst als Zugangsform einer gesunden Gestaltung und Audio-Walks mit Psychiater*innen<\/a><\/h2><div class=\"fusion-post-content-container\"><p>Johanna Steindorf ist promovierte Medienk\u00fcnstlerin und lebt in K\u00f6ln. Sie ist in verschiedenen L\u00e4ndern in Europa und Lateinamerika aufgewachsen, was [...]<\/p><\/div><\/div><\/div><div class=\"fusion-clearfix\"><\/div><\/div>\n<\/article>\n<article id=\"blog-1-post-1550\" class=\"fusion-post-grid post-1550 post type-post status-publish format-standard has-post-thumbnail hentry category-designtheorie category-evidence-based-design category-podcast category-uncategorized category-wissenschaft\">\n<div class=\"fusion-post-wrapper\" style=\"background-color:rgba(226,226,226,0.15);border:1px solid #f2f3f5;border-bottom-width:3px;\">\n\n\t\t\t<div class=\"fusion-flexslider flexslider fusion-flexslider-loading fusion-post-slideshow\" style=\"border-color:#f2f3f5;\">\n\t\t<ul class=\"slides\">\n\t\t\t\n\t\t\t\t\t\t\t\t\t\t\t\t\t\t<li><div  class=\"fusion-image-wrapper\" aria-haspopup=\"true\">\n\t\t\t\t<img decoding=\"async\" width=\"1111\" height=\"833\" src=\"https:\/\/gesunde-gestaltung.de\/wp-content\/uploads\/2022\/11\/Helge-Aszmoneit.jpg\" class=\"attachment-full size-full wp-post-image\" alt=\"\" srcset=\"https:\/\/gesunde-gestaltung.de\/wp-content\/uploads\/2022\/11\/Helge-Aszmoneit-200x150.jpg 200w, https:\/\/gesunde-gestaltung.de\/wp-content\/uploads\/2022\/11\/Helge-Aszmoneit-400x300.jpg 400w, https:\/\/gesunde-gestaltung.de\/wp-content\/uploads\/2022\/11\/Helge-Aszmoneit-600x450.jpg 600w, https:\/\/gesunde-gestaltung.de\/wp-content\/uploads\/2022\/11\/Helge-Aszmoneit-800x600.jpg 800w, https:\/\/gesunde-gestaltung.de\/wp-content\/uploads\/2022\/11\/Helge-Aszmoneit.jpg 1111w\" sizes=\"(min-width: 2200px) 100vw, (min-width: 712px) 580px, (min-width: 640px) 712px, \" \/><div class=\"fusion-rollover\">\n\t<div class=\"fusion-rollover-content\">\n\n\t\t\t\t\t\t\t\t\t\t\t\t\t\t<a class=\"fusion-rollover-link\" href=\"https:\/\/gesunde-gestaltung.de\/en_us\/uncategorized\/16-helge-aszmoneit-zu-recherche-und-wissensmanagement-in-der-gestaltung\/\">#16: Helge Aszmoneit zu Recherche und Wissensmanagement in der Gestaltung<\/a>\n\t\t\t\n\t\t\t\t\t\t\t\t\t\t\t\t\t\t\n\t\t\t\t\t\t\t\t\n\t\t\t\t\t\t\t\t\t\t\t\t\t<div class=\"fusion-rollover-sep\"><\/div>\n\t\t\t\t\n\t\t\t\t\t\t\t\t\t\t\t\t\t\t\t\t\t\t<a class=\"fusion-rollover-gallery\" href=\"https:\/\/gesunde-gestaltung.de\/wp-content\/uploads\/2022\/11\/Helge-Aszmoneit.jpg\" data-id=\"1550\" data-rel=\"iLightbox[gallery]\" data-title=\"Helge Aszmoneit\" data-caption=\"\">\n\t\t\t\t\t\tGallery\t\t\t\t\t<\/a>\n\t\t\t\t\t\t\t\t\t\t\t\t\t\t\n\t\t\n\t\t\t\t\t\t\t\t\t\t\t\t<h4 class=\"fusion-rollover-title\">\n\t\t\t\t\t<a class=\"fusion-rollover-title-link\" href=\"https:\/\/gesunde-gestaltung.de\/en_us\/uncategorized\/16-helge-aszmoneit-zu-recherche-und-wissensmanagement-in-der-gestaltung\/\">\n\t\t\t\t\t\t#16: Helge Aszmoneit zu Recherche und Wissensmanagement in der Gestaltung\t\t\t\t\t<\/a>\n\t\t\t\t<\/h4>\n\t\t\t\n\t\t\t\t\t\t\t\t\t\t<div class=\"fusion-rollover-categories\"><a href=\"https:\/\/gesunde-gestaltung.de\/en_us\/category\/designtheorie\/\" rel=\"tag\">Designtheorie<\/a>, <a href=\"https:\/\/gesunde-gestaltung.de\/en_us\/category\/evidence-based-design\/\" rel=\"tag\">Evidence-based Design<\/a>, <a href=\"https:\/\/gesunde-gestaltung.de\/en_us\/category\/podcast\/\" rel=\"tag\">Podcast<\/a>, <a href=\"https:\/\/gesunde-gestaltung.de\/en_us\/category\/uncategorized\/\" rel=\"tag\">Uncategorized<\/a>, <a href=\"https:\/\/gesunde-gestaltung.de\/en_us\/category\/wissenschaft\/\" rel=\"tag\">Wissenschaft<\/a><\/div>\t\t\t\t\t\n\t\t\n\t\t\t\t\t\t<a class=\"fusion-link-wrapper\" href=\"https:\/\/gesunde-gestaltung.de\/en_us\/uncategorized\/16-helge-aszmoneit-zu-recherche-und-wissensmanagement-in-der-gestaltung\/\" aria-label=\"#16: Helge Aszmoneit zu Recherche und Wissensmanagement in der Gestaltung\"><\/a>\n\t<\/div>\n<\/div>\n<\/div>\n<\/li>\n\t\t\t\n\t\t\t\n\t\t\t\t\t\t\t\t\t\t\t\t\t\t\t\t\t\t\t\t\t\t\t\t\t\t\t\t\t\t\t\t\t\t\t\t\t\t\t\t\t\t\t\t\t\t\t\t\t\t\t\t\t\t\t\t\t\t\t\t\t\t\t\t\t\t\t\t<\/ul>\n\t<\/div>\n\t<div class=\"fusion-post-content-wrapper\" style=\"padding:30px 25px 25px 25px;\"><div class=\"fusion-post-content post-content\"><h2 class=\"blog-shortcode-post-title entry-title\"><a href=\"https:\/\/gesunde-gestaltung.de\/en_us\/uncategorized\/16-helge-aszmoneit-zu-recherche-und-wissensmanagement-in-der-gestaltung\/\">#16: Helge Aszmoneit zu Recherche und Wissensmanagement in der Gestaltung<\/a><\/h2><div class=\"fusion-post-content-container\"><p>Helge Aszmoneit hat Bibliothekswesen studiert und leitet seit 1987 die Bibliothek und den Bereich Information Services beim Rat f\u00fcr Formgebung\/German [...]<\/p><\/div><\/div><\/div><div class=\"fusion-clearfix\"><\/div><\/div>\n<\/article>\n<article id=\"blog-1-post-1522\" class=\"fusion-post-grid post-1522 post type-post status-publish format-standard has-post-thumbnail hentry category-designmethoden category-designtheorie category-forschungsmethoden category-podcast category-trends-und-entwicklungen category-uncategorized\">\n<div class=\"fusion-post-wrapper\" style=\"background-color:rgba(226,226,226,0.15);border:1px solid #f2f3f5;border-bottom-width:3px;\">\n\n\t\t\t<div class=\"fusion-flexslider flexslider fusion-flexslider-loading fusion-post-slideshow\" style=\"border-color:#f2f3f5;\">\n\t\t<ul class=\"slides\">\n\t\t\t\n\t\t\t\t\t\t\t\t\t\t\t\t\t\t<li><div  class=\"fusion-image-wrapper\" aria-haspopup=\"true\">\n\t\t\t\t<img decoding=\"async\" width=\"1111\" height=\"833\" src=\"https:\/\/gesunde-gestaltung.de\/wp-content\/uploads\/2022\/09\/Diefenbach.jpg\" class=\"attachment-full size-full wp-post-image\" alt=\"\" srcset=\"https:\/\/gesunde-gestaltung.de\/wp-content\/uploads\/2022\/09\/Diefenbach-200x150.jpg 200w, https:\/\/gesunde-gestaltung.de\/wp-content\/uploads\/2022\/09\/Diefenbach-400x300.jpg 400w, https:\/\/gesunde-gestaltung.de\/wp-content\/uploads\/2022\/09\/Diefenbach-600x450.jpg 600w, https:\/\/gesunde-gestaltung.de\/wp-content\/uploads\/2022\/09\/Diefenbach-800x600.jpg 800w, https:\/\/gesunde-gestaltung.de\/wp-content\/uploads\/2022\/09\/Diefenbach.jpg 1111w\" sizes=\"(min-width: 2200px) 100vw, (min-width: 712px) 580px, (min-width: 640px) 712px, \" \/><div class=\"fusion-rollover\">\n\t<div class=\"fusion-rollover-content\">\n\n\t\t\t\t\t\t\t\t\t\t\t\t\t\t<a class=\"fusion-rollover-link\" href=\"https:\/\/gesunde-gestaltung.de\/en_us\/uncategorized\/15-prof-dr-sarah-diefenbach-zur-gestaltung-von-erlebnissen-beduerfnisorientierung-und-robotik\/\">#15: Prof. Dr. Sarah Diefenbach zur Gestaltung von Erlebnissen, Bed\u00fcrfnisorientierung und Robotik<\/a>\n\t\t\t\n\t\t\t\t\t\t\t\t\t\t\t\t\t\t\n\t\t\t\t\t\t\t\t\n\t\t\t\t\t\t\t\t\t\t\t\t\t<div class=\"fusion-rollover-sep\"><\/div>\n\t\t\t\t\n\t\t\t\t\t\t\t\t\t\t\t\t\t\t\t\t\t\t<a class=\"fusion-rollover-gallery\" href=\"https:\/\/gesunde-gestaltung.de\/wp-content\/uploads\/2022\/09\/Diefenbach.jpg\" data-id=\"1522\" data-rel=\"iLightbox[gallery]\" data-title=\"Diefenbach\" data-caption=\"\">\n\t\t\t\t\t\tGallery\t\t\t\t\t<\/a>\n\t\t\t\t\t\t\t\t\t\t\t\t\t\t\n\t\t\n\t\t\t\t\t\t\t\t\t\t\t\t<h4 class=\"fusion-rollover-title\">\n\t\t\t\t\t<a class=\"fusion-rollover-title-link\" href=\"https:\/\/gesunde-gestaltung.de\/en_us\/uncategorized\/15-prof-dr-sarah-diefenbach-zur-gestaltung-von-erlebnissen-beduerfnisorientierung-und-robotik\/\">\n\t\t\t\t\t\t#15: Prof. Dr. Sarah Diefenbach zur Gestaltung von Erlebnissen, Bed\u00fcrfnisorientierung und Robotik\t\t\t\t\t<\/a>\n\t\t\t\t<\/h4>\n\t\t\t\n\t\t\t\t\t\t\t\t\t\t<div class=\"fusion-rollover-categories\"><a href=\"https:\/\/gesunde-gestaltung.de\/en_us\/category\/designmethoden\/\" rel=\"tag\">Designmethoden<\/a>, <a href=\"https:\/\/gesunde-gestaltung.de\/en_us\/category\/designtheorie\/\" rel=\"tag\">Designtheorie<\/a>, <a href=\"https:\/\/gesunde-gestaltung.de\/en_us\/category\/forschungsmethoden\/\" rel=\"tag\">Research methods<\/a>, <a href=\"https:\/\/gesunde-gestaltung.de\/en_us\/category\/podcast\/\" rel=\"tag\">Podcast<\/a>, <a href=\"https:\/\/gesunde-gestaltung.de\/en_us\/category\/trends-und-entwicklungen\/\" rel=\"tag\">Trends und Entwicklungen<\/a>, <a href=\"https:\/\/gesunde-gestaltung.de\/en_us\/category\/uncategorized\/\" rel=\"tag\">Uncategorized<\/a><\/div>\t\t\t\t\t\n\t\t\n\t\t\t\t\t\t<a class=\"fusion-link-wrapper\" href=\"https:\/\/gesunde-gestaltung.de\/en_us\/uncategorized\/15-prof-dr-sarah-diefenbach-zur-gestaltung-von-erlebnissen-beduerfnisorientierung-und-robotik\/\" aria-label=\"#15: Prof. Dr. Sarah Diefenbach zur Gestaltung von Erlebnissen, Bed\u00fcrfnisorientierung und Robotik\"><\/a>\n\t<\/div>\n<\/div>\n<\/div>\n<\/li>\n\t\t\t\n\t\t\t\n\t\t\t\t\t\t\t\t\t\t\t\t\t\t\t\t\t\t\t\t\t\t\t\t\t\t\t\t\t\t\t\t\t\t\t\t\t\t\t\t\t\t\t\t\t\t\t\t\t\t\t\t\t\t\t\t\t\t\t\t\t\t\t\t\t\t\t\t<\/ul>\n\t<\/div>\n\t<div class=\"fusion-post-content-wrapper\" style=\"padding:30px 25px 25px 25px;\"><div class=\"fusion-post-content post-content\"><h2 class=\"blog-shortcode-post-title entry-title\"><a href=\"https:\/\/gesunde-gestaltung.de\/en_us\/uncategorized\/15-prof-dr-sarah-diefenbach-zur-gestaltung-von-erlebnissen-beduerfnisorientierung-und-robotik\/\">#15: Prof. Dr. Sarah Diefenbach zur Gestaltung von Erlebnissen, Bed\u00fcrfnisorientierung und Robotik<\/a><\/h2><div class=\"fusion-post-content-container\"><p>Sarah Diefenbach ist Professorin f\u00fcr Wirtschaftspsychologie und forscht zum Konsumentenerleben und der Gestaltung interaktiver Technologien unter psychologischen Gesichtspunkten. Sie entwickelte [...]<\/p><\/div><\/div><\/div><div class=\"fusion-clearfix\"><\/div><\/div>\n<\/article>\n<article id=\"blog-1-post-1529\" class=\"fusion-post-grid post-1529 post type-post status-publish format-standard has-post-thumbnail hentry category-aktivitaetssteigerung category-designtheorie category-podcast category-uncategorized category-wissenschaft\">\n<div class=\"fusion-post-wrapper\" style=\"background-color:rgba(226,226,226,0.15);border:1px solid #f2f3f5;border-bottom-width:3px;\">\n\n\t\t\t<div class=\"fusion-flexslider flexslider fusion-flexslider-loading fusion-post-slideshow\" style=\"border-color:#f2f3f5;\">\n\t\t<ul class=\"slides\">\n\t\t\t\n\t\t\t\t\t\t\t\t\t\t\t\t\t\t<li><div  class=\"fusion-image-wrapper\" aria-haspopup=\"true\">\n\t\t\t\t<img decoding=\"async\" width=\"2560\" height=\"2560\" src=\"https:\/\/gesunde-gestaltung.de\/wp-content\/uploads\/2022\/09\/Podcast-Gesundheitsverhalten-scaled.jpg\" class=\"attachment-full size-full wp-post-image\" alt=\"\" srcset=\"https:\/\/gesunde-gestaltung.de\/wp-content\/uploads\/2022\/09\/Podcast-Gesundheitsverhalten-200x200.jpg 200w, https:\/\/gesunde-gestaltung.de\/wp-content\/uploads\/2022\/09\/Podcast-Gesundheitsverhalten-400x400.jpg 400w, https:\/\/gesunde-gestaltung.de\/wp-content\/uploads\/2022\/09\/Podcast-Gesundheitsverhalten-600x600.jpg 600w, https:\/\/gesunde-gestaltung.de\/wp-content\/uploads\/2022\/09\/Podcast-Gesundheitsverhalten-800x800.jpg 800w, https:\/\/gesunde-gestaltung.de\/wp-content\/uploads\/2022\/09\/Podcast-Gesundheitsverhalten-1200x1200.jpg 1200w, https:\/\/gesunde-gestaltung.de\/wp-content\/uploads\/2022\/09\/Podcast-Gesundheitsverhalten-scaled.jpg 2560w\" sizes=\"(min-width: 2200px) 100vw, (min-width: 712px) 580px, (min-width: 640px) 712px, \" \/><div class=\"fusion-rollover\">\n\t<div class=\"fusion-rollover-content\">\n\n\t\t\t\t\t\t\t\t\t\t\t\t\t\t<a class=\"fusion-rollover-link\" href=\"https:\/\/gesunde-gestaltung.de\/en_us\/uncategorized\/14-basics-gesundheitsverhalten-und-gestaltung\/\">#14 Basic: Gesundheitsverhalten und Gestaltung<\/a>\n\t\t\t\n\t\t\t\t\t\t\t\t\t\t\t\t\t\t\n\t\t\t\t\t\t\t\t\n\t\t\t\t\t\t\t\t\t\t\t\t\t<div class=\"fusion-rollover-sep\"><\/div>\n\t\t\t\t\n\t\t\t\t\t\t\t\t\t\t\t\t\t\t\t\t\t\t<a class=\"fusion-rollover-gallery\" href=\"https:\/\/gesunde-gestaltung.de\/wp-content\/uploads\/2022\/09\/Podcast-Gesundheitsverhalten-scaled.jpg\" data-id=\"1529\" data-rel=\"iLightbox[gallery]\" data-title=\"Podcast Gesundheitsverhalten\" data-caption=\"\">\n\t\t\t\t\t\tGallery\t\t\t\t\t<\/a>\n\t\t\t\t\t\t\t\t\t\t\t\t\t\t\n\t\t\n\t\t\t\t\t\t\t\t\t\t\t\t<h4 class=\"fusion-rollover-title\">\n\t\t\t\t\t<a class=\"fusion-rollover-title-link\" href=\"https:\/\/gesunde-gestaltung.de\/en_us\/uncategorized\/14-basics-gesundheitsverhalten-und-gestaltung\/\">\n\t\t\t\t\t\t#14 Basic: Gesundheitsverhalten und Gestaltung\t\t\t\t\t<\/a>\n\t\t\t\t<\/h4>\n\t\t\t\n\t\t\t\t\t\t\t\t\t\t<div class=\"fusion-rollover-categories\"><a href=\"https:\/\/gesunde-gestaltung.de\/en_us\/category\/aktivitaetssteigerung\/\" rel=\"tag\">Aktivit\u00e4tssteigerung<\/a>, <a href=\"https:\/\/gesunde-gestaltung.de\/en_us\/category\/designtheorie\/\" rel=\"tag\">Designtheorie<\/a>, <a href=\"https:\/\/gesunde-gestaltung.de\/en_us\/category\/podcast\/\" rel=\"tag\">Podcast<\/a>, <a href=\"https:\/\/gesunde-gestaltung.de\/en_us\/category\/uncategorized\/\" rel=\"tag\">Uncategorized<\/a>, <a href=\"https:\/\/gesunde-gestaltung.de\/en_us\/category\/wissenschaft\/\" rel=\"tag\">Wissenschaft<\/a><\/div>\t\t\t\t\t\n\t\t\n\t\t\t\t\t\t<a class=\"fusion-link-wrapper\" href=\"https:\/\/gesunde-gestaltung.de\/en_us\/uncategorized\/14-basics-gesundheitsverhalten-und-gestaltung\/\" aria-label=\"#14 Basic: Gesundheitsverhalten und Gestaltung\"><\/a>\n\t<\/div>\n<\/div>\n<\/div>\n<\/li>\n\t\t\t\n\t\t\t\n\t\t\t\t\t\t\t\t\t\t\t\t\t\t\t\t\t\t\t\t\t\t\t\t\t\t\t\t\t\t\t\t\t\t\t\t\t\t\t\t\t\t\t\t\t\t\t\t\t\t\t\t\t\t\t\t\t\t\t\t\t\t\t\t\t\t\t\t<\/ul>\n\t<\/div>\n\t<div class=\"fusion-post-content-wrapper\" style=\"padding:30px 25px 25px 25px;\"><div class=\"fusion-post-content post-content\"><h2 class=\"blog-shortcode-post-title entry-title\"><a href=\"https:\/\/gesunde-gestaltung.de\/en_us\/uncategorized\/14-basics-gesundheitsverhalten-und-gestaltung\/\">#14 Basic: Gesundheitsverhalten und Gestaltung<\/a><\/h2><div class=\"fusion-post-content-container\"><p>Es gibt kaum ein Thema der gesundheitsf\u00f6rdernden Gestaltung, das so komplex und vielseitig ist, wie das Gesundheitsverhalten. Diese Gesamtheit von [...]<\/p><\/div><\/div><\/div><div class=\"fusion-clearfix\"><\/div><\/div>\n<\/article>\n<article id=\"blog-1-post-1510\" class=\"fusion-post-grid post-1510 post type-post status-publish format-standard has-post-thumbnail hentry category-designtheorie category-podcast category-uncategorized category-wissenschaft\">\n<div class=\"fusion-post-wrapper\" style=\"background-color:rgba(226,226,226,0.15);border:1px solid #f2f3f5;border-bottom-width:3px;\">\n\n\t\t\t<div class=\"fusion-flexslider flexslider fusion-flexslider-loading fusion-post-slideshow\" style=\"border-color:#f2f3f5;\">\n\t\t<ul class=\"slides\">\n\t\t\t\n\t\t\t\t\t\t\t\t\t\t\t\t\t\t<li><div  class=\"fusion-image-wrapper\" aria-haspopup=\"true\">\n\t\t\t\t<img decoding=\"async\" width=\"1111\" height=\"833\" src=\"https:\/\/gesunde-gestaltung.de\/wp-content\/uploads\/2022\/08\/Ellis-Huber.jpg\" class=\"attachment-full size-full wp-post-image\" alt=\"\" srcset=\"https:\/\/gesunde-gestaltung.de\/wp-content\/uploads\/2022\/08\/Ellis-Huber-200x150.jpg 200w, https:\/\/gesunde-gestaltung.de\/wp-content\/uploads\/2022\/08\/Ellis-Huber-400x300.jpg 400w, https:\/\/gesunde-gestaltung.de\/wp-content\/uploads\/2022\/08\/Ellis-Huber-600x450.jpg 600w, https:\/\/gesunde-gestaltung.de\/wp-content\/uploads\/2022\/08\/Ellis-Huber-800x600.jpg 800w, https:\/\/gesunde-gestaltung.de\/wp-content\/uploads\/2022\/08\/Ellis-Huber.jpg 1111w\" sizes=\"(min-width: 2200px) 100vw, (min-width: 712px) 580px, (min-width: 640px) 712px, \" \/><div class=\"fusion-rollover\">\n\t<div class=\"fusion-rollover-content\">\n\n\t\t\t\t\t\t\t\t\t\t\t\t\t\t<a class=\"fusion-rollover-link\" href=\"https:\/\/gesunde-gestaltung.de\/en_us\/uncategorized\/13-dr-med-ellis-huber-ueber-die-co-produktion-von-gesundheit-gesundheitspolitik-und-das-gesundheitssystem-als-lebender-organismus\/\">#13: Dr. med. Ellis Huber: \u00dcber die Co-Produktion von Gesundheit, Gesundheitspolitik und das Gesundheitssystem als lebender Organismus<\/a>\n\t\t\t\n\t\t\t\t\t\t\t\t\t\t\t\t\t\t\n\t\t\t\t\t\t\t\t\n\t\t\t\t\t\t\t\t\t\t\t\t\t<div class=\"fusion-rollover-sep\"><\/div>\n\t\t\t\t\n\t\t\t\t\t\t\t\t\t\t\t\t\t\t\t\t\t\t<a class=\"fusion-rollover-gallery\" href=\"https:\/\/gesunde-gestaltung.de\/wp-content\/uploads\/2022\/08\/Ellis-Huber.jpg\" data-id=\"1510\" data-rel=\"iLightbox[gallery]\" data-title=\"Ellis Huber\" data-caption=\"\">\n\t\t\t\t\t\tGallery\t\t\t\t\t<\/a>\n\t\t\t\t\t\t\t\t\t\t\t\t\t\t\n\t\t\n\t\t\t\t\t\t\t\t\t\t\t\t<h4 class=\"fusion-rollover-title\">\n\t\t\t\t\t<a class=\"fusion-rollover-title-link\" href=\"https:\/\/gesunde-gestaltung.de\/en_us\/uncategorized\/13-dr-med-ellis-huber-ueber-die-co-produktion-von-gesundheit-gesundheitspolitik-und-das-gesundheitssystem-als-lebender-organismus\/\">\n\t\t\t\t\t\t#13: Dr. med. Ellis Huber: \u00dcber die Co-Produktion von Gesundheit, Gesundheitspolitik und das Gesundheitssystem als lebender Organismus\t\t\t\t\t<\/a>\n\t\t\t\t<\/h4>\n\t\t\t\n\t\t\t\t\t\t\t\t\t\t<div class=\"fusion-rollover-categories\"><a href=\"https:\/\/gesunde-gestaltung.de\/en_us\/category\/designtheorie\/\" rel=\"tag\">Designtheorie<\/a>, <a href=\"https:\/\/gesunde-gestaltung.de\/en_us\/category\/podcast\/\" rel=\"tag\">Podcast<\/a>, <a href=\"https:\/\/gesunde-gestaltung.de\/en_us\/category\/uncategorized\/\" rel=\"tag\">Uncategorized<\/a>, <a href=\"https:\/\/gesunde-gestaltung.de\/en_us\/category\/wissenschaft\/\" rel=\"tag\">Wissenschaft<\/a><\/div>\t\t\t\t\t\n\t\t\n\t\t\t\t\t\t<a class=\"fusion-link-wrapper\" href=\"https:\/\/gesunde-gestaltung.de\/en_us\/uncategorized\/13-dr-med-ellis-huber-ueber-die-co-produktion-von-gesundheit-gesundheitspolitik-und-das-gesundheitssystem-als-lebender-organismus\/\" aria-label=\"#13: Dr. med. Ellis Huber: \u00dcber die Co-Produktion von Gesundheit, Gesundheitspolitik und das Gesundheitssystem als lebender Organismus\"><\/a>\n\t<\/div>\n<\/div>\n<\/div>\n<\/li>\n\t\t\t\n\t\t\t\n\t\t\t\t\t\t\t\t\t\t\t\t\t\t\t\t\t\t\t\t\t\t\t\t\t\t\t\t\t\t\t\t\t\t\t\t\t\t\t\t\t\t\t\t\t\t\t\t\t\t\t\t\t\t\t\t\t\t\t\t\t\t\t\t\t\t\t\t<\/ul>\n\t<\/div>\n\t<div class=\"fusion-post-content-wrapper\" style=\"padding:30px 25px 25px 25px;\"><div class=\"fusion-post-content post-content\"><h2 class=\"blog-shortcode-post-title entry-title\"><a href=\"https:\/\/gesunde-gestaltung.de\/en_us\/uncategorized\/13-dr-med-ellis-huber-ueber-die-co-produktion-von-gesundheit-gesundheitspolitik-und-das-gesundheitssystem-als-lebender-organismus\/\">#13: Dr. med. Ellis Huber: \u00dcber die Co-Produktion von Gesundheit, Gesundheitspolitik und das Gesundheitssystem als lebender Organismus<\/a><\/h2><div class=\"fusion-post-content-container\"><p>Dr. med. Ellis Huber ist Arzt und Gesundheitspolitiker. Er war unter anderem Gesundheitsstadtrat im Bezirksamt von Berlin Wilmersdorf und Kreuzberg, [...]<\/p><\/div><\/div><\/div><div class=\"fusion-clearfix\"><\/div><\/div>\n<\/article>\n<article id=\"blog-1-post-1500\" class=\"fusion-post-grid post-1500 post type-post status-publish format-standard has-post-thumbnail hentry category-designtheorie category-evidence-based-design category-forschungsmethoden category-podcast category-wissenschaft\">\n<div class=\"fusion-post-wrapper\" style=\"background-color:rgba(226,226,226,0.15);border:1px solid #f2f3f5;border-bottom-width:3px;\">\n\n\t\t\t<div class=\"fusion-flexslider flexslider fusion-flexslider-loading fusion-post-slideshow\" style=\"border-color:#f2f3f5;\">\n\t\t<ul class=\"slides\">\n\t\t\t\n\t\t\t\t\t\t\t\t\t\t\t\t\t\t<li><div  class=\"fusion-image-wrapper\" aria-haspopup=\"true\">\n\t\t\t\t<img decoding=\"async\" width=\"2560\" height=\"1920\" src=\"https:\/\/gesunde-gestaltung.de\/wp-content\/uploads\/2022\/08\/Helena-Mueller-1-scaled.jpg\" class=\"attachment-full size-full wp-post-image\" alt=\"\" srcset=\"https:\/\/gesunde-gestaltung.de\/wp-content\/uploads\/2022\/08\/Helena-Mueller-1-200x150.jpg 200w, https:\/\/gesunde-gestaltung.de\/wp-content\/uploads\/2022\/08\/Helena-Mueller-1-400x300.jpg 400w, https:\/\/gesunde-gestaltung.de\/wp-content\/uploads\/2022\/08\/Helena-Mueller-1-600x450.jpg 600w, https:\/\/gesunde-gestaltung.de\/wp-content\/uploads\/2022\/08\/Helena-Mueller-1-800x600.jpg 800w, https:\/\/gesunde-gestaltung.de\/wp-content\/uploads\/2022\/08\/Helena-Mueller-1-1200x900.jpg 1200w, https:\/\/gesunde-gestaltung.de\/wp-content\/uploads\/2022\/08\/Helena-Mueller-1-scaled.jpg 2560w\" sizes=\"(min-width: 2200px) 100vw, (min-width: 712px) 580px, (min-width: 640px) 712px, \" \/><div class=\"fusion-rollover\">\n\t<div class=\"fusion-rollover-content\">\n\n\t\t\t\t\t\t\t\t\t\t\t\t\t\t<a class=\"fusion-rollover-link\" href=\"https:\/\/gesunde-gestaltung.de\/en_us\/designtheorie\/12-dr-helena-mueller-zum-zusammenhang-zwischen-psyche-und-gebauter-umwelt-mehrgenerationenwohnprojekten-und-aneignungsprozessen\/\">#12: Dr. Helena M\u00fcller zum Zusammenhang zwischen Psyche und gebauter Umwelt, Mehrgenerationenwohnprojekten und Aneignungsprozessen<\/a>\n\t\t\t\n\t\t\t\t\t\t\t\t\t\t\t\t\t\t\n\t\t\t\t\t\t\t\t\n\t\t\t\t\t\t\t\t\t\t\t\t\t<div class=\"fusion-rollover-sep\"><\/div>\n\t\t\t\t\n\t\t\t\t\t\t\t\t\t\t\t\t\t\t\t\t\t\t<a class=\"fusion-rollover-gallery\" href=\"https:\/\/gesunde-gestaltung.de\/wp-content\/uploads\/2022\/08\/Helena-Mueller-1-scaled.jpg\" data-id=\"1500\" data-rel=\"iLightbox[gallery]\" data-title=\"Helena M\u00fcller\" data-caption=\"\">\n\t\t\t\t\t\tGallery\t\t\t\t\t<\/a>\n\t\t\t\t\t\t\t\t\t\t\t\t\t\t\n\t\t\n\t\t\t\t\t\t\t\t\t\t\t\t<h4 class=\"fusion-rollover-title\">\n\t\t\t\t\t<a class=\"fusion-rollover-title-link\" href=\"https:\/\/gesunde-gestaltung.de\/en_us\/designtheorie\/12-dr-helena-mueller-zum-zusammenhang-zwischen-psyche-und-gebauter-umwelt-mehrgenerationenwohnprojekten-und-aneignungsprozessen\/\">\n\t\t\t\t\t\t#12: Dr. Helena M\u00fcller zum Zusammenhang zwischen Psyche und gebauter Umwelt, Mehrgenerationenwohnprojekten und Aneignungsprozessen\t\t\t\t\t<\/a>\n\t\t\t\t<\/h4>\n\t\t\t\n\t\t\t\t\t\t\t\t\t\t<div class=\"fusion-rollover-categories\"><a href=\"https:\/\/gesunde-gestaltung.de\/en_us\/category\/designtheorie\/\" rel=\"tag\">Designtheorie<\/a>, <a href=\"https:\/\/gesunde-gestaltung.de\/en_us\/category\/evidence-based-design\/\" rel=\"tag\">Evidence-based Design<\/a>, <a href=\"https:\/\/gesunde-gestaltung.de\/en_us\/category\/forschungsmethoden\/\" rel=\"tag\">Research methods<\/a>, <a href=\"https:\/\/gesunde-gestaltung.de\/en_us\/category\/podcast\/\" rel=\"tag\">Podcast<\/a>, <a href=\"https:\/\/gesunde-gestaltung.de\/en_us\/category\/wissenschaft\/\" rel=\"tag\">Wissenschaft<\/a><\/div>\t\t\t\t\t\n\t\t\n\t\t\t\t\t\t<a class=\"fusion-link-wrapper\" href=\"https:\/\/gesunde-gestaltung.de\/en_us\/designtheorie\/12-dr-helena-mueller-zum-zusammenhang-zwischen-psyche-und-gebauter-umwelt-mehrgenerationenwohnprojekten-und-aneignungsprozessen\/\" aria-label=\"#12: Dr. Helena M\u00fcller zum Zusammenhang zwischen Psyche und gebauter Umwelt, Mehrgenerationenwohnprojekten und Aneignungsprozessen\"><\/a>\n\t<\/div>\n<\/div>\n<\/div>\n<\/li>\n\t\t\t\n\t\t\t\n\t\t\t\t\t\t\t\t\t\t\t\t\t\t\t\t\t\t\t\t\t\t\t\t\t\t\t\t\t\t\t\t\t\t\t\t\t\t\t\t\t\t\t\t\t\t\t\t\t\t\t\t\t\t\t\t\t\t\t\t\t\t\t\t\t\t\t\t<\/ul>\n\t<\/div>\n\t<div class=\"fusion-post-content-wrapper\" style=\"padding:30px 25px 25px 25px;\"><div class=\"fusion-post-content post-content\"><h2 class=\"blog-shortcode-post-title entry-title\"><a href=\"https:\/\/gesunde-gestaltung.de\/en_us\/designtheorie\/12-dr-helena-mueller-zum-zusammenhang-zwischen-psyche-und-gebauter-umwelt-mehrgenerationenwohnprojekten-und-aneignungsprozessen\/\">#12: Dr. Helena M\u00fcller zum Zusammenhang zwischen Psyche und gebauter Umwelt, Mehrgenerationenwohnprojekten und Aneignungsprozessen<\/a><\/h2><div class=\"fusion-post-content-container\"><p>Dr. Helena M\u00fcller forschte als promovierte Psychologin bereits unter anderem zu \u00dcberg\u00e4ngen \u00e4lterer Menschen in gemeinschaftliche Mehrgenerationen-Wohnprojekte. Dabei interessierten sie [...]<\/p><\/div><\/div><\/div><div class=\"fusion-clearfix\"><\/div><\/div>\n<\/article>\n<article id=\"blog-1-post-1493\" class=\"fusion-post-grid post-1493 post type-post status-publish format-standard has-post-thumbnail hentry category-podcast category-stressreduktion category-uncategorized category-wissenschaft\">\n<div class=\"fusion-post-wrapper\" style=\"background-color:rgba(226,226,226,0.15);border:1px solid #f2f3f5;border-bottom-width:3px;\">\n\n\t\t\t<div class=\"fusion-flexslider flexslider fusion-flexslider-loading fusion-post-slideshow\" style=\"border-color:#f2f3f5;\">\n\t\t<ul class=\"slides\">\n\t\t\t\n\t\t\t\t\t\t\t\t\t\t\t\t\t\t<li><div  class=\"fusion-image-wrapper\" aria-haspopup=\"true\">\n\t\t\t\t<img decoding=\"async\" width=\"1111\" height=\"833\" src=\"https:\/\/gesunde-gestaltung.de\/wp-content\/uploads\/2022\/06\/Personen_2.jpg\" class=\"attachment-full size-full wp-post-image\" alt=\"\" srcset=\"https:\/\/gesunde-gestaltung.de\/wp-content\/uploads\/2022\/06\/Personen_2-200x150.jpg 200w, https:\/\/gesunde-gestaltung.de\/wp-content\/uploads\/2022\/06\/Personen_2-400x300.jpg 400w, https:\/\/gesunde-gestaltung.de\/wp-content\/uploads\/2022\/06\/Personen_2-600x450.jpg 600w, https:\/\/gesunde-gestaltung.de\/wp-content\/uploads\/2022\/06\/Personen_2-800x600.jpg 800w, https:\/\/gesunde-gestaltung.de\/wp-content\/uploads\/2022\/06\/Personen_2.jpg 1111w\" sizes=\"(min-width: 2200px) 100vw, (min-width: 712px) 580px, (min-width: 640px) 712px, \" \/><div class=\"fusion-rollover\">\n\t<div class=\"fusion-rollover-content\">\n\n\t\t\t\t\t\t\t\t\t\t\t\t\t\t<a class=\"fusion-rollover-link\" href=\"https:\/\/gesunde-gestaltung.de\/en_us\/uncategorized\/11-christian-stocker-zu-stressreduktion-und-achtsame-gestaltungspraxis\/\"># 11: Christian Stocker zu Stressreduktion und achtsame Gestaltungspraxis<\/a>\n\t\t\t\n\t\t\t\t\t\t\t\t\t\t\t\t\t\t\n\t\t\t\t\t\t\t\t\n\t\t\t\t\t\t\t\t\t\t\t\t\t<div class=\"fusion-rollover-sep\"><\/div>\n\t\t\t\t\n\t\t\t\t\t\t\t\t\t\t\t\t\t\t\t\t\t\t<a class=\"fusion-rollover-gallery\" href=\"https:\/\/gesunde-gestaltung.de\/wp-content\/uploads\/2022\/06\/Personen_2.jpg\" data-id=\"1493\" data-rel=\"iLightbox[gallery]\" data-title=\"Personen_2\" data-caption=\"\">\n\t\t\t\t\t\tGallery\t\t\t\t\t<\/a>\n\t\t\t\t\t\t\t\t\t\t\t\t\t\t\n\t\t\n\t\t\t\t\t\t\t\t\t\t\t\t<h4 class=\"fusion-rollover-title\">\n\t\t\t\t\t<a class=\"fusion-rollover-title-link\" href=\"https:\/\/gesunde-gestaltung.de\/en_us\/uncategorized\/11-christian-stocker-zu-stressreduktion-und-achtsame-gestaltungspraxis\/\">\n\t\t\t\t\t\t# 11: Christian Stocker zu Stressreduktion und achtsame Gestaltungspraxis\t\t\t\t\t<\/a>\n\t\t\t\t<\/h4>\n\t\t\t\n\t\t\t\t\t\t\t\t\t\t<div class=\"fusion-rollover-categories\"><a href=\"https:\/\/gesunde-gestaltung.de\/en_us\/category\/podcast\/\" rel=\"tag\">Podcast<\/a>, <a href=\"https:\/\/gesunde-gestaltung.de\/en_us\/category\/stressreduktion\/\" rel=\"tag\">Stressreduktion<\/a>, <a href=\"https:\/\/gesunde-gestaltung.de\/en_us\/category\/uncategorized\/\" rel=\"tag\">Uncategorized<\/a>, <a href=\"https:\/\/gesunde-gestaltung.de\/en_us\/category\/wissenschaft\/\" rel=\"tag\">Wissenschaft<\/a><\/div>\t\t\t\t\t\n\t\t\n\t\t\t\t\t\t<a class=\"fusion-link-wrapper\" href=\"https:\/\/gesunde-gestaltung.de\/en_us\/uncategorized\/11-christian-stocker-zu-stressreduktion-und-achtsame-gestaltungspraxis\/\" aria-label=\"# 11: Christian Stocker zu Stressreduktion und achtsame Gestaltungspraxis\"><\/a>\n\t<\/div>\n<\/div>\n<\/div>\n<\/li>\n\t\t\t\n\t\t\t\n\t\t\t\t\t\t\t\t\t\t\t\t\t\t\t\t\t\t\t\t\t\t\t\t\t\t\t\t\t\t\t\t\t\t\t\t\t\t\t\t\t\t\t\t\t\t\t\t\t\t\t\t\t\t\t\t\t\t\t\t\t\t\t\t\t\t\t\t<\/ul>\n\t<\/div>\n\t<div class=\"fusion-post-content-wrapper\" style=\"padding:30px 25px 25px 25px;\"><div class=\"fusion-post-content post-content\"><h2 class=\"blog-shortcode-post-title entry-title\"><a href=\"https:\/\/gesunde-gestaltung.de\/en_us\/uncategorized\/11-christian-stocker-zu-stressreduktion-und-achtsame-gestaltungspraxis\/\"># 11: Christian Stocker zu Stressreduktion und achtsame Gestaltungspraxis<\/a><\/h2><div class=\"fusion-post-content-container\"><p>Christian Stocker ist nicht nur langj\u00e4hriger Diplom Kommunikationsdesigner, Creative Director, Texter und Konzeptioner, sondern auch Experte f\u00fcr Achtsamkeit, Meditation und [...]<\/p><\/div><\/div><\/div><div class=\"fusion-clearfix\"><\/div><\/div>\n<\/article>\n<article id=\"blog-1-post-1478\" class=\"fusion-post-grid post-1478 post type-post status-publish format-standard has-post-thumbnail hentry category-biophilic-design category-designmethoden category-evidence-based-design category-podcast category-uncategorized\">\n<div class=\"fusion-post-wrapper\" style=\"background-color:rgba(226,226,226,0.15);border:1px solid #f2f3f5;border-bottom-width:3px;\">\n\n\t\t\t<div class=\"fusion-flexslider flexslider fusion-flexslider-loading fusion-post-slideshow\" style=\"border-color:#f2f3f5;\">\n\t\t<ul class=\"slides\">\n\t\t\t\n\t\t\t\t\t\t\t\t\t\t\t\t\t\t<li><div  class=\"fusion-image-wrapper\" aria-haspopup=\"true\">\n\t\t\t\t<img decoding=\"async\" width=\"1111\" height=\"833\" src=\"https:\/\/gesunde-gestaltung.de\/wp-content\/uploads\/2022\/06\/Personen_.jpg\" class=\"attachment-full size-full wp-post-image\" alt=\"\" srcset=\"https:\/\/gesunde-gestaltung.de\/wp-content\/uploads\/2022\/06\/Personen_-200x150.jpg 200w, https:\/\/gesunde-gestaltung.de\/wp-content\/uploads\/2022\/06\/Personen_-400x300.jpg 400w, https:\/\/gesunde-gestaltung.de\/wp-content\/uploads\/2022\/06\/Personen_-600x450.jpg 600w, https:\/\/gesunde-gestaltung.de\/wp-content\/uploads\/2022\/06\/Personen_-800x600.jpg 800w, https:\/\/gesunde-gestaltung.de\/wp-content\/uploads\/2022\/06\/Personen_.jpg 1111w\" sizes=\"(min-width: 2200px) 100vw, (min-width: 712px) 580px, (min-width: 640px) 712px, \" \/><div class=\"fusion-rollover\">\n\t<div class=\"fusion-rollover-content\">\n\n\t\t\t\t\t\t\t\t\t\t\t\t\t\t<a class=\"fusion-rollover-link\" href=\"https:\/\/gesunde-gestaltung.de\/en_us\/uncategorized\/9-dr-daniel-muenderlein-zu-gesunden-landschaften-healing-gardens-empirischer-designforschung-und-green-care\/\">#10: Dr. Daniel M\u00fcnderlein zu gesunden Landschaften, Healing Gardens, empirischer Designforschung und Green Care<\/a>\n\t\t\t\n\t\t\t\t\t\t\t\t\t\t\t\t\t\t\n\t\t\t\t\t\t\t\t\n\t\t\t\t\t\t\t\t\t\t\t\t\t<div class=\"fusion-rollover-sep\"><\/div>\n\t\t\t\t\n\t\t\t\t\t\t\t\t\t\t\t\t\t\t\t\t\t\t<a class=\"fusion-rollover-gallery\" href=\"https:\/\/gesunde-gestaltung.de\/wp-content\/uploads\/2022\/06\/Personen_.jpg\" data-id=\"1478\" data-rel=\"iLightbox[gallery]\" data-title=\"Daniel M\u00fcnderlein\" data-caption=\"\">\n\t\t\t\t\t\tGallery\t\t\t\t\t<\/a>\n\t\t\t\t\t\t\t\t\t\t\t\t\t\t\n\t\t\n\t\t\t\t\t\t\t\t\t\t\t\t<h4 class=\"fusion-rollover-title\">\n\t\t\t\t\t<a class=\"fusion-rollover-title-link\" href=\"https:\/\/gesunde-gestaltung.de\/en_us\/uncategorized\/9-dr-daniel-muenderlein-zu-gesunden-landschaften-healing-gardens-empirischer-designforschung-und-green-care\/\">\n\t\t\t\t\t\t#10: Dr. Daniel M\u00fcnderlein zu gesunden Landschaften, Healing Gardens, empirischer Designforschung und Green Care\t\t\t\t\t<\/a>\n\t\t\t\t<\/h4>\n\t\t\t\n\t\t\t\t\t\t\t\t\t\t<div class=\"fusion-rollover-categories\"><a href=\"https:\/\/gesunde-gestaltung.de\/en_us\/category\/biophilic-design\/\" rel=\"tag\">Biophilic Design<\/a>, <a href=\"https:\/\/gesunde-gestaltung.de\/en_us\/category\/designmethoden\/\" rel=\"tag\">Designmethoden<\/a>, <a href=\"https:\/\/gesunde-gestaltung.de\/en_us\/category\/evidence-based-design\/\" rel=\"tag\">Evidence-based Design<\/a>, <a href=\"https:\/\/gesunde-gestaltung.de\/en_us\/category\/podcast\/\" rel=\"tag\">Podcast<\/a>, <a href=\"https:\/\/gesunde-gestaltung.de\/en_us\/category\/uncategorized\/\" rel=\"tag\">Uncategorized<\/a><\/div>\t\t\t\t\t\n\t\t\n\t\t\t\t\t\t<a class=\"fusion-link-wrapper\" href=\"https:\/\/gesunde-gestaltung.de\/en_us\/uncategorized\/9-dr-daniel-muenderlein-zu-gesunden-landschaften-healing-gardens-empirischer-designforschung-und-green-care\/\" aria-label=\"#10: Dr. Daniel M\u00fcnderlein zu gesunden Landschaften, Healing Gardens, empirischer Designforschung und Green Care\"><\/a>\n\t<\/div>\n<\/div>\n<\/div>\n<\/li>\n\t\t\t\n\t\t\t\n\t\t\t\t\t\t\t\t\t\t\t\t\t\t\t\t\t\t\t\t\t\t\t\t\t\t\t\t\t\t\t\t\t\t\t\t\t\t\t\t\t\t\t\t\t\t\t\t\t\t\t\t\t\t\t\t\t\t\t\t\t\t\t\t\t\t\t\t<\/ul>\n\t<\/div>\n\t<div class=\"fusion-post-content-wrapper\" style=\"padding:30px 25px 25px 25px;\"><div class=\"fusion-post-content post-content\"><h2 class=\"blog-shortcode-post-title entry-title\"><a href=\"https:\/\/gesunde-gestaltung.de\/en_us\/uncategorized\/9-dr-daniel-muenderlein-zu-gesunden-landschaften-healing-gardens-empirischer-designforschung-und-green-care\/\">#10: Dr. Daniel M\u00fcnderlein zu gesunden Landschaften, Healing Gardens, empirischer Designforschung und Green Care<\/a><\/h2><div class=\"fusion-post-content-container\"><p>Dr. Daniel M\u00fcnderlein ist gelernter G\u00e4rtner, promovierter Landschaftsarchitekt, zertifizierter Umweltbaubegleiter und besch\u00e4ftigt sich in seiner Forschung mit der gesundheitsf\u00f6rdernden Wirkung [...]<\/p><\/div><\/div><\/div><div class=\"fusion-clearfix\"><\/div><\/div>\n<\/article>\n<article id=\"blog-1-post-1472\" class=\"fusion-post-grid post-1472 post type-post status-publish format-standard has-post-thumbnail hentry category-biophilic-design category-designtheorie category-evidence-based-design category-podcast category-uncategorized\">\n<div class=\"fusion-post-wrapper\" style=\"background-color:rgba(226,226,226,0.15);border:1px solid #f2f3f5;border-bottom-width:3px;\">\n\n\t\t\t<div class=\"fusion-flexslider flexslider fusion-flexslider-loading fusion-post-slideshow\" style=\"border-color:#f2f3f5;\">\n\t\t<ul class=\"slides\">\n\t\t\t\n\t\t\t\t\t\t\t\t\t\t\t\t\t\t<li><div  class=\"fusion-image-wrapper\" aria-haspopup=\"true\">\n\t\t\t\t<img decoding=\"async\" width=\"1111\" height=\"833\" src=\"https:\/\/gesunde-gestaltung.de\/wp-content\/uploads\/2022\/06\/Personen_3.jpg\" class=\"attachment-full size-full wp-post-image\" alt=\"\" srcset=\"https:\/\/gesunde-gestaltung.de\/wp-content\/uploads\/2022\/06\/Personen_3-200x150.jpg 200w, https:\/\/gesunde-gestaltung.de\/wp-content\/uploads\/2022\/06\/Personen_3-400x300.jpg 400w, https:\/\/gesunde-gestaltung.de\/wp-content\/uploads\/2022\/06\/Personen_3-600x450.jpg 600w, https:\/\/gesunde-gestaltung.de\/wp-content\/uploads\/2022\/06\/Personen_3-800x600.jpg 800w, https:\/\/gesunde-gestaltung.de\/wp-content\/uploads\/2022\/06\/Personen_3.jpg 1111w\" sizes=\"(min-width: 2200px) 100vw, (min-width: 712px) 580px, (min-width: 640px) 712px, \" \/><div class=\"fusion-rollover\">\n\t<div class=\"fusion-rollover-content\">\n\n\t\t\t\t\t\t\t\t\t\t\t\t\t\t<a class=\"fusion-rollover-link\" href=\"https:\/\/gesunde-gestaltung.de\/en_us\/uncategorized\/9-prof-sibylla-amstutz-zu-gesunden-arbeitsraeumen-beduerfnisgerechtem-planen-und-partizipativen-gestaltungsmethoden\/\">#9: Prof. Sibylla Amstutz zu gesunden Arbeitsr\u00e4umen, Bed\u00fcrfnisgerechtem Planen und partizipativen Gestaltungsmethoden<\/a>\n\t\t\t\n\t\t\t\t\t\t\t\t\t\t\t\t\t\t\n\t\t\t\t\t\t\t\t\n\t\t\t\t\t\t\t\t\t\t\t\t\t<div class=\"fusion-rollover-sep\"><\/div>\n\t\t\t\t\n\t\t\t\t\t\t\t\t\t\t\t\t\t\t\t\t\t\t<a class=\"fusion-rollover-gallery\" href=\"https:\/\/gesunde-gestaltung.de\/wp-content\/uploads\/2022\/06\/Personen_3.jpg\" data-id=\"1472\" data-rel=\"iLightbox[gallery]\" data-title=\"Prof Sibylla Amstutz\" data-caption=\"\">\n\t\t\t\t\t\tGallery\t\t\t\t\t<\/a>\n\t\t\t\t\t\t\t\t\t\t\t\t\t\t\n\t\t\n\t\t\t\t\t\t\t\t\t\t\t\t<h4 class=\"fusion-rollover-title\">\n\t\t\t\t\t<a class=\"fusion-rollover-title-link\" href=\"https:\/\/gesunde-gestaltung.de\/en_us\/uncategorized\/9-prof-sibylla-amstutz-zu-gesunden-arbeitsraeumen-beduerfnisgerechtem-planen-und-partizipativen-gestaltungsmethoden\/\">\n\t\t\t\t\t\t#9: Prof. Sibylla Amstutz zu gesunden Arbeitsr\u00e4umen, Bed\u00fcrfnisgerechtem Planen und partizipativen Gestaltungsmethoden\t\t\t\t\t<\/a>\n\t\t\t\t<\/h4>\n\t\t\t\n\t\t\t\t\t\t\t\t\t\t<div class=\"fusion-rollover-categories\"><a href=\"https:\/\/gesunde-gestaltung.de\/en_us\/category\/biophilic-design\/\" rel=\"tag\">Biophilic Design<\/a>, <a href=\"https:\/\/gesunde-gestaltung.de\/en_us\/category\/designtheorie\/\" rel=\"tag\">Designtheorie<\/a>, <a href=\"https:\/\/gesunde-gestaltung.de\/en_us\/category\/evidence-based-design\/\" rel=\"tag\">Evidence-based Design<\/a>, <a href=\"https:\/\/gesunde-gestaltung.de\/en_us\/category\/podcast\/\" rel=\"tag\">Podcast<\/a>, <a href=\"https:\/\/gesunde-gestaltung.de\/en_us\/category\/uncategorized\/\" rel=\"tag\">Uncategorized<\/a><\/div>\t\t\t\t\t\n\t\t\n\t\t\t\t\t\t<a class=\"fusion-link-wrapper\" href=\"https:\/\/gesunde-gestaltung.de\/en_us\/uncategorized\/9-prof-sibylla-amstutz-zu-gesunden-arbeitsraeumen-beduerfnisgerechtem-planen-und-partizipativen-gestaltungsmethoden\/\" aria-label=\"#9: Prof. Sibylla Amstutz zu gesunden Arbeitsr\u00e4umen, Bed\u00fcrfnisgerechtem Planen und partizipativen Gestaltungsmethoden\"><\/a>\n\t<\/div>\n<\/div>\n<\/div>\n<\/li>\n\t\t\t\n\t\t\t\n\t\t\t\t\t\t\t\t\t\t\t\t\t\t\t\t\t\t\t\t\t\t\t\t\t\t\t\t\t\t\t\t\t\t\t\t\t\t\t\t\t\t\t\t\t\t\t\t\t\t\t\t\t\t\t\t\t\t\t\t\t\t\t\t\t\t\t\t<\/ul>\n\t<\/div>\n\t<div class=\"fusion-post-content-wrapper\" style=\"padding:30px 25px 25px 25px;\"><div class=\"fusion-post-content post-content\"><h2 class=\"blog-shortcode-post-title entry-title\"><a href=\"https:\/\/gesunde-gestaltung.de\/en_us\/uncategorized\/9-prof-sibylla-amstutz-zu-gesunden-arbeitsraeumen-beduerfnisgerechtem-planen-und-partizipativen-gestaltungsmethoden\/\">#9: Prof. Sibylla Amstutz zu gesunden Arbeitsr\u00e4umen, Bed\u00fcrfnisgerechtem Planen und partizipativen Gestaltungsmethoden<\/a><\/h2><div class=\"fusion-post-content-container\"><p>Prof. Sibylla Amstutz ist Architektin mit zahlreichen Weiterbildungen unter anderem zur Denkmalpflege, Didaktik und Forschungsmanagement. Sie ist Leiterin des Kompetenzzentrums [...]<\/p><\/div><\/div><\/div><div class=\"fusion-clearfix\"><\/div><\/div>\n<\/article>\n<article id=\"blog-1-post-1456\" class=\"fusion-post-grid post-1456 post type-post status-publish format-standard has-post-thumbnail hentry category-biophilic-design category-designmethoden category-evidence-based-design category-podcast category-uncategorized\">\n<div class=\"fusion-post-wrapper\" style=\"background-color:rgba(226,226,226,0.15);border:1px solid #f2f3f5;border-bottom-width:3px;\">\n\n\t\t\t<div class=\"fusion-flexslider flexslider fusion-flexslider-loading fusion-post-slideshow\" style=\"border-color:#f2f3f5;\">\n\t\t<ul class=\"slides\">\n\t\t\t\n\t\t\t\t\t\t\t\t\t\t\t\t\t\t<li><div  class=\"fusion-image-wrapper\" aria-haspopup=\"true\">\n\t\t\t\t<img decoding=\"async\" width=\"2083\" height=\"2083\" src=\"https:\/\/gesunde-gestaltung.de\/wp-content\/uploads\/2022\/02\/Podcast_logo-quadrat.jpg\" class=\"attachment-full size-full wp-post-image\" alt=\"\" srcset=\"https:\/\/gesunde-gestaltung.de\/wp-content\/uploads\/2022\/02\/Podcast_logo-quadrat-200x200.jpg 200w, https:\/\/gesunde-gestaltung.de\/wp-content\/uploads\/2022\/02\/Podcast_logo-quadrat-400x400.jpg 400w, https:\/\/gesunde-gestaltung.de\/wp-content\/uploads\/2022\/02\/Podcast_logo-quadrat-600x600.jpg 600w, https:\/\/gesunde-gestaltung.de\/wp-content\/uploads\/2022\/02\/Podcast_logo-quadrat-800x800.jpg 800w, https:\/\/gesunde-gestaltung.de\/wp-content\/uploads\/2022\/02\/Podcast_logo-quadrat-1200x1200.jpg 1200w, https:\/\/gesunde-gestaltung.de\/wp-content\/uploads\/2022\/02\/Podcast_logo-quadrat.jpg 2083w\" sizes=\"(min-width: 2200px) 100vw, (min-width: 712px) 580px, (min-width: 640px) 712px, \" \/><div class=\"fusion-rollover\">\n\t<div class=\"fusion-rollover-content\">\n\n\t\t\t\t\t\t\t\t\t\t\t\t\t\t<a class=\"fusion-rollover-link\" href=\"https:\/\/gesunde-gestaltung.de\/en_us\/uncategorized\/8-basic-biophilic-design-wie-natur-als-gestaltungselement-gesundheit-foerdern-kann\/\">#8 BASIC: Biophilic Design &#8211; Wie Natur als Gestaltungselement Gesundheit f\u00f6rdern kann<\/a>\n\t\t\t\n\t\t\t\t\t\t\t\t\t\t\t\t\t\t\n\t\t\t\t\t\t\t\t\n\t\t\t\t\t\t\t\t\t\t\t\t\t<div class=\"fusion-rollover-sep\"><\/div>\n\t\t\t\t\n\t\t\t\t\t\t\t\t\t\t\t\t\t\t\t\t\t\t<a class=\"fusion-rollover-gallery\" href=\"https:\/\/gesunde-gestaltung.de\/wp-content\/uploads\/2022\/02\/Podcast_logo-quadrat.jpg\" data-id=\"1456\" data-rel=\"iLightbox[gallery]\" data-title=\"Podcast_logo quadrat\" data-caption=\"\">\n\t\t\t\t\t\tGallery\t\t\t\t\t<\/a>\n\t\t\t\t\t\t\t\t\t\t\t\t\t\t\n\t\t\n\t\t\t\t\t\t\t\t\t\t\t\t<h4 class=\"fusion-rollover-title\">\n\t\t\t\t\t<a class=\"fusion-rollover-title-link\" href=\"https:\/\/gesunde-gestaltung.de\/en_us\/uncategorized\/8-basic-biophilic-design-wie-natur-als-gestaltungselement-gesundheit-foerdern-kann\/\">\n\t\t\t\t\t\t#8 BASIC: Biophilic Design &#8211; Wie Natur als Gestaltungselement Gesundheit f\u00f6rdern kann\t\t\t\t\t<\/a>\n\t\t\t\t<\/h4>\n\t\t\t\n\t\t\t\t\t\t\t\t\t\t<div class=\"fusion-rollover-categories\"><a href=\"https:\/\/gesunde-gestaltung.de\/en_us\/category\/biophilic-design\/\" rel=\"tag\">Biophilic Design<\/a>, <a href=\"https:\/\/gesunde-gestaltung.de\/en_us\/category\/designmethoden\/\" rel=\"tag\">Designmethoden<\/a>, <a href=\"https:\/\/gesunde-gestaltung.de\/en_us\/category\/evidence-based-design\/\" rel=\"tag\">Evidence-based Design<\/a>, <a href=\"https:\/\/gesunde-gestaltung.de\/en_us\/category\/podcast\/\" rel=\"tag\">Podcast<\/a>, <a href=\"https:\/\/gesunde-gestaltung.de\/en_us\/category\/uncategorized\/\" rel=\"tag\">Uncategorized<\/a><\/div>\t\t\t\t\t\n\t\t\n\t\t\t\t\t\t<a class=\"fusion-link-wrapper\" href=\"https:\/\/gesunde-gestaltung.de\/en_us\/uncategorized\/8-basic-biophilic-design-wie-natur-als-gestaltungselement-gesundheit-foerdern-kann\/\" aria-label=\"#8 BASIC: Biophilic Design &#8211; Wie Natur als Gestaltungselement Gesundheit f\u00f6rdern kann\"><\/a>\n\t<\/div>\n<\/div>\n<\/div>\n<\/li>\n\t\t\t\n\t\t\t\n\t\t\t\t\t\t\t\t\t\t\t\t\t\t\t\t\t\t\t\t\t\t\t\t\t\t\t\t\t\t\t\t\t\t\t\t\t\t\t\t\t\t\t\t\t\t\t\t\t\t\t\t\t\t\t\t\t\t\t\t\t\t\t\t\t\t\t\t<\/ul>\n\t<\/div>\n\t<div class=\"fusion-post-content-wrapper\" style=\"padding:30px 25px 25px 25px;\"><div class=\"fusion-post-content post-content\"><h2 class=\"blog-shortcode-post-title entry-title\"><a href=\"https:\/\/gesunde-gestaltung.de\/en_us\/uncategorized\/8-basic-biophilic-design-wie-natur-als-gestaltungselement-gesundheit-foerdern-kann\/\">#8 BASIC: Biophilic Design &#8211; Wie Natur als Gestaltungselement Gesundheit f\u00f6rdern kann<\/a><\/h2><div class=\"fusion-post-content-container\"><p>Ein zunehmend popul\u00e4r werdender Ansatz der gesundheitsf\u00f6rdernden Gestaltung ist das \"Biophilic Design\". Darunter wir h\u00e4ufig die Einbindung von nat\u00fcrlichen Elementen, [...]<\/p><\/div><\/div><\/div><div class=\"fusion-clearfix\"><\/div><\/div>\n<\/article>\n<article id=\"blog-1-post-1348\" class=\"fusion-post-grid post-1348 post type-post status-publish format-standard has-post-thumbnail hentry category-biophilic-design category-designtheorie category-podcast category-uncategorized\">\n<div class=\"fusion-post-wrapper\" style=\"background-color:rgba(226,226,226,0.15);border:1px solid #f2f3f5;border-bottom-width:3px;\">\n\n\t\t\t<div class=\"fusion-flexslider flexslider fusion-flexslider-loading fusion-post-slideshow\" style=\"border-color:#f2f3f5;\">\n\t\t<ul class=\"slides\">\n\t\t\t\n\t\t\t\t\t\t\t\t\t\t\t\t\t\t<li><div  class=\"fusion-image-wrapper\" aria-haspopup=\"true\">\n\t\t\t\t<img decoding=\"async\" width=\"1111\" height=\"833\" src=\"https:\/\/gesunde-gestaltung.de\/wp-content\/uploads\/2022\/03\/Kai-Schuster.jpg\" class=\"attachment-full size-full wp-post-image\" alt=\"\" srcset=\"https:\/\/gesunde-gestaltung.de\/wp-content\/uploads\/2022\/03\/Kai-Schuster-200x150.jpg 200w, https:\/\/gesunde-gestaltung.de\/wp-content\/uploads\/2022\/03\/Kai-Schuster-400x300.jpg 400w, https:\/\/gesunde-gestaltung.de\/wp-content\/uploads\/2022\/03\/Kai-Schuster-600x450.jpg 600w, https:\/\/gesunde-gestaltung.de\/wp-content\/uploads\/2022\/03\/Kai-Schuster-800x600.jpg 800w, https:\/\/gesunde-gestaltung.de\/wp-content\/uploads\/2022\/03\/Kai-Schuster.jpg 1111w\" sizes=\"(min-width: 2200px) 100vw, (min-width: 712px) 580px, (min-width: 640px) 712px, \" \/><div class=\"fusion-rollover\">\n\t<div class=\"fusion-rollover-content\">\n\n\t\t\t\t\t\t\t\t\t\t\t\t\t\t<a class=\"fusion-rollover-link\" href=\"https:\/\/gesunde-gestaltung.de\/en_us\/uncategorized\/6-prof-dr-dr-kai-schuster-zu-barrierefreiheit-natur-als-gestaltungselement-und-die-wirkung-von-raeumen-auf-das-denken-fuehlen-und-handeln\/\">#7: Prof. Dr. Dr. Kai Schuster zu Barrierefreiheit, Natur als Gestaltungselement und die Wirkung von R\u00e4umen auf das Denken, F\u00fchlen und Handeln<\/a>\n\t\t\t\n\t\t\t\t\t\t\t\t\t\t\t\t\t\t\n\t\t\t\t\t\t\t\t\n\t\t\t\t\t\t\t\t\t\t\t\t\t<div class=\"fusion-rollover-sep\"><\/div>\n\t\t\t\t\n\t\t\t\t\t\t\t\t\t\t\t\t\t\t\t\t\t\t<a class=\"fusion-rollover-gallery\" href=\"https:\/\/gesunde-gestaltung.de\/wp-content\/uploads\/2022\/03\/Kai-Schuster.jpg\" data-id=\"1348\" data-rel=\"iLightbox[gallery]\" data-title=\"Kai Schuster\" data-caption=\"\">\n\t\t\t\t\t\tGallery\t\t\t\t\t<\/a>\n\t\t\t\t\t\t\t\t\t\t\t\t\t\t\n\t\t\n\t\t\t\t\t\t\t\t\t\t\t\t<h4 class=\"fusion-rollover-title\">\n\t\t\t\t\t<a class=\"fusion-rollover-title-link\" href=\"https:\/\/gesunde-gestaltung.de\/en_us\/uncategorized\/6-prof-dr-dr-kai-schuster-zu-barrierefreiheit-natur-als-gestaltungselement-und-die-wirkung-von-raeumen-auf-das-denken-fuehlen-und-handeln\/\">\n\t\t\t\t\t\t#7: Prof. Dr. Dr. Kai Schuster zu Barrierefreiheit, Natur als Gestaltungselement und die Wirkung von R\u00e4umen auf das Denken, F\u00fchlen und Handeln\t\t\t\t\t<\/a>\n\t\t\t\t<\/h4>\n\t\t\t\n\t\t\t\t\t\t\t\t\t\t<div class=\"fusion-rollover-categories\"><a href=\"https:\/\/gesunde-gestaltung.de\/en_us\/category\/biophilic-design\/\" rel=\"tag\">Biophilic Design<\/a>, <a href=\"https:\/\/gesunde-gestaltung.de\/en_us\/category\/designtheorie\/\" rel=\"tag\">Designtheorie<\/a>, <a href=\"https:\/\/gesunde-gestaltung.de\/en_us\/category\/podcast\/\" rel=\"tag\">Podcast<\/a>, <a href=\"https:\/\/gesunde-gestaltung.de\/en_us\/category\/uncategorized\/\" rel=\"tag\">Uncategorized<\/a><\/div>\t\t\t\t\t\n\t\t\n\t\t\t\t\t\t<a class=\"fusion-link-wrapper\" href=\"https:\/\/gesunde-gestaltung.de\/en_us\/uncategorized\/6-prof-dr-dr-kai-schuster-zu-barrierefreiheit-natur-als-gestaltungselement-und-die-wirkung-von-raeumen-auf-das-denken-fuehlen-und-handeln\/\" aria-label=\"#7: Prof. Dr. Dr. Kai Schuster zu Barrierefreiheit, Natur als Gestaltungselement und die Wirkung von R\u00e4umen auf das Denken, F\u00fchlen und Handeln\"><\/a>\n\t<\/div>\n<\/div>\n<\/div>\n<\/li>\n\t\t\t\n\t\t\t\n\t\t\t\t\t\t\t\t\t\t\t\t\t\t\t\t\t\t\t\t\t\t\t\t\t\t\t\t\t\t\t\t\t\t\t\t\t\t\t\t\t\t\t\t\t\t\t\t\t\t\t\t\t\t\t\t\t\t\t\t\t\t\t\t\t\t\t\t<\/ul>\n\t<\/div>\n\t<div class=\"fusion-post-content-wrapper\" style=\"padding:30px 25px 25px 25px;\"><div class=\"fusion-post-content post-content\"><h2 class=\"blog-shortcode-post-title entry-title\"><a href=\"https:\/\/gesunde-gestaltung.de\/en_us\/uncategorized\/6-prof-dr-dr-kai-schuster-zu-barrierefreiheit-natur-als-gestaltungselement-und-die-wirkung-von-raeumen-auf-das-denken-fuehlen-und-handeln\/\">#7: Prof. Dr. Dr. Kai Schuster zu Barrierefreiheit, Natur als Gestaltungselement und die Wirkung von R\u00e4umen auf das Denken, F\u00fchlen und Handeln<\/a><\/h2><div class=\"fusion-post-content-container\"><p>Prof. Schuster ist Psychologe und Architekt und lehrt an der Hochschule Darmstadt u.a. zu Architekturpsychologie, Barrierefreiheit und Lebensstilen. Er ist [...]<\/p><\/div><\/div><\/div><div class=\"fusion-clearfix\"><\/div><\/div>\n<\/article>\n<article id=\"blog-1-post-1343\" class=\"fusion-post-grid post-1343 post type-post status-publish format-standard has-post-thumbnail hentry category-biophilic-design category-designtheorie category-podcast category-uncategorized\">\n<div class=\"fusion-post-wrapper\" style=\"background-color:rgba(226,226,226,0.15);border:1px solid #f2f3f5;border-bottom-width:3px;\">\n\n\t\t\t<div class=\"fusion-flexslider flexslider fusion-flexslider-loading fusion-post-slideshow\" style=\"border-color:#f2f3f5;\">\n\t\t<ul class=\"slides\">\n\t\t\t\n\t\t\t\t\t\t\t\t\t\t\t\t\t\t<li><div  class=\"fusion-image-wrapper\" aria-haspopup=\"true\">\n\t\t\t\t<img decoding=\"async\" width=\"1111\" height=\"833\" src=\"https:\/\/gesunde-gestaltung.de\/wp-content\/uploads\/2022\/05\/Karl.jpg\" class=\"attachment-full size-full wp-post-image\" alt=\"\" srcset=\"https:\/\/gesunde-gestaltung.de\/wp-content\/uploads\/2022\/05\/Karl-200x150.jpg 200w, https:\/\/gesunde-gestaltung.de\/wp-content\/uploads\/2022\/05\/Karl-400x300.jpg 400w, https:\/\/gesunde-gestaltung.de\/wp-content\/uploads\/2022\/05\/Karl-600x450.jpg 600w, https:\/\/gesunde-gestaltung.de\/wp-content\/uploads\/2022\/05\/Karl-800x600.jpg 800w, https:\/\/gesunde-gestaltung.de\/wp-content\/uploads\/2022\/05\/Karl.jpg 1111w\" sizes=\"(min-width: 2200px) 100vw, (min-width: 712px) 580px, (min-width: 640px) 712px, \" \/><div class=\"fusion-rollover\">\n\t<div class=\"fusion-rollover-content\">\n\n\t\t\t\t\t\t\t\t\t\t\t\t\t\t<a class=\"fusion-rollover-link\" href=\"https:\/\/gesunde-gestaltung.de\/en_us\/uncategorized\/6-carl-friedrich-then-zur-rolle-der-aesthetik-spekulativem-design-und-animal-aided-design\/\">#6: Carl Friedrich Then zur Rolle der \u00c4sthetik, spekulativem Design und Animal-aided Design<\/a>\n\t\t\t\n\t\t\t\t\t\t\t\t\t\t\t\t\t\t\n\t\t\t\t\t\t\t\t\n\t\t\t\t\t\t\t\t\t\t\t\t\t<div class=\"fusion-rollover-sep\"><\/div>\n\t\t\t\t\n\t\t\t\t\t\t\t\t\t\t\t\t\t\t\t\t\t\t<a class=\"fusion-rollover-gallery\" href=\"https:\/\/gesunde-gestaltung.de\/wp-content\/uploads\/2022\/05\/Karl.jpg\" data-id=\"1343\" data-rel=\"iLightbox[gallery]\" data-title=\"Karl\" data-caption=\"\">\n\t\t\t\t\t\tGallery\t\t\t\t\t<\/a>\n\t\t\t\t\t\t\t\t\t\t\t\t\t\t\n\t\t\n\t\t\t\t\t\t\t\t\t\t\t\t<h4 class=\"fusion-rollover-title\">\n\t\t\t\t\t<a class=\"fusion-rollover-title-link\" href=\"https:\/\/gesunde-gestaltung.de\/en_us\/uncategorized\/6-carl-friedrich-then-zur-rolle-der-aesthetik-spekulativem-design-und-animal-aided-design\/\">\n\t\t\t\t\t\t#6: Carl Friedrich Then zur Rolle der \u00c4sthetik, spekulativem Design und Animal-aided Design\t\t\t\t\t<\/a>\n\t\t\t\t<\/h4>\n\t\t\t\n\t\t\t\t\t\t\t\t\t\t<div class=\"fusion-rollover-categories\"><a href=\"https:\/\/gesunde-gestaltung.de\/en_us\/category\/biophilic-design\/\" rel=\"tag\">Biophilic Design<\/a>, <a href=\"https:\/\/gesunde-gestaltung.de\/en_us\/category\/designtheorie\/\" rel=\"tag\">Designtheorie<\/a>, <a href=\"https:\/\/gesunde-gestaltung.de\/en_us\/category\/podcast\/\" rel=\"tag\">Podcast<\/a>, <a href=\"https:\/\/gesunde-gestaltung.de\/en_us\/category\/uncategorized\/\" rel=\"tag\">Uncategorized<\/a><\/div>\t\t\t\t\t\n\t\t\n\t\t\t\t\t\t<a class=\"fusion-link-wrapper\" href=\"https:\/\/gesunde-gestaltung.de\/en_us\/uncategorized\/6-carl-friedrich-then-zur-rolle-der-aesthetik-spekulativem-design-und-animal-aided-design\/\" aria-label=\"#6: Carl Friedrich Then zur Rolle der \u00c4sthetik, spekulativem Design und Animal-aided Design\"><\/a>\n\t<\/div>\n<\/div>\n<\/div>\n<\/li>\n\t\t\t\n\t\t\t\n\t\t\t\t\t\t\t\t\t\t\t\t\t\t\t\t\t\t\t\t\t\t\t\t\t\t\t\t\t\t\t\t\t\t\t\t\t\t\t\t\t\t\t\t\t\t\t\t\t\t\t\t\t\t\t\t\t\t\t\t\t\t\t\t\t\t\t\t<\/ul>\n\t<\/div>\n\t<div class=\"fusion-post-content-wrapper\" style=\"padding:30px 25px 25px 25px;\"><div class=\"fusion-post-content post-content\"><h2 class=\"blog-shortcode-post-title entry-title\"><a href=\"https:\/\/gesunde-gestaltung.de\/en_us\/uncategorized\/6-carl-friedrich-then-zur-rolle-der-aesthetik-spekulativem-design-und-animal-aided-design\/\">#6: Carl Friedrich Then zur Rolle der \u00c4sthetik, spekulativem Design und Animal-aided Design<\/a><\/h2><div class=\"fusion-post-content-container\"><p>Carl Friedrich Then ist ausgebildet in Literaturwissenschaften, Kunstgeschichte und \u00c4sthetik mit Schwerpunkt in aktuellen Designdiskursen und Designgeschichte. In dieser Folge [...]<\/p><\/div><\/div><\/div><div class=\"fusion-clearfix\"><\/div><\/div>\n<\/article>\n<article id=\"blog-1-post-1334\" class=\"fusion-post-grid has-post-thumbnail post-1334 post type-post status-publish format-standard hentry category-aktivitaetssteigerung category-biophilic-design category-evidence-based-design category-nachhaltigkeit category-wissenschaft tag-evidence-based-design tag-staedte tag-stadtplanung tag-urban-health\">\n<div class=\"fusion-post-wrapper\" style=\"background-color:rgba(226,226,226,0.15);border:1px solid #f2f3f5;border-bottom-width:3px;\">\n\n\t\t\t<div class=\"fusion-flexslider flexslider fusion-flexslider-loading fusion-post-slideshow\" style=\"border-color:#f2f3f5;\">\n\t\t<ul class=\"slides\">\n\t\t\t\t\t\t\t<li>\n\t\t\t\t\t<div class=\"full-video\"><iframe class=\"fusion-hidden\" data-privacy-type=\"youtube\" src=\"\" width=\"560\" height=\"315\" data-privacy-src=\"https:\/\/www.youtube.com\/embed\/q0AjkqM-0oY\" frameborder=\"0\" allow=\"accelerometer; autoplay; clipboard-write; encrypted-media; gyroscope; picture-in-picture\" allowfullscreen><\/iframe><div class=\"fusion-privacy-placeholder\" style=\"width:560px; height:315px;\" data-privacy-type=\"youtube\"><div class=\"fusion-privacy-placeholder-content\"><div class=\"fusion-privacy-label\">For privacy reasons YouTube needs your permission to be loaded.<\/div><a href=\"\" data-privacy-type=\"youtube\" class=\"fusion-button button-default fusion-button-default-size button fusion-privacy-consent\">I Accept<\/a><\/div><\/div><\/div>\n\t\t\t\t<\/li>\n\t\t\t\n\t\t\t\t\t\t\n\t\t\t\n\t\t\t\t\t\t\t\t\t\t\t\t\t\t\t\t\t\t\t\t\t\t\t\t\t\t\t\t\t\t\t\t\t\t\t\t\t\t\t\t\t\t\t\t\t\t\t\t\t\t\t\t\t\t\t\t\t\t\t\t\t\t\t\t\t\t\t\t<\/ul>\n\t<\/div>\n\t<div class=\"fusion-post-content-wrapper\" style=\"padding:30px 25px 25px 25px;\"><div class=\"fusion-post-content post-content\"><h2 class=\"blog-shortcode-post-title entry-title\"><a href=\"https:\/\/gesunde-gestaltung.de\/en_us\/aktivitaetssteigerung\/wie-koennen-innenstaedte-die-gesundheit-foerdern\/\">Wie k\u00f6nnen Innenst\u00e4dte die Gesundheit f\u00f6rdern?<\/a><\/h2><div class=\"fusion-post-content-container\"><p>St\u00e4dte werden oft als Stressoren wahrgenommen, die durch Feinstaub, L\u00e4rm, hektische Lebensstile und andere Faktoren zahlreiche Risikofaktoren f\u00fcr die Gesundheit [...]<\/p><\/div><\/div><\/div><div class=\"fusion-clearfix\"><\/div><\/div>\n<\/article>\n<article id=\"blog-1-post-1246\" class=\"fusion-post-grid post-1246 post type-post status-publish format-standard has-post-thumbnail hentry category-evidence-based-design category-podcast category-stressreduktion category-uncategorized\">\n<div class=\"fusion-post-wrapper\" style=\"background-color:rgba(226,226,226,0.15);border:1px solid #f2f3f5;border-bottom-width:3px;\">\n\n\t\t\t<div class=\"fusion-flexslider flexslider fusion-flexslider-loading fusion-post-slideshow\" style=\"border-color:#f2f3f5;\">\n\t\t<ul class=\"slides\">\n\t\t\t\n\t\t\t\t\t\t\t\t\t\t\t\t\t\t<li><div  class=\"fusion-image-wrapper\" aria-haspopup=\"true\">\n\t\t\t\t<img decoding=\"async\" width=\"1111\" height=\"833\" src=\"https:\/\/gesunde-gestaltung.de\/wp-content\/uploads\/2022\/03\/Ute-Ziegler.jpg\" class=\"attachment-full size-full wp-post-image\" alt=\"\" srcset=\"https:\/\/gesunde-gestaltung.de\/wp-content\/uploads\/2022\/03\/Ute-Ziegler-200x150.jpg 200w, https:\/\/gesunde-gestaltung.de\/wp-content\/uploads\/2022\/03\/Ute-Ziegler-400x300.jpg 400w, https:\/\/gesunde-gestaltung.de\/wp-content\/uploads\/2022\/03\/Ute-Ziegler-600x450.jpg 600w, https:\/\/gesunde-gestaltung.de\/wp-content\/uploads\/2022\/03\/Ute-Ziegler-800x600.jpg 800w, https:\/\/gesunde-gestaltung.de\/wp-content\/uploads\/2022\/03\/Ute-Ziegler.jpg 1111w\" sizes=\"(min-width: 2200px) 100vw, (min-width: 712px) 580px, (min-width: 640px) 712px, \" \/><div class=\"fusion-rollover\">\n\t<div class=\"fusion-rollover-content\">\n\n\t\t\t\t\t\t\t\t\t\t\t\t\t\t<a class=\"fusion-rollover-link\" href=\"https:\/\/gesunde-gestaltung.de\/en_us\/uncategorized\/5-dr-ute-ziegler-ueber-design-in-der-psychiatrie-stress-reduktion-durch-gestaltung-und-evidence-based-design\/\">#5: Dr. Ute Ziegler zu Psychiatrie und Design, Stress-Reduktion durch Gestaltung und Evidence-based Design<\/a>\n\t\t\t\n\t\t\t\t\t\t\t\t\t\t\t\t\t\t\n\t\t\t\t\t\t\t\t\n\t\t\t\t\t\t\t\t\t\t\t\t\t<div class=\"fusion-rollover-sep\"><\/div>\n\t\t\t\t\n\t\t\t\t\t\t\t\t\t\t\t\t\t\t\t\t\t\t<a class=\"fusion-rollover-gallery\" href=\"https:\/\/gesunde-gestaltung.de\/wp-content\/uploads\/2022\/03\/Ute-Ziegler.jpg\" data-id=\"1246\" data-rel=\"iLightbox[gallery]\" data-title=\"Ute Ziegler\" data-caption=\"\">\n\t\t\t\t\t\tGallery\t\t\t\t\t<\/a>\n\t\t\t\t\t\t\t\t\t\t\t\t\t\t\n\t\t\n\t\t\t\t\t\t\t\t\t\t\t\t<h4 class=\"fusion-rollover-title\">\n\t\t\t\t\t<a class=\"fusion-rollover-title-link\" href=\"https:\/\/gesunde-gestaltung.de\/en_us\/uncategorized\/5-dr-ute-ziegler-ueber-design-in-der-psychiatrie-stress-reduktion-durch-gestaltung-und-evidence-based-design\/\">\n\t\t\t\t\t\t#5: Dr. Ute Ziegler zu Psychiatrie und Design, Stress-Reduktion durch Gestaltung und Evidence-based Design\t\t\t\t\t<\/a>\n\t\t\t\t<\/h4>\n\t\t\t\n\t\t\t\t\t\t\t\t\t\t<div class=\"fusion-rollover-categories\"><a href=\"https:\/\/gesunde-gestaltung.de\/en_us\/category\/evidence-based-design\/\" rel=\"tag\">Evidence-based Design<\/a>, <a href=\"https:\/\/gesunde-gestaltung.de\/en_us\/category\/podcast\/\" rel=\"tag\">Podcast<\/a>, <a href=\"https:\/\/gesunde-gestaltung.de\/en_us\/category\/stressreduktion\/\" rel=\"tag\">Stressreduktion<\/a>, <a href=\"https:\/\/gesunde-gestaltung.de\/en_us\/category\/uncategorized\/\" rel=\"tag\">Uncategorized<\/a><\/div>\t\t\t\t\t\n\t\t\n\t\t\t\t\t\t<a class=\"fusion-link-wrapper\" href=\"https:\/\/gesunde-gestaltung.de\/en_us\/uncategorized\/5-dr-ute-ziegler-ueber-design-in-der-psychiatrie-stress-reduktion-durch-gestaltung-und-evidence-based-design\/\" aria-label=\"#5: Dr. Ute Ziegler zu Psychiatrie und Design, Stress-Reduktion durch Gestaltung und Evidence-based Design\"><\/a>\n\t<\/div>\n<\/div>\n<\/div>\n<\/li>\n\t\t\t\n\t\t\t\n\t\t\t\t\t\t\t\t\t\t\t\t\t\t\t\t\t\t\t\t\t\t\t\t\t\t\t\t\t\t\t\t\t\t\t\t\t\t\t\t\t\t\t\t\t\t\t\t\t\t\t\t\t\t\t\t\t\t\t\t\t\t\t\t\t\t\t\t<\/ul>\n\t<\/div>\n\t<div class=\"fusion-post-content-wrapper\" style=\"padding:30px 25px 25px 25px;\"><div class=\"fusion-post-content post-content\"><h2 class=\"blog-shortcode-post-title entry-title\"><a href=\"https:\/\/gesunde-gestaltung.de\/en_us\/uncategorized\/5-dr-ute-ziegler-ueber-design-in-der-psychiatrie-stress-reduktion-durch-gestaltung-und-evidence-based-design\/\">#5: Dr. Ute Ziegler zu Psychiatrie und Design, Stress-Reduktion durch Gestaltung und Evidence-based Design<\/a><\/h2><div class=\"fusion-post-content-container\"><p>Dr. Ute Ziegler ist Kunsthistorikerin, Innenarchitektin und Designforscherin. Sie ist weitergebildet zur Planerin f\u00fcr Baubiologie und Trainerin f\u00fcr Biofeedback. Ihr [...]<\/p><\/div><\/div><\/div><div class=\"fusion-clearfix\"><\/div><\/div>\n<\/article>\n<article id=\"blog-1-post-1218\" class=\"fusion-post-grid post-1218 post type-post status-publish format-standard has-post-thumbnail hentry category-podcast category-uncategorized\">\n<div class=\"fusion-post-wrapper\" style=\"background-color:rgba(226,226,226,0.15);border:1px solid #f2f3f5;border-bottom-width:3px;\">\n\n\t\t\t<div class=\"fusion-flexslider flexslider fusion-flexslider-loading fusion-post-slideshow\" style=\"border-color:#f2f3f5;\">\n\t\t<ul class=\"slides\">\n\t\t\t\n\t\t\t\t\t\t\t\t\t\t\t\t\t\t<li><div  class=\"fusion-image-wrapper\" aria-haspopup=\"true\">\n\t\t\t\t<img decoding=\"async\" width=\"1111\" height=\"833\" src=\"https:\/\/gesunde-gestaltung.de\/wp-content\/uploads\/2022\/03\/Sattler.jpg\" class=\"attachment-full size-full wp-post-image\" alt=\"\" srcset=\"https:\/\/gesunde-gestaltung.de\/wp-content\/uploads\/2022\/03\/Sattler-200x150.jpg 200w, https:\/\/gesunde-gestaltung.de\/wp-content\/uploads\/2022\/03\/Sattler-400x300.jpg 400w, https:\/\/gesunde-gestaltung.de\/wp-content\/uploads\/2022\/03\/Sattler-600x450.jpg 600w, https:\/\/gesunde-gestaltung.de\/wp-content\/uploads\/2022\/03\/Sattler-800x600.jpg 800w, https:\/\/gesunde-gestaltung.de\/wp-content\/uploads\/2022\/03\/Sattler.jpg 1111w\" sizes=\"(min-width: 2200px) 100vw, (min-width: 712px) 580px, (min-width: 640px) 712px, \" \/><div class=\"fusion-rollover\">\n\t<div class=\"fusion-rollover-content\">\n\n\t\t\t\t\t\t\t\t\t\t\t\t\t\t<a class=\"fusion-rollover-link\" href=\"https:\/\/gesunde-gestaltung.de\/en_us\/uncategorized\/prof-wolfgang-sattler-zu-robotik-in-der-pflege-universal-design-und-die-gesellschaftliche-rolle-der-gestaltung\/\">#4 Prof. Wolfgang Sattler zu Robotik in der Pflege, Universal Design und die gesellschaftliche Rolle der Gestaltung<\/a>\n\t\t\t\n\t\t\t\t\t\t\t\t\t\t\t\t\t\t\n\t\t\t\t\t\t\t\t\n\t\t\t\t\t\t\t\t\t\t\t\t\t<div class=\"fusion-rollover-sep\"><\/div>\n\t\t\t\t\n\t\t\t\t\t\t\t\t\t\t\t\t\t\t\t\t\t\t<a class=\"fusion-rollover-gallery\" href=\"https:\/\/gesunde-gestaltung.de\/wp-content\/uploads\/2022\/03\/Sattler.jpg\" data-id=\"1218\" data-rel=\"iLightbox[gallery]\" data-title=\"Sattler\" data-caption=\"\">\n\t\t\t\t\t\tGallery\t\t\t\t\t<\/a>\n\t\t\t\t\t\t\t\t\t\t\t\t\t\t\n\t\t\n\t\t\t\t\t\t\t\t\t\t\t\t<h4 class=\"fusion-rollover-title\">\n\t\t\t\t\t<a class=\"fusion-rollover-title-link\" href=\"https:\/\/gesunde-gestaltung.de\/en_us\/uncategorized\/prof-wolfgang-sattler-zu-robotik-in-der-pflege-universal-design-und-die-gesellschaftliche-rolle-der-gestaltung\/\">\n\t\t\t\t\t\t#4 Prof. Wolfgang Sattler zu Robotik in der Pflege, Universal Design und die gesellschaftliche Rolle der Gestaltung\t\t\t\t\t<\/a>\n\t\t\t\t<\/h4>\n\t\t\t\n\t\t\t\t\t\t\t\t\t\t<div class=\"fusion-rollover-categories\"><a href=\"https:\/\/gesunde-gestaltung.de\/en_us\/category\/podcast\/\" rel=\"tag\">Podcast<\/a>, <a href=\"https:\/\/gesunde-gestaltung.de\/en_us\/category\/uncategorized\/\" rel=\"tag\">Uncategorized<\/a><\/div>\t\t\t\t\t\n\t\t\n\t\t\t\t\t\t<a class=\"fusion-link-wrapper\" href=\"https:\/\/gesunde-gestaltung.de\/en_us\/uncategorized\/prof-wolfgang-sattler-zu-robotik-in-der-pflege-universal-design-und-die-gesellschaftliche-rolle-der-gestaltung\/\" aria-label=\"#4 Prof. Wolfgang Sattler zu Robotik in der Pflege, Universal Design und die gesellschaftliche Rolle der Gestaltung\"><\/a>\n\t<\/div>\n<\/div>\n<\/div>\n<\/li>\n\t\t\t\n\t\t\t\n\t\t\t\t\t\t\t\t\t\t\t\t\t\t\t\t\t\t\t\t\t\t\t\t\t\t\t\t\t\t\t\t\t\t\t\t\t\t\t\t\t\t\t\t\t\t\t\t\t\t\t\t\t\t\t\t\t\t\t\t\t\t\t\t\t\t\t\t<\/ul>\n\t<\/div>\n\t<div class=\"fusion-post-content-wrapper\" style=\"padding:30px 25px 25px 25px;\"><div class=\"fusion-post-content post-content\"><h2 class=\"blog-shortcode-post-title entry-title\"><a href=\"https:\/\/gesunde-gestaltung.de\/en_us\/uncategorized\/prof-wolfgang-sattler-zu-robotik-in-der-pflege-universal-design-und-die-gesellschaftliche-rolle-der-gestaltung\/\">#4 Prof. Wolfgang Sattler zu Robotik in der Pflege, Universal Design und die gesellschaftliche Rolle der Gestaltung<\/a><\/h2><div class=\"fusion-post-content-container\"><p>In dieser Folge treffen wir auf Prof. Wolfgang Sattler. Der langj\u00e4hrige Designer und Designprofessor an der Bauhaus Universit\u00e4t Weimar berichtet [...]<\/p><\/div><\/div><\/div><div class=\"fusion-clearfix\"><\/div><\/div>\n<\/article>\n<article id=\"blog-1-post-1229\" class=\"fusion-post-grid post-1229 post type-post status-publish format-standard has-post-thumbnail hentry category-podcast category-uncategorized\">\n<div class=\"fusion-post-wrapper\" style=\"background-color:rgba(226,226,226,0.15);border:1px solid #f2f3f5;border-bottom-width:3px;\">\n\n\t\t\t<div class=\"fusion-flexslider flexslider fusion-flexslider-loading fusion-post-slideshow\" style=\"border-color:#f2f3f5;\">\n\t\t<ul class=\"slides\">\n\t\t\t\n\t\t\t\t\t\t\t\t\t\t\t\t\t\t<li><div  class=\"fusion-image-wrapper\" aria-haspopup=\"true\">\n\t\t\t\t<img decoding=\"async\" width=\"1736\" height=\"1736\" src=\"https:\/\/gesunde-gestaltung.de\/wp-content\/uploads\/2022\/02\/Podcast-Logo-quadratisch-1.jpg\" class=\"attachment-full size-full wp-post-image\" alt=\"\" srcset=\"https:\/\/gesunde-gestaltung.de\/wp-content\/uploads\/2022\/02\/Podcast-Logo-quadratisch-1-200x200.jpg 200w, https:\/\/gesunde-gestaltung.de\/wp-content\/uploads\/2022\/02\/Podcast-Logo-quadratisch-1-400x400.jpg 400w, https:\/\/gesunde-gestaltung.de\/wp-content\/uploads\/2022\/02\/Podcast-Logo-quadratisch-1-600x600.jpg 600w, https:\/\/gesunde-gestaltung.de\/wp-content\/uploads\/2022\/02\/Podcast-Logo-quadratisch-1-800x800.jpg 800w, https:\/\/gesunde-gestaltung.de\/wp-content\/uploads\/2022\/02\/Podcast-Logo-quadratisch-1-1200x1200.jpg 1200w, https:\/\/gesunde-gestaltung.de\/wp-content\/uploads\/2022\/02\/Podcast-Logo-quadratisch-1.jpg 1736w\" sizes=\"(min-width: 2200px) 100vw, (min-width: 712px) 580px, (min-width: 640px) 712px, \" \/><div class=\"fusion-rollover\">\n\t<div class=\"fusion-rollover-content\">\n\n\t\t\t\t\t\t\t\t\t\t\t\t\t\t<a class=\"fusion-rollover-link\" href=\"https:\/\/gesunde-gestaltung.de\/en_us\/uncategorized\/3-basic-was-ist-und-kann-evidence-based-design\/\">#3 BASIC: Was ist und kann Evidence-Based Design?<\/a>\n\t\t\t\n\t\t\t\t\t\t\t\t\t\t\t\t\t\t\n\t\t\t\t\t\t\t\t\n\t\t\t\t\t\t\t\t\t\t\t\t\t<div class=\"fusion-rollover-sep\"><\/div>\n\t\t\t\t\n\t\t\t\t\t\t\t\t\t\t\t\t\t\t\t\t\t\t<a class=\"fusion-rollover-gallery\" href=\"https:\/\/gesunde-gestaltung.de\/wp-content\/uploads\/2022\/02\/Podcast-Logo-quadratisch-1.jpg\" data-id=\"1229\" data-rel=\"iLightbox[gallery]\" data-title=\"Podcast Logo quadratisch\" data-caption=\"\">\n\t\t\t\t\t\tGallery\t\t\t\t\t<\/a>\n\t\t\t\t\t\t\t\t\t\t\t\t\t\t\n\t\t\n\t\t\t\t\t\t\t\t\t\t\t\t<h4 class=\"fusion-rollover-title\">\n\t\t\t\t\t<a class=\"fusion-rollover-title-link\" href=\"https:\/\/gesunde-gestaltung.de\/en_us\/uncategorized\/3-basic-was-ist-und-kann-evidence-based-design\/\">\n\t\t\t\t\t\t#3 BASIC: Was ist und kann Evidence-Based Design?\t\t\t\t\t<\/a>\n\t\t\t\t<\/h4>\n\t\t\t\n\t\t\t\t\t\t\t\t\t\t<div class=\"fusion-rollover-categories\"><a href=\"https:\/\/gesunde-gestaltung.de\/en_us\/category\/podcast\/\" rel=\"tag\">Podcast<\/a>, <a href=\"https:\/\/gesunde-gestaltung.de\/en_us\/category\/uncategorized\/\" rel=\"tag\">Uncategorized<\/a><\/div>\t\t\t\t\t\n\t\t\n\t\t\t\t\t\t<a class=\"fusion-link-wrapper\" href=\"https:\/\/gesunde-gestaltung.de\/en_us\/uncategorized\/3-basic-was-ist-und-kann-evidence-based-design\/\" aria-label=\"#3 BASIC: Was ist und kann Evidence-Based Design?\"><\/a>\n\t<\/div>\n<\/div>\n<\/div>\n<\/li>\n\t\t\t\n\t\t\t\n\t\t\t\t\t\t\t\t\t\t\t\t\t\t\t\t\t\t\t\t\t\t\t\t\t\t\t\t\t\t\t\t\t\t\t\t\t\t\t\t\t\t\t\t\t\t\t\t\t\t\t\t\t\t\t\t\t\t\t\t\t\t\t\t\t\t\t\t<\/ul>\n\t<\/div>\n\t<div class=\"fusion-post-content-wrapper\" style=\"padding:30px 25px 25px 25px;\"><div class=\"fusion-post-content post-content\"><h2 class=\"blog-shortcode-post-title entry-title\"><a href=\"https:\/\/gesunde-gestaltung.de\/en_us\/uncategorized\/3-basic-was-ist-und-kann-evidence-based-design\/\">#3 BASIC: Was ist und kann Evidence-Based Design?<\/a><\/h2><div class=\"fusion-post-content-container\"><p>Wenn Gestaltung spezifische Effekte - wie etwa eine gesundheitsf\u00f6rdernde Wirkung - ausl\u00f6sen soll, kann es ratsam sein, wissenschaftliche Erkenntnisse zu [...]<\/p><\/div><\/div><\/div><div class=\"fusion-clearfix\"><\/div><\/div>\n<\/article>\n<article id=\"blog-1-post-1209\" class=\"fusion-post-grid post-1209 post type-post status-publish format-standard has-post-thumbnail hentry category-podcast category-uncategorized\">\n<div class=\"fusion-post-wrapper\" style=\"background-color:rgba(226,226,226,0.15);border:1px solid #f2f3f5;border-bottom-width:3px;\">\n\n\t\t\t<div class=\"fusion-flexslider flexslider fusion-flexslider-loading fusion-post-slideshow\" style=\"border-color:#f2f3f5;\">\n\t\t<ul class=\"slides\">\n\t\t\t\n\t\t\t\t\t\t\t\t\t\t\t\t\t\t<li><div  class=\"fusion-image-wrapper\" aria-haspopup=\"true\">\n\t\t\t\t<img decoding=\"async\" width=\"1111\" height=\"833\" src=\"https:\/\/gesunde-gestaltung.de\/wp-content\/uploads\/2022\/03\/Sappok.jpg\" class=\"attachment-full size-full wp-post-image\" alt=\"\" srcset=\"https:\/\/gesunde-gestaltung.de\/wp-content\/uploads\/2022\/03\/Sappok-200x150.jpg 200w, https:\/\/gesunde-gestaltung.de\/wp-content\/uploads\/2022\/03\/Sappok-400x300.jpg 400w, https:\/\/gesunde-gestaltung.de\/wp-content\/uploads\/2022\/03\/Sappok-600x450.jpg 600w, https:\/\/gesunde-gestaltung.de\/wp-content\/uploads\/2022\/03\/Sappok-800x600.jpg 800w, https:\/\/gesunde-gestaltung.de\/wp-content\/uploads\/2022\/03\/Sappok.jpg 1111w\" sizes=\"(min-width: 2200px) 100vw, (min-width: 712px) 580px, (min-width: 640px) 712px, \" \/><div class=\"fusion-rollover\">\n\t<div class=\"fusion-rollover-content\">\n\n\t\t\t\t\t\t\t\t\t\t\t\t\t\t<a class=\"fusion-rollover-link\" href=\"https:\/\/gesunde-gestaltung.de\/en_us\/uncategorized\/1209\/\">#2 Dr. med Ulrich Sappok zu Salutogenese, Raumwirkungen und den Wald als Sprechzimmer des Arztes<\/a>\n\t\t\t\n\t\t\t\t\t\t\t\t\t\t\t\t\t\t\n\t\t\t\t\t\t\t\t\n\t\t\t\t\t\t\t\t\t\t\t\t\t<div class=\"fusion-rollover-sep\"><\/div>\n\t\t\t\t\n\t\t\t\t\t\t\t\t\t\t\t\t\t\t\t\t\t\t<a class=\"fusion-rollover-gallery\" href=\"https:\/\/gesunde-gestaltung.de\/wp-content\/uploads\/2022\/03\/Sappok.jpg\" data-id=\"1209\" data-rel=\"iLightbox[gallery]\" data-title=\"Sappok\" data-caption=\"\">\n\t\t\t\t\t\tGallery\t\t\t\t\t<\/a>\n\t\t\t\t\t\t\t\t\t\t\t\t\t\t\n\t\t\n\t\t\t\t\t\t\t\t\t\t\t\t<h4 class=\"fusion-rollover-title\">\n\t\t\t\t\t<a class=\"fusion-rollover-title-link\" href=\"https:\/\/gesunde-gestaltung.de\/en_us\/uncategorized\/1209\/\">\n\t\t\t\t\t\t#2 Dr. med Ulrich Sappok zu Salutogenese, Raumwirkungen und den Wald als Sprechzimmer des Arztes\t\t\t\t\t<\/a>\n\t\t\t\t<\/h4>\n\t\t\t\n\t\t\t\t\t\t\t\t\t\t<div class=\"fusion-rollover-categories\"><a href=\"https:\/\/gesunde-gestaltung.de\/en_us\/category\/podcast\/\" rel=\"tag\">Podcast<\/a>, <a href=\"https:\/\/gesunde-gestaltung.de\/en_us\/category\/uncategorized\/\" rel=\"tag\">Uncategorized<\/a><\/div>\t\t\t\t\t\n\t\t\n\t\t\t\t\t\t<a class=\"fusion-link-wrapper\" href=\"https:\/\/gesunde-gestaltung.de\/en_us\/uncategorized\/1209\/\" aria-label=\"#2 Dr. med Ulrich Sappok zu Salutogenese, Raumwirkungen und den Wald als Sprechzimmer des Arztes\"><\/a>\n\t<\/div>\n<\/div>\n<\/div>\n<\/li>\n\t\t\t\n\t\t\t\n\t\t\t\t\t\t\t\t\t\t\t\t\t\t\t\t\t\t\t\t\t\t\t\t\t\t\t\t\t\t\t\t\t\t\t\t\t\t\t\t\t\t\t\t\t\t\t\t\t\t\t\t\t\t\t\t\t\t\t\t\t\t\t\t\t\t\t\t<\/ul>\n\t<\/div>\n\t<div class=\"fusion-post-content-wrapper\" style=\"padding:30px 25px 25px 25px;\"><div class=\"fusion-post-content post-content\"><h2 class=\"blog-shortcode-post-title entry-title\"><a href=\"https:\/\/gesunde-gestaltung.de\/en_us\/uncategorized\/1209\/\">#2 Dr. med Ulrich Sappok zu Salutogenese, Raumwirkungen und den Wald als Sprechzimmer des Arztes<\/a><\/h2><div class=\"fusion-post-content-container\"><p>Dr. med Hans-Ulrich Sappok ist Facharzt f\u00fcr Allgemeinmedizin, Lehrbeauftragter der Heinrich-Heine Universit\u00e4t D\u00fcsseldorf, ZRN Trainer, Coaching Trainer und Unternehmer. Er [...]<\/p><\/div><\/div><\/div><div class=\"fusion-clearfix\"><\/div><\/div>\n<\/article>\n<article id=\"blog-1-post-1204\" class=\"fusion-post-grid post-1204 post type-post status-publish format-standard has-post-thumbnail hentry category-podcast category-uncategorized\">\n<div class=\"fusion-post-wrapper\" style=\"background-color:rgba(226,226,226,0.15);border:1px solid #f2f3f5;border-bottom-width:3px;\">\n\n\t\t\t<div class=\"fusion-flexslider flexslider fusion-flexslider-loading fusion-post-slideshow\" style=\"border-color:#f2f3f5;\">\n\t\t<ul class=\"slides\">\n\t\t\t\n\t\t\t\t\t\t\t\t\t\t\t\t\t\t<li><div  class=\"fusion-image-wrapper\" aria-haspopup=\"true\">\n\t\t\t\t<img decoding=\"async\" width=\"1736\" height=\"1736\" src=\"https:\/\/gesunde-gestaltung.de\/wp-content\/uploads\/2022\/02\/Podcast-Logo-quadratisch-1.jpg\" class=\"attachment-full size-full wp-post-image\" alt=\"\" srcset=\"https:\/\/gesunde-gestaltung.de\/wp-content\/uploads\/2022\/02\/Podcast-Logo-quadratisch-1-200x200.jpg 200w, https:\/\/gesunde-gestaltung.de\/wp-content\/uploads\/2022\/02\/Podcast-Logo-quadratisch-1-400x400.jpg 400w, https:\/\/gesunde-gestaltung.de\/wp-content\/uploads\/2022\/02\/Podcast-Logo-quadratisch-1-600x600.jpg 600w, https:\/\/gesunde-gestaltung.de\/wp-content\/uploads\/2022\/02\/Podcast-Logo-quadratisch-1-800x800.jpg 800w, https:\/\/gesunde-gestaltung.de\/wp-content\/uploads\/2022\/02\/Podcast-Logo-quadratisch-1-1200x1200.jpg 1200w, https:\/\/gesunde-gestaltung.de\/wp-content\/uploads\/2022\/02\/Podcast-Logo-quadratisch-1.jpg 1736w\" sizes=\"(min-width: 2200px) 100vw, (min-width: 712px) 580px, (min-width: 640px) 712px, \" \/><div class=\"fusion-rollover\">\n\t<div class=\"fusion-rollover-content\">\n\n\t\t\t\t\t\t\t\t\t\t\t\t\t\t<a class=\"fusion-rollover-link\" href=\"https:\/\/gesunde-gestaltung.de\/en_us\/uncategorized\/1-ein-ueberblick-was-ist-und-kann-gesundheitsfoerdernden-gestaltung\/\">#1 Ein \u00dcberblick \/\/ Was ist und kann gesundheitsf\u00f6rdernde Gestaltung?<\/a>\n\t\t\t\n\t\t\t\t\t\t\t\t\t\t\t\t\t\t\n\t\t\t\t\t\t\t\t\n\t\t\t\t\t\t\t\t\t\t\t\t\t<div class=\"fusion-rollover-sep\"><\/div>\n\t\t\t\t\n\t\t\t\t\t\t\t\t\t\t\t\t\t\t\t\t\t\t<a class=\"fusion-rollover-gallery\" href=\"https:\/\/gesunde-gestaltung.de\/wp-content\/uploads\/2022\/02\/Podcast-Logo-quadratisch-1.jpg\" data-id=\"1204\" data-rel=\"iLightbox[gallery]\" data-title=\"Podcast Logo quadratisch\" data-caption=\"\">\n\t\t\t\t\t\tGallery\t\t\t\t\t<\/a>\n\t\t\t\t\t\t\t\t\t\t\t\t\t\t\n\t\t\n\t\t\t\t\t\t\t\t\t\t\t\t<h4 class=\"fusion-rollover-title\">\n\t\t\t\t\t<a class=\"fusion-rollover-title-link\" href=\"https:\/\/gesunde-gestaltung.de\/en_us\/uncategorized\/1-ein-ueberblick-was-ist-und-kann-gesundheitsfoerdernden-gestaltung\/\">\n\t\t\t\t\t\t#1 Ein \u00dcberblick \/\/ Was ist und kann gesundheitsf\u00f6rdernde Gestaltung?\t\t\t\t\t<\/a>\n\t\t\t\t<\/h4>\n\t\t\t\n\t\t\t\t\t\t\t\t\t\t<div class=\"fusion-rollover-categories\"><a href=\"https:\/\/gesunde-gestaltung.de\/en_us\/category\/podcast\/\" rel=\"tag\">Podcast<\/a>, <a href=\"https:\/\/gesunde-gestaltung.de\/en_us\/category\/uncategorized\/\" rel=\"tag\">Uncategorized<\/a><\/div>\t\t\t\t\t\n\t\t\n\t\t\t\t\t\t<a class=\"fusion-link-wrapper\" href=\"https:\/\/gesunde-gestaltung.de\/en_us\/uncategorized\/1-ein-ueberblick-was-ist-und-kann-gesundheitsfoerdernden-gestaltung\/\" aria-label=\"#1 Ein \u00dcberblick \/\/ Was ist und kann gesundheitsf\u00f6rdernde Gestaltung?\"><\/a>\n\t<\/div>\n<\/div>\n<\/div>\n<\/li>\n\t\t\t\n\t\t\t\n\t\t\t\t\t\t\t\t\t\t\t\t\t\t\t\t\t\t\t\t\t\t\t\t\t\t\t\t\t\t\t\t\t\t\t\t\t\t\t\t\t\t\t\t\t\t\t\t\t\t\t\t\t\t\t\t\t\t\t\t\t\t\t\t\t\t\t\t<\/ul>\n\t<\/div>\n\t<div class=\"fusion-post-content-wrapper\" style=\"padding:30px 25px 25px 25px;\"><div class=\"fusion-post-content post-content\"><h2 class=\"blog-shortcode-post-title entry-title\"><a href=\"https:\/\/gesunde-gestaltung.de\/en_us\/uncategorized\/1-ein-ueberblick-was-ist-und-kann-gesundheitsfoerdernden-gestaltung\/\">#1 Ein \u00dcberblick \/\/ Was ist und kann gesundheitsf\u00f6rdernde Gestaltung?<\/a><\/h2><div class=\"fusion-post-content-container\"><p>Die allererste Folge des Podcasts \u201eGesunde Gestaltung\u201c beschreibt einen weitl\u00e4ufigen \u00dcberblick zu den Themen der gesundheitsf\u00f6rdernden Gestaltung. Wir betrachten wegweisende [...]<\/p><\/div><\/div><\/div><div class=\"fusion-clearfix\"><\/div><\/div>\n<\/article>\n<article id=\"blog-1-post-1194\" class=\"fusion-post-grid post-1194 post type-post status-publish format-standard hentry category-podcast category-uncategorized\">\n<div class=\"fusion-post-wrapper\" style=\"background-color:rgba(226,226,226,0.15);border:1px solid #f2f3f5;border-bottom-width:3px;\">\n\n<div class=\"fusion-post-content-wrapper\" style=\"padding:30px 25px 25px 25px;\"><div class=\"fusion-post-content post-content\"><h2 class=\"blog-shortcode-post-title entry-title\"><a href=\"https:\/\/gesunde-gestaltung.de\/en_us\/uncategorized\/getting-started-ueberblick-zur-gesundheitsfoerdernden-gestaltung\/\">Ein \u00dcberblick \/\/ Was ist und kann gesundheitsf\u00f6rdernden Gestaltung?<\/a><\/h2><div class=\"fusion-post-content-container\"><p>[:de]In K\u00fcrze finden Sie hier unseren neuen Podcast! Bleiben Sie gespannt...[:]<\/p><\/div><\/div><\/div><div class=\"fusion-clearfix\"><\/div><\/div>\n<\/article>\n<article id=\"blog-1-post-1175\" class=\"fusion-post-grid has-post-thumbnail post-1175 post type-post status-publish format-video hentry category-uncategorized post_format-post-format-video\">\n<div class=\"fusion-post-wrapper\" style=\"background-color:rgba(226,226,226,0.15);border:1px solid #f2f3f5;border-bottom-width:3px;\">\n\n\t\t\t<div class=\"fusion-flexslider flexslider fusion-flexslider-loading fusion-post-slideshow\" style=\"border-color:#f2f3f5;\">\n\t\t<ul class=\"slides\">\n\t\t\t\t\t\t\t<li>\n\t\t\t\t\t<div class=\"full-video\"><iframe class=\"fusion-hidden\" data-privacy-type=\"youtube\" src=\"\" width=\"560\" height=\"315\" data-privacy-src=\"https:\/\/www.youtube.com\/embed\/jCHuZ4cy1jY\" frameborder=\"0\" allow=\"accelerometer; autoplay; clipboard-write; encrypted-media; gyroscope; picture-in-picture\" allowfullscreen><\/iframe><div class=\"fusion-privacy-placeholder\" style=\"width:560px; height:315px;\" data-privacy-type=\"youtube\"><div class=\"fusion-privacy-placeholder-content\"><div class=\"fusion-privacy-label\">For privacy reasons YouTube needs your permission to be loaded.<\/div><a href=\"\" data-privacy-type=\"youtube\" class=\"fusion-button button-default fusion-button-default-size button fusion-privacy-consent\">I Accept<\/a><\/div><\/div><\/div>\n\t\t\t\t<\/li>\n\t\t\t\n\t\t\t\t\t\t\n\t\t\t\n\t\t\t\t\t\t\t\t\t\t\t\t\t\t\t\t\t\t\t\t\t\t\t\t\t\t\t\t\t\t\t\t\t\t\t\t\t\t\t\t\t\t\t\t\t\t\t\t\t\t\t\t\t\t\t\t\t\t\t\t\t\t\t\t\t\t\t\t<\/ul>\n\t<\/div>\n\t<div class=\"fusion-post-content-wrapper\" style=\"padding:30px 25px 25px 25px;\"><div class=\"fusion-post-content post-content\"><h2 class=\"blog-shortcode-post-title entry-title\"><a href=\"https:\/\/gesunde-gestaltung.de\/en_us\/uncategorized\/der-diskurs-zur-gesundheitsfoerdernden-gestaltung-geht-weiter\/\">Der Diskurs zur gesundheitsf\u00f6rdernden Gestaltung geht weiter&#8230;<\/a><\/h2><div class=\"fusion-post-content-container\"><p>Die deutsche Design- und Designforschungslandschaft bewegt sich und mit dieser Bewegung entstehen neue Institutionen und Formate. So gr\u00fcndete der Rat [...]<\/p><\/div><\/div><\/div><div class=\"fusion-clearfix\"><\/div><\/div>\n<\/article>\n<article id=\"blog-1-post-629\" class=\"fusion-post-grid post-629 post type-post status-publish format-standard has-post-thumbnail hentry category-designmethoden category-designtheorie category-evidence-based-design category-forschungsmethoden category-praxis category-uncategorized category-wissenschaft tag-designforschung tag-methoden tag-persona\">\n<div class=\"fusion-post-wrapper\" style=\"background-color:rgba(226,226,226,0.15);border:1px solid #f2f3f5;border-bottom-width:3px;\">\n\n\t\t\t<div class=\"fusion-flexslider flexslider fusion-flexslider-loading fusion-post-slideshow\" style=\"border-color:#f2f3f5;\">\n\t\t<ul class=\"slides\">\n\t\t\t\n\t\t\t\t\t\t\t\t\t\t\t\t\t\t<li><div  class=\"fusion-image-wrapper\" aria-haspopup=\"true\">\n\t\t\t\t<img decoding=\"async\" width=\"2560\" height=\"1280\" src=\"https:\/\/gesunde-gestaltung.de\/wp-content\/uploads\/2020\/02\/IMG_20191206_174424-1-scaled.jpg\" class=\"attachment-full size-full wp-post-image\" alt=\"\" srcset=\"https:\/\/gesunde-gestaltung.de\/wp-content\/uploads\/2020\/02\/IMG_20191206_174424-1-200x100.jpg 200w, https:\/\/gesunde-gestaltung.de\/wp-content\/uploads\/2020\/02\/IMG_20191206_174424-1-400x200.jpg 400w, https:\/\/gesunde-gestaltung.de\/wp-content\/uploads\/2020\/02\/IMG_20191206_174424-1-600x300.jpg 600w, https:\/\/gesunde-gestaltung.de\/wp-content\/uploads\/2020\/02\/IMG_20191206_174424-1-800x400.jpg 800w, https:\/\/gesunde-gestaltung.de\/wp-content\/uploads\/2020\/02\/IMG_20191206_174424-1-scaled.jpg 2560w\" sizes=\"(min-width: 2200px) 100vw, (min-width: 712px) 580px, (min-width: 640px) 712px, \" \/><div class=\"fusion-rollover\">\n\t<div class=\"fusion-rollover-content\">\n\n\t\t\t\t\t\t\t\t\t\t\t\t\t\t<a class=\"fusion-rollover-link\" href=\"https:\/\/gesunde-gestaltung.de\/en_us\/uncategorized\/methoden-review-personas\/\">Methoden-Review: Personas<\/a>\n\t\t\t\n\t\t\t\t\t\t\t\t\t\t\t\t\t\t\n\t\t\t\t\t\t\t\t\n\t\t\t\t\t\t\t\t\t\t\t\t\t<div class=\"fusion-rollover-sep\"><\/div>\n\t\t\t\t\n\t\t\t\t\t\t\t\t\t\t\t\t\t\t\t\t\t\t<a class=\"fusion-rollover-gallery\" href=\"https:\/\/gesunde-gestaltung.de\/wp-content\/uploads\/2020\/02\/IMG_20191206_174424-1-scaled.jpg\" data-id=\"629\" data-rel=\"iLightbox[gallery]\" data-title=\"Persona\" data-caption=\"Persona\">\n\t\t\t\t\t\tGallery\t\t\t\t\t<\/a>\n\t\t\t\t\t\t\t\t\t\t\t\t\t\t\n\t\t\n\t\t\t\t\t\t\t\t\t\t\t\t<h4 class=\"fusion-rollover-title\">\n\t\t\t\t\t<a class=\"fusion-rollover-title-link\" href=\"https:\/\/gesunde-gestaltung.de\/en_us\/uncategorized\/methoden-review-personas\/\">\n\t\t\t\t\t\tMethoden-Review: Personas\t\t\t\t\t<\/a>\n\t\t\t\t<\/h4>\n\t\t\t\n\t\t\t\t\t\t\t\t\t\t<div class=\"fusion-rollover-categories\"><a href=\"https:\/\/gesunde-gestaltung.de\/en_us\/category\/designmethoden\/\" rel=\"tag\">Designmethoden<\/a>, <a href=\"https:\/\/gesunde-gestaltung.de\/en_us\/category\/designtheorie\/\" rel=\"tag\">Designtheorie<\/a>, <a href=\"https:\/\/gesunde-gestaltung.de\/en_us\/category\/evidence-based-design\/\" rel=\"tag\">Evidence-based Design<\/a>, <a href=\"https:\/\/gesunde-gestaltung.de\/en_us\/category\/forschungsmethoden\/\" rel=\"tag\">Research methods<\/a>, <a href=\"https:\/\/gesunde-gestaltung.de\/en_us\/category\/praxis\/\" rel=\"tag\">Praxis<\/a>, <a href=\"https:\/\/gesunde-gestaltung.de\/en_us\/category\/uncategorized\/\" rel=\"tag\">Uncategorized<\/a>, <a href=\"https:\/\/gesunde-gestaltung.de\/en_us\/category\/wissenschaft\/\" rel=\"tag\">Wissenschaft<\/a><\/div>\t\t\t\t\t\n\t\t\n\t\t\t\t\t\t<a class=\"fusion-link-wrapper\" href=\"https:\/\/gesunde-gestaltung.de\/en_us\/uncategorized\/methoden-review-personas\/\" aria-label=\"Methoden-Review: Personas\"><\/a>\n\t<\/div>\n<\/div>\n<\/div>\n<\/li>\n\t\t\t\n\t\t\t\n\t\t\t\t\t\t\t\t\t\t\t\t\t\t\t\t\t\t\t\t\t\t\t\t\t\t\t\t\t\t\t\t\t\t\t\t\t\t\t\t\t\t\t\t\t\t\t\t\t\t\t\t\t\t\t\t\t\t\t\t\t\t\t\t\t\t\t\t<\/ul>\n\t<\/div>\n\t<div class=\"fusion-post-content-wrapper\" style=\"padding:30px 25px 25px 25px;\"><div class=\"fusion-post-content post-content\"><h2 class=\"blog-shortcode-post-title entry-title\"><a href=\"https:\/\/gesunde-gestaltung.de\/en_us\/uncategorized\/methoden-review-personas\/\">Methoden-Review: Personas<\/a><\/h2><div class=\"fusion-post-content-container\"><p>Sp\u00e4testens mit dem Aufkommen des Human-Centered Designs geh\u00f6rt es zur Gestaltung von Produkten, Systemen und Dienstleistungen wie selbstverst\u00e4ndlich dazu, neben [...]<\/p><\/div><\/div><\/div><div class=\"fusion-clearfix\"><\/div><\/div>\n<\/article>\n<article id=\"blog-1-post-607\" class=\"fusion-post-grid post-607 post type-post status-publish format-standard has-post-thumbnail hentry category-designmethoden category-designtheorie category-evidence-based-design category-nachhaltigkeit category-trends-und-entwicklungen category-uncategorized category-wissenschaft tag-designtheorie tag-nachhaltigkeit tag-sdg\">\n<div class=\"fusion-post-wrapper\" style=\"background-color:rgba(226,226,226,0.15);border:1px solid #f2f3f5;border-bottom-width:3px;\">\n\n\t\t\t<div class=\"fusion-flexslider flexslider fusion-flexslider-loading fusion-post-slideshow\" style=\"border-color:#f2f3f5;\">\n\t\t<ul class=\"slides\">\n\t\t\t\n\t\t\t\t\t\t\t\t\t\t\t\t\t\t<li><div  class=\"fusion-image-wrapper\" aria-haspopup=\"true\">\n\t\t\t\t<img decoding=\"async\" width=\"1920\" height=\"1200\" src=\"https:\/\/gesunde-gestaltung.de\/wp-content\/uploads\/2019\/06\/Sustainable_Development_Goals_1920px_web-1-1.jpg\" class=\"attachment-full size-full wp-post-image\" alt=\"\" srcset=\"https:\/\/gesunde-gestaltung.de\/wp-content\/uploads\/2019\/06\/Sustainable_Development_Goals_1920px_web-1-1-200x125.jpg 200w, https:\/\/gesunde-gestaltung.de\/wp-content\/uploads\/2019\/06\/Sustainable_Development_Goals_1920px_web-1-1-400x250.jpg 400w, https:\/\/gesunde-gestaltung.de\/wp-content\/uploads\/2019\/06\/Sustainable_Development_Goals_1920px_web-1-1-600x375.jpg 600w, https:\/\/gesunde-gestaltung.de\/wp-content\/uploads\/2019\/06\/Sustainable_Development_Goals_1920px_web-1-1-800x500.jpg 800w, https:\/\/gesunde-gestaltung.de\/wp-content\/uploads\/2019\/06\/Sustainable_Development_Goals_1920px_web-1-1-1200x750.jpg 1200w, https:\/\/gesunde-gestaltung.de\/wp-content\/uploads\/2019\/06\/Sustainable_Development_Goals_1920px_web-1-1.jpg 1920w\" sizes=\"(min-width: 2200px) 100vw, (min-width: 712px) 580px, (min-width: 640px) 712px, \" \/><div class=\"fusion-rollover\">\n\t<div class=\"fusion-rollover-content\">\n\n\t\t\t\t\t\t\t\t\t\t\t\t\t\t<a class=\"fusion-rollover-link\" href=\"https:\/\/gesunde-gestaltung.de\/en_us\/uncategorized\/gesunde-nachhaltigkeit-wann-nachhaltige-gestaltung-gesundheitsfoerdernd-ist-und-gesundheitsfoerdernde-gestaltung-nachhaltig\/\">Gesunde Nachhaltigkeit? Wann nachhaltige Gestaltung gesundheitsf\u00f6rdernd ist und gesundheitsf\u00f6rdernde Gestaltung nachhaltig.<\/a>\n\t\t\t\n\t\t\t\t\t\t\t\t\t\t\t\t\t\t\n\t\t\t\t\t\t\t\t\n\t\t\t\t\t\t\t\t\t\t\t\t\t<div class=\"fusion-rollover-sep\"><\/div>\n\t\t\t\t\n\t\t\t\t\t\t\t\t\t\t\t\t\t\t\t\t\t\t<a class=\"fusion-rollover-gallery\" href=\"https:\/\/gesunde-gestaltung.de\/wp-content\/uploads\/2019\/06\/Sustainable_Development_Goals_1920px_web-1-1.jpg\" data-id=\"607\" data-rel=\"iLightbox[gallery]\" data-title=\"Sustainable_Development_Goals_1920px_web\" data-caption=\"Sustainable Development Goals der UN\">\n\t\t\t\t\t\tGallery\t\t\t\t\t<\/a>\n\t\t\t\t\t\t\t\t\t\t\t\t\t\t\n\t\t\n\t\t\t\t\t\t\t\t\t\t\t\t<h4 class=\"fusion-rollover-title\">\n\t\t\t\t\t<a class=\"fusion-rollover-title-link\" href=\"https:\/\/gesunde-gestaltung.de\/en_us\/uncategorized\/gesunde-nachhaltigkeit-wann-nachhaltige-gestaltung-gesundheitsfoerdernd-ist-und-gesundheitsfoerdernde-gestaltung-nachhaltig\/\">\n\t\t\t\t\t\tGesunde Nachhaltigkeit? Wann nachhaltige Gestaltung gesundheitsf\u00f6rdernd ist und gesundheitsf\u00f6rdernde Gestaltung nachhaltig.\t\t\t\t\t<\/a>\n\t\t\t\t<\/h4>\n\t\t\t\n\t\t\t\t\t\t\t\t\t\t<div class=\"fusion-rollover-categories\"><a href=\"https:\/\/gesunde-gestaltung.de\/en_us\/category\/designmethoden\/\" rel=\"tag\">Designmethoden<\/a>, <a href=\"https:\/\/gesunde-gestaltung.de\/en_us\/category\/designtheorie\/\" rel=\"tag\">Designtheorie<\/a>, <a href=\"https:\/\/gesunde-gestaltung.de\/en_us\/category\/evidence-based-design\/\" rel=\"tag\">Evidence-based Design<\/a>, <a href=\"https:\/\/gesunde-gestaltung.de\/en_us\/category\/nachhaltigkeit\/\" rel=\"tag\">Nachhaltigkeit<\/a>, <a href=\"https:\/\/gesunde-gestaltung.de\/en_us\/category\/trends-und-entwicklungen\/\" rel=\"tag\">Trends und Entwicklungen<\/a>, <a href=\"https:\/\/gesunde-gestaltung.de\/en_us\/category\/uncategorized\/\" rel=\"tag\">Uncategorized<\/a>, <a href=\"https:\/\/gesunde-gestaltung.de\/en_us\/category\/wissenschaft\/\" rel=\"tag\">Wissenschaft<\/a><\/div>\t\t\t\t\t\n\t\t\n\t\t\t\t\t\t<a class=\"fusion-link-wrapper\" href=\"https:\/\/gesunde-gestaltung.de\/en_us\/uncategorized\/gesunde-nachhaltigkeit-wann-nachhaltige-gestaltung-gesundheitsfoerdernd-ist-und-gesundheitsfoerdernde-gestaltung-nachhaltig\/\" aria-label=\"Gesunde Nachhaltigkeit? Wann nachhaltige Gestaltung gesundheitsf\u00f6rdernd ist und gesundheitsf\u00f6rdernde Gestaltung nachhaltig.\"><\/a>\n\t<\/div>\n<\/div>\n<\/div>\n<\/li>\n\t\t\t\n\t\t\t\n\t\t\t\t\t\t\t\t\t\t\t\t\t\t\t\t\t\t\t\t\t\t\t\t\t\t\t\t\t\t\t\t\t\t\t\t\t\t\t\t\t\t\t\t\t\t\t\t\t\t\t\t\t\t\t\t\t\t\t\t\t\t\t\t\t\t\t\t<\/ul>\n\t<\/div>\n\t<div class=\"fusion-post-content-wrapper\" style=\"padding:30px 25px 25px 25px;\"><div class=\"fusion-post-content post-content\"><h2 class=\"blog-shortcode-post-title entry-title\"><a href=\"https:\/\/gesunde-gestaltung.de\/en_us\/uncategorized\/gesunde-nachhaltigkeit-wann-nachhaltige-gestaltung-gesundheitsfoerdernd-ist-und-gesundheitsfoerdernde-gestaltung-nachhaltig\/\">Gesunde Nachhaltigkeit? Wann nachhaltige Gestaltung gesundheitsf\u00f6rdernd ist und gesundheitsf\u00f6rdernde Gestaltung nachhaltig.<\/a><\/h2><div class=\"fusion-post-content-container\"><p>Nicht erst seit Fridays for Future spielen Bedenken zum Umweltschutz und dem Klimawandel eine relevante Rolle in der Designmethodik. Dabei [...]<\/p><\/div><\/div><\/div><div class=\"fusion-clearfix\"><\/div><\/div>\n<\/article>\n<article id=\"blog-1-post-579\" class=\"fusion-post-grid post-579 post type-post status-publish format-standard has-post-thumbnail hentry category-designmethoden category-designtheorie category-evidence-based-design category-uncategorized category-wissenschaft tag-gesundheitsfoerdernde-gestaltung tag-taxonomie tag-verhaltenswirksame-gestaltung\">\n<div class=\"fusion-post-wrapper\" style=\"background-color:rgba(226,226,226,0.15);border:1px solid #f2f3f5;border-bottom-width:3px;\">\n\n\t\t\t<div class=\"fusion-flexslider flexslider fusion-flexslider-loading fusion-post-slideshow\" style=\"border-color:#f2f3f5;\">\n\t\t<ul class=\"slides\">\n\t\t\t\n\t\t\t\t\t\t\t\t\t\t\t\t\t\t<li><div  class=\"fusion-image-wrapper\" aria-haspopup=\"true\">\n\t\t\t\t<img decoding=\"async\" width=\"1200\" height=\"1150\" src=\"https:\/\/gesunde-gestaltung.de\/wp-content\/uploads\/2019\/01\/Rehn_2019_System-der-Gesundheitsfoerdernden-Gestaltung.jpg\" class=\"attachment-full size-full wp-post-image\" alt=\"\" srcset=\"https:\/\/gesunde-gestaltung.de\/wp-content\/uploads\/2019\/01\/Rehn_2019_System-der-Gesundheitsfoerdernden-Gestaltung-200x192.jpg 200w, https:\/\/gesunde-gestaltung.de\/wp-content\/uploads\/2019\/01\/Rehn_2019_System-der-Gesundheitsfoerdernden-Gestaltung-400x383.jpg 400w, https:\/\/gesunde-gestaltung.de\/wp-content\/uploads\/2019\/01\/Rehn_2019_System-der-Gesundheitsfoerdernden-Gestaltung-600x575.jpg 600w, https:\/\/gesunde-gestaltung.de\/wp-content\/uploads\/2019\/01\/Rehn_2019_System-der-Gesundheitsfoerdernden-Gestaltung-800x767.jpg 800w, https:\/\/gesunde-gestaltung.de\/wp-content\/uploads\/2019\/01\/Rehn_2019_System-der-Gesundheitsfoerdernden-Gestaltung.jpg 1200w\" sizes=\"(min-width: 2200px) 100vw, (min-width: 712px) 580px, (min-width: 640px) 712px, \" \/><div class=\"fusion-rollover\">\n\t<div class=\"fusion-rollover-content\">\n\n\t\t\t\t\t\t\t\t\t\t\t\t\t\t<a class=\"fusion-rollover-link\" href=\"https:\/\/gesunde-gestaltung.de\/en_us\/uncategorized\/system-der-gesundheitsfoerdernden-gestaltung\/\">System of health-promoting design<\/a>\n\t\t\t\n\t\t\t\t\t\t\t\t\t\t\t\t\t\t\n\t\t\t\t\t\t\t\t\n\t\t\t\t\t\t\t\t\t\t\t\t\t<div class=\"fusion-rollover-sep\"><\/div>\n\t\t\t\t\n\t\t\t\t\t\t\t\t\t\t\t\t\t\t\t\t\t\t<a class=\"fusion-rollover-gallery\" href=\"https:\/\/gesunde-gestaltung.de\/wp-content\/uploads\/2019\/01\/Rehn_2019_System-der-Gesundheitsfoerdernden-Gestaltung.jpg\" data-id=\"579\" data-rel=\"iLightbox[gallery]\" data-title=\"Rehn_2019_System der Gesundheitsf\u00f6rdernden Gestaltung\" data-caption=\"\">\n\t\t\t\t\t\tGallery\t\t\t\t\t<\/a>\n\t\t\t\t\t\t\t\t\t\t\t\t\t\t\n\t\t\n\t\t\t\t\t\t\t\t\t\t\t\t<h4 class=\"fusion-rollover-title\">\n\t\t\t\t\t<a class=\"fusion-rollover-title-link\" href=\"https:\/\/gesunde-gestaltung.de\/en_us\/uncategorized\/system-der-gesundheitsfoerdernden-gestaltung\/\">\n\t\t\t\t\t\tSystem of health-promoting design\t\t\t\t\t<\/a>\n\t\t\t\t<\/h4>\n\t\t\t\n\t\t\t\t\t\t\t\t\t\t<div class=\"fusion-rollover-categories\"><a href=\"https:\/\/gesunde-gestaltung.de\/en_us\/category\/designmethoden\/\" rel=\"tag\">Designmethoden<\/a>, <a href=\"https:\/\/gesunde-gestaltung.de\/en_us\/category\/designtheorie\/\" rel=\"tag\">Designtheorie<\/a>, <a href=\"https:\/\/gesunde-gestaltung.de\/en_us\/category\/evidence-based-design\/\" rel=\"tag\">Evidence-based Design<\/a>, <a href=\"https:\/\/gesunde-gestaltung.de\/en_us\/category\/uncategorized\/\" rel=\"tag\">Uncategorized<\/a>, <a href=\"https:\/\/gesunde-gestaltung.de\/en_us\/category\/wissenschaft\/\" rel=\"tag\">Wissenschaft<\/a><\/div>\t\t\t\t\t\n\t\t\n\t\t\t\t\t\t<a class=\"fusion-link-wrapper\" href=\"https:\/\/gesunde-gestaltung.de\/en_us\/uncategorized\/system-der-gesundheitsfoerdernden-gestaltung\/\" aria-label=\"System of health-promoting design\"><\/a>\n\t<\/div>\n<\/div>\n<\/div>\n<\/li>\n\t\t\t\n\t\t\t\n\t\t\t\t\t\t\t\t\t\t\t\t\t\t\t\t\t\t\t\t\t\t\t\t\t\t\t\t\t\t\t\t\t\t\t\t\t\t\t\t\t\t\t\t\t\t\t\t\t\t\t\t\t\t\t\t\t\t\t\t\t\t\t\t\t\t\t\t<\/ul>\n\t<\/div>\n\t<div class=\"fusion-post-content-wrapper\" style=\"padding:30px 25px 25px 25px;\"><div class=\"fusion-post-content post-content\"><h2 class=\"blog-shortcode-post-title entry-title\"><a href=\"https:\/\/gesunde-gestaltung.de\/en_us\/uncategorized\/system-der-gesundheitsfoerdernden-gestaltung\/\">System of health-promoting design<\/a><\/h2><div class=\"fusion-post-content-container\"><p>[:de] [ein Beitrag in eigener Sache\u2026] Zahlreiche Fachdisziplinen und methodische Richtungen zielen darauf ab, durch gestalterische Ma\u00dfnahmen die Gesundheit direkt [...]<\/p><\/div><\/div><\/div><div class=\"fusion-clearfix\"><\/div><\/div>\n<\/article>\n<article id=\"blog-1-post-572\" class=\"fusion-post-grid post-572 post type-post status-publish format-standard has-post-thumbnail hentry category-designtheorie category-forschungsmethoden category-trends-und-entwicklungen category-uncategorized category-wissenschaft\">\n<div class=\"fusion-post-wrapper\" style=\"background-color:rgba(226,226,226,0.15);border:1px solid #f2f3f5;border-bottom-width:3px;\">\n\n\t\t\t<div class=\"fusion-flexslider flexslider fusion-flexslider-loading fusion-post-slideshow\" style=\"border-color:#f2f3f5;\">\n\t\t<ul class=\"slides\">\n\t\t\t\n\t\t\t\t\t\t\t\t\t\t\t\t\t\t<li><div  class=\"fusion-image-wrapper\" aria-haspopup=\"true\">\n\t\t\t\t<img decoding=\"async\" width=\"1811\" height=\"2560\" src=\"https:\/\/gesunde-gestaltung.de\/wp-content\/uploads\/2018\/12\/D4H2018-Proceedings-cover_Page_1-1-scaled.jpg\" class=\"attachment-full size-full wp-post-image\" alt=\"\" srcset=\"https:\/\/gesunde-gestaltung.de\/wp-content\/uploads\/2018\/12\/D4H2018-Proceedings-cover_Page_1-1-200x283.jpg 200w, https:\/\/gesunde-gestaltung.de\/wp-content\/uploads\/2018\/12\/D4H2018-Proceedings-cover_Page_1-1-400x566.jpg 400w, https:\/\/gesunde-gestaltung.de\/wp-content\/uploads\/2018\/12\/D4H2018-Proceedings-cover_Page_1-1-600x848.jpg 600w, https:\/\/gesunde-gestaltung.de\/wp-content\/uploads\/2018\/12\/D4H2018-Proceedings-cover_Page_1-1-800x1131.jpg 800w, https:\/\/gesunde-gestaltung.de\/wp-content\/uploads\/2018\/12\/D4H2018-Proceedings-cover_Page_1-1-1200x1697.jpg 1200w, https:\/\/gesunde-gestaltung.de\/wp-content\/uploads\/2018\/12\/D4H2018-Proceedings-cover_Page_1-1-scaled.jpg 1811w\" sizes=\"(min-width: 2200px) 100vw, (min-width: 712px) 580px, (min-width: 640px) 712px, \" \/><div class=\"fusion-rollover\">\n\t<div class=\"fusion-rollover-content\">\n\n\t\t\t\t\t\t\t\t\t\t\t\t\t\t<a class=\"fusion-rollover-link\" href=\"https:\/\/gesunde-gestaltung.de\/en_us\/uncategorized\/designforschung-und-gesundheit-jenseits-deutscher-akademischer-systeme\/\">Designforschung und Gesundheit jenseits deutscher akademischer Systeme<\/a>\n\t\t\t\n\t\t\t\t\t\t\t\t\t\t\t\t\t\t\n\t\t\t\t\t\t\t\t\n\t\t\t\t\t\t\t\t\t\t\t\t\t<div class=\"fusion-rollover-sep\"><\/div>\n\t\t\t\t\n\t\t\t\t\t\t\t\t\t\t\t\t\t\t\t\t\t\t<a class=\"fusion-rollover-gallery\" href=\"https:\/\/gesunde-gestaltung.de\/wp-content\/uploads\/2018\/12\/D4H2018-Proceedings-cover_Page_1-1-scaled.jpg\" data-id=\"572\" data-rel=\"iLightbox[gallery]\" data-title=\"D4H2018-Proceedings-cover_Page_1\" data-caption=\"\">\n\t\t\t\t\t\tGallery\t\t\t\t\t<\/a>\n\t\t\t\t\t\t\t\t\t\t\t\t\t\t\n\t\t\n\t\t\t\t\t\t\t\t\t\t\t\t<h4 class=\"fusion-rollover-title\">\n\t\t\t\t\t<a class=\"fusion-rollover-title-link\" href=\"https:\/\/gesunde-gestaltung.de\/en_us\/uncategorized\/designforschung-und-gesundheit-jenseits-deutscher-akademischer-systeme\/\">\n\t\t\t\t\t\tDesignforschung und Gesundheit jenseits deutscher akademischer Systeme\t\t\t\t\t<\/a>\n\t\t\t\t<\/h4>\n\t\t\t\n\t\t\t\t\t\t\t\t\t\t<div class=\"fusion-rollover-categories\"><a href=\"https:\/\/gesunde-gestaltung.de\/en_us\/category\/designtheorie\/\" rel=\"tag\">Designtheorie<\/a>, <a href=\"https:\/\/gesunde-gestaltung.de\/en_us\/category\/forschungsmethoden\/\" rel=\"tag\">Research methods<\/a>, <a href=\"https:\/\/gesunde-gestaltung.de\/en_us\/category\/trends-und-entwicklungen\/\" rel=\"tag\">Trends und Entwicklungen<\/a>, <a href=\"https:\/\/gesunde-gestaltung.de\/en_us\/category\/uncategorized\/\" rel=\"tag\">Uncategorized<\/a>, <a href=\"https:\/\/gesunde-gestaltung.de\/en_us\/category\/wissenschaft\/\" rel=\"tag\">Wissenschaft<\/a><\/div>\t\t\t\t\t\n\t\t\n\t\t\t\t\t\t<a class=\"fusion-link-wrapper\" href=\"https:\/\/gesunde-gestaltung.de\/en_us\/uncategorized\/designforschung-und-gesundheit-jenseits-deutscher-akademischer-systeme\/\" aria-label=\"Designforschung und Gesundheit jenseits deutscher akademischer Systeme\"><\/a>\n\t<\/div>\n<\/div>\n<\/div>\n<\/li>\n\t\t\t\n\t\t\t\n\t\t\t\t\t\t\t\t\t\t\t\t\t\t\t\t\t\t\t\t\t\t\t\t\t\t\t\t\t\t\t\t\t\t\t\t\t\t\t\t\t\t\t\t\t\t\t\t\t\t\t\t\t\t\t\t\t\t\t\t\t\t\t\t\t\t\t\t<\/ul>\n\t<\/div>\n\t<div class=\"fusion-post-content-wrapper\" style=\"padding:30px 25px 25px 25px;\"><div class=\"fusion-post-content post-content\"><h2 class=\"blog-shortcode-post-title entry-title\"><a href=\"https:\/\/gesunde-gestaltung.de\/en_us\/uncategorized\/designforschung-und-gesundheit-jenseits-deutscher-akademischer-systeme\/\">Designforschung und Gesundheit jenseits deutscher akademischer Systeme<\/a><\/h2><div class=\"fusion-post-content-container\"><p>Wer in den vergangenen Monaten in einschl\u00e4gigen deutschen Foren und Plattformen nach Veranstaltungen zu Designforschung und Gesundheit gesucht hat, wurde [...]<\/p><\/div><\/div><\/div><div class=\"fusion-clearfix\"><\/div><\/div>\n<\/article>\n<article id=\"blog-1-post-556\" class=\"fusion-post-grid post-556 post type-post status-publish format-standard has-post-thumbnail hentry category-designmethoden category-designtheorie category-uncategorized category-wissenschaft tag-designforschung tag-designmethoden tag-designtheorie tag-gesundheitspsychologie tag-verhaltensaenderung tag-verhaltenswirksame-gestaltung\">\n<div class=\"fusion-post-wrapper\" style=\"background-color:rgba(226,226,226,0.15);border:1px solid #f2f3f5;border-bottom-width:3px;\">\n\n\t\t\t<div class=\"fusion-flexslider flexslider fusion-flexslider-loading fusion-post-slideshow\" style=\"border-color:#f2f3f5;\">\n\t\t<ul class=\"slides\">\n\t\t\t\n\t\t\t\t\t\t\t\t\t\t\t\t\t\t<li><div  class=\"fusion-image-wrapper\" aria-haspopup=\"true\">\n\t\t\t\t<img decoding=\"async\" width=\"2000\" height=\"1200\" src=\"https:\/\/gesunde-gestaltung.de\/wp-content\/uploads\/2018\/11\/DMHBC_Rehn_2018-1.jpg\" class=\"attachment-full size-full wp-post-image\" alt=\"\" srcset=\"https:\/\/gesunde-gestaltung.de\/wp-content\/uploads\/2018\/11\/DMHBC_Rehn_2018-1-200x120.jpg 200w, https:\/\/gesunde-gestaltung.de\/wp-content\/uploads\/2018\/11\/DMHBC_Rehn_2018-1-400x240.jpg 400w, https:\/\/gesunde-gestaltung.de\/wp-content\/uploads\/2018\/11\/DMHBC_Rehn_2018-1-600x360.jpg 600w, https:\/\/gesunde-gestaltung.de\/wp-content\/uploads\/2018\/11\/DMHBC_Rehn_2018-1-800x480.jpg 800w, https:\/\/gesunde-gestaltung.de\/wp-content\/uploads\/2018\/11\/DMHBC_Rehn_2018-1-1200x720.jpg 1200w, https:\/\/gesunde-gestaltung.de\/wp-content\/uploads\/2018\/11\/DMHBC_Rehn_2018-1.jpg 2000w\" sizes=\"(min-width: 2200px) 100vw, (min-width: 712px) 580px, (min-width: 640px) 712px, \" \/><div class=\"fusion-rollover\">\n\t<div class=\"fusion-rollover-content\">\n\n\t\t\t\t\t\t\t\t\t\t\t\t\t\t<a class=\"fusion-rollover-link\" href=\"https:\/\/gesunde-gestaltung.de\/en_us\/uncategorized\/ein-designmodell-zur-veraenderung-des-gesundheitsverhalten\/\">Ein Designmodell zur Ver\u00e4nderung des Gesundheitsverhalten<\/a>\n\t\t\t\n\t\t\t\t\t\t\t\t\t\t\t\t\t\t\n\t\t\t\t\t\t\t\t\n\t\t\t\t\t\t\t\t\t\t\t\t\t<div class=\"fusion-rollover-sep\"><\/div>\n\t\t\t\t\n\t\t\t\t\t\t\t\t\t\t\t\t\t\t\t\t\t\t<a class=\"fusion-rollover-gallery\" href=\"https:\/\/gesunde-gestaltung.de\/wp-content\/uploads\/2018\/11\/DMHBC_Rehn_2018-1.jpg\" data-id=\"556\" data-rel=\"iLightbox[gallery]\" data-title=\"DMHBC_Rehn_2018\" data-caption=\"Design Model for Health Behavior Change - Jonas Rehn 2018\">\n\t\t\t\t\t\tGallery\t\t\t\t\t<\/a>\n\t\t\t\t\t\t\t\t\t\t\t\t\t\t\n\t\t\n\t\t\t\t\t\t\t\t\t\t\t\t<h4 class=\"fusion-rollover-title\">\n\t\t\t\t\t<a class=\"fusion-rollover-title-link\" href=\"https:\/\/gesunde-gestaltung.de\/en_us\/uncategorized\/ein-designmodell-zur-veraenderung-des-gesundheitsverhalten\/\">\n\t\t\t\t\t\tEin Designmodell zur Ver\u00e4nderung des Gesundheitsverhalten\t\t\t\t\t<\/a>\n\t\t\t\t<\/h4>\n\t\t\t\n\t\t\t\t\t\t\t\t\t\t<div class=\"fusion-rollover-categories\"><a href=\"https:\/\/gesunde-gestaltung.de\/en_us\/category\/designmethoden\/\" rel=\"tag\">Designmethoden<\/a>, <a href=\"https:\/\/gesunde-gestaltung.de\/en_us\/category\/designtheorie\/\" rel=\"tag\">Designtheorie<\/a>, <a href=\"https:\/\/gesunde-gestaltung.de\/en_us\/category\/uncategorized\/\" rel=\"tag\">Uncategorized<\/a>, <a href=\"https:\/\/gesunde-gestaltung.de\/en_us\/category\/wissenschaft\/\" rel=\"tag\">Wissenschaft<\/a><\/div>\t\t\t\t\t\n\t\t\n\t\t\t\t\t\t<a class=\"fusion-link-wrapper\" href=\"https:\/\/gesunde-gestaltung.de\/en_us\/uncategorized\/ein-designmodell-zur-veraenderung-des-gesundheitsverhalten\/\" aria-label=\"Ein Designmodell zur Ver\u00e4nderung des Gesundheitsverhalten\"><\/a>\n\t<\/div>\n<\/div>\n<\/div>\n<\/li>\n\t\t\t\n\t\t\t\n\t\t\t\t\t\t\t\t\t\t\t\t\t\t\t\t\t\t\t\t\t\t\t\t\t\t\t\t\t\t\t\t\t\t\t\t\t\t\t\t\t\t\t\t\t\t\t\t\t\t\t\t\t\t\t\t\t\t\t\t\t\t\t\t\t\t\t\t<\/ul>\n\t<\/div>\n\t<div class=\"fusion-post-content-wrapper\" style=\"padding:30px 25px 25px 25px;\"><div class=\"fusion-post-content post-content\"><h2 class=\"blog-shortcode-post-title entry-title\"><a href=\"https:\/\/gesunde-gestaltung.de\/en_us\/uncategorized\/ein-designmodell-zur-veraenderung-des-gesundheitsverhalten\/\">Ein Designmodell zur Ver\u00e4nderung des Gesundheitsverhalten<\/a><\/h2><div class=\"fusion-post-content-container\"><p>[ein Beitrag in eigener Sache...] Zahlreiche Theorien aus unterschiedlichen Disziplinen befassen sich mit dem Gesundheitsverhalten und m\u00f6glichen Faktoren, die dieses [...]<\/p><\/div><\/div><\/div><div class=\"fusion-clearfix\"><\/div><\/div>\n<\/article>\n<article id=\"blog-1-post-524\" class=\"fusion-post-grid post-524 post type-post status-publish format-standard has-post-thumbnail hentry category-aktivitaetssteigerung category-case-studies category-evidence-based-design category-praxis category-uncategorized tag-aktivitaetssteigerung tag-fahrrad tag-servicedesign\">\n<div class=\"fusion-post-wrapper\" style=\"background-color:rgba(226,226,226,0.15);border:1px solid #f2f3f5;border-bottom-width:3px;\">\n\n\t\t\t<div class=\"fusion-flexslider flexslider fusion-flexslider-loading fusion-post-slideshow\" style=\"border-color:#f2f3f5;\">\n\t\t<ul class=\"slides\">\n\t\t\t\n\t\t\t\t\t\t\t\t\t\t\t\t\t\t<li><div  class=\"fusion-image-wrapper\" aria-haspopup=\"true\">\n\t\t\t\t<img decoding=\"async\" width=\"1067\" height=\"1600\" src=\"https:\/\/gesunde-gestaltung.de\/wp-content\/uploads\/2018\/08\/Aktiv-Design-1.jpg\" class=\"attachment-full size-full wp-post-image\" alt=\"\" srcset=\"https:\/\/gesunde-gestaltung.de\/wp-content\/uploads\/2018\/08\/Aktiv-Design-1-200x300.jpg 200w, https:\/\/gesunde-gestaltung.de\/wp-content\/uploads\/2018\/08\/Aktiv-Design-1-400x600.jpg 400w, https:\/\/gesunde-gestaltung.de\/wp-content\/uploads\/2018\/08\/Aktiv-Design-1-600x900.jpg 600w, https:\/\/gesunde-gestaltung.de\/wp-content\/uploads\/2018\/08\/Aktiv-Design-1-800x1200.jpg 800w, https:\/\/gesunde-gestaltung.de\/wp-content\/uploads\/2018\/08\/Aktiv-Design-1.jpg 1067w\" sizes=\"(min-width: 2200px) 100vw, (min-width: 712px) 580px, (min-width: 640px) 712px, \" \/><div class=\"fusion-rollover\">\n\t<div class=\"fusion-rollover-content\">\n\n\t\t\t\t\t\t\t\t\t\t\t\t\t\t<a class=\"fusion-rollover-link\" href=\"https:\/\/gesunde-gestaltung.de\/en_us\/uncategorized\/design-als-handlungsangebot-fuer-aktivere-lebensstile\/\">Design als Handlungsangebot f\u00fcr aktivere Lebensstile<\/a>\n\t\t\t\n\t\t\t\t\t\t\t\t\t\t\t\t\t\t\n\t\t\t\t\t\t\t\t\n\t\t\t\t\t\t\t\t\t\t\t\t\t<div class=\"fusion-rollover-sep\"><\/div>\n\t\t\t\t\n\t\t\t\t\t\t\t\t\t\t\t\t\t\t\t\t\t\t<a class=\"fusion-rollover-gallery\" href=\"https:\/\/gesunde-gestaltung.de\/wp-content\/uploads\/2018\/08\/Aktiv-Design-1.jpg\" data-id=\"524\" data-rel=\"iLightbox[gallery]\" data-title=\"Aktiv-Design\" data-caption=\"\">\n\t\t\t\t\t\tGallery\t\t\t\t\t<\/a>\n\t\t\t\t\t\t\t\t\t\t\t\t\t\t\n\t\t\n\t\t\t\t\t\t\t\t\t\t\t\t<h4 class=\"fusion-rollover-title\">\n\t\t\t\t\t<a class=\"fusion-rollover-title-link\" href=\"https:\/\/gesunde-gestaltung.de\/en_us\/uncategorized\/design-als-handlungsangebot-fuer-aktivere-lebensstile\/\">\n\t\t\t\t\t\tDesign als Handlungsangebot f\u00fcr aktivere Lebensstile\t\t\t\t\t<\/a>\n\t\t\t\t<\/h4>\n\t\t\t\n\t\t\t\t\t\t\t\t\t\t<div class=\"fusion-rollover-categories\"><a href=\"https:\/\/gesunde-gestaltung.de\/en_us\/category\/aktivitaetssteigerung\/\" rel=\"tag\">Aktivit\u00e4tssteigerung<\/a>, <a href=\"https:\/\/gesunde-gestaltung.de\/en_us\/category\/case-studies\/\" rel=\"tag\">Case Studies<\/a>, <a href=\"https:\/\/gesunde-gestaltung.de\/en_us\/category\/evidence-based-design\/\" rel=\"tag\">Evidence-based Design<\/a>, <a href=\"https:\/\/gesunde-gestaltung.de\/en_us\/category\/praxis\/\" rel=\"tag\">Praxis<\/a>, <a href=\"https:\/\/gesunde-gestaltung.de\/en_us\/category\/uncategorized\/\" rel=\"tag\">Uncategorized<\/a><\/div>\t\t\t\t\t\n\t\t\n\t\t\t\t\t\t<a class=\"fusion-link-wrapper\" href=\"https:\/\/gesunde-gestaltung.de\/en_us\/uncategorized\/design-als-handlungsangebot-fuer-aktivere-lebensstile\/\" aria-label=\"Design als Handlungsangebot f\u00fcr aktivere Lebensstile\"><\/a>\n\t<\/div>\n<\/div>\n<\/div>\n<\/li>\n\t\t\t\n\t\t\t\n\t\t\t\t\t\t\t\t\t\t\t\t\t\t\t\t\t\t\t\t\t\t\t\t\t\t\t\t\t\t\t\t\t\t\t\t\t\t\t\t\t\t\t\t\t\t\t\t\t\t\t\t\t\t\t\t\t\t\t\t\t\t\t\t\t\t\t\t<\/ul>\n\t<\/div>\n\t<div class=\"fusion-post-content-wrapper\" style=\"padding:30px 25px 25px 25px;\"><div class=\"fusion-post-content post-content\"><h2 class=\"blog-shortcode-post-title entry-title\"><a href=\"https:\/\/gesunde-gestaltung.de\/en_us\/uncategorized\/design-als-handlungsangebot-fuer-aktivere-lebensstile\/\">Design als Handlungsangebot f\u00fcr aktivere Lebensstile<\/a><\/h2><div class=\"fusion-post-content-container\"><p>Gestaltung kann sich auf vielf\u00e4ltige Weise auf die Gesundheit auswirken. Eine davon ist es, Angebote zu schaffen, die den Lebensstil [...]<\/p><\/div><\/div><\/div><div class=\"fusion-clearfix\"><\/div><\/div>\n<\/article>\n<article id=\"blog-1-post-522\" class=\"fusion-post-grid post-522 post type-post status-publish format-standard has-post-thumbnail hentry category-biophilic-design category-case-studies category-praxis category-stressreduktion category-uncategorized tag-autobahn tag-biophilic-design tag-holz tag-raststaetten tag-stressreduktion\">\n<div class=\"fusion-post-wrapper\" style=\"background-color:rgba(226,226,226,0.15);border:1px solid #f2f3f5;border-bottom-width:3px;\">\n\n\t\t\t<div class=\"fusion-flexslider flexslider fusion-flexslider-loading fusion-post-slideshow\" style=\"border-color:#f2f3f5;\">\n\t\t<ul class=\"slides\">\n\t\t\t\n\t\t\t\t\t\t\t\t\t\t\t\t\t\t<li><div  class=\"fusion-image-wrapper\" aria-haspopup=\"true\">\n\t\t\t\t<img decoding=\"async\" width=\"1600\" height=\"800\" src=\"https:\/\/gesunde-gestaltung.de\/wp-content\/uploads\/2018\/08\/Gotthard-Raststaette_Jonas-Rehn-20182.jpg\" class=\"attachment-full size-full wp-post-image\" alt=\"\" srcset=\"https:\/\/gesunde-gestaltung.de\/wp-content\/uploads\/2018\/08\/Gotthard-Raststaette_Jonas-Rehn-20182-200x100.jpg 200w, https:\/\/gesunde-gestaltung.de\/wp-content\/uploads\/2018\/08\/Gotthard-Raststaette_Jonas-Rehn-20182-400x200.jpg 400w, https:\/\/gesunde-gestaltung.de\/wp-content\/uploads\/2018\/08\/Gotthard-Raststaette_Jonas-Rehn-20182-600x300.jpg 600w, https:\/\/gesunde-gestaltung.de\/wp-content\/uploads\/2018\/08\/Gotthard-Raststaette_Jonas-Rehn-20182-800x400.jpg 800w, https:\/\/gesunde-gestaltung.de\/wp-content\/uploads\/2018\/08\/Gotthard-Raststaette_Jonas-Rehn-20182-1200x600.jpg 1200w, https:\/\/gesunde-gestaltung.de\/wp-content\/uploads\/2018\/08\/Gotthard-Raststaette_Jonas-Rehn-20182.jpg 1600w\" sizes=\"(min-width: 2200px) 100vw, (min-width: 712px) 580px, (min-width: 640px) 712px, \" \/><div class=\"fusion-rollover\">\n\t<div class=\"fusion-rollover-content\">\n\n\t\t\t\t\t\t\t\t\t\t\t\t\t\t<a class=\"fusion-rollover-link\" href=\"https:\/\/gesunde-gestaltung.de\/en_us\/uncategorized\/die-autobahn-als-erholungsort\/\">Die Autobahn als Erholungsort<\/a>\n\t\t\t\n\t\t\t\t\t\t\t\t\t\t\t\t\t\t\n\t\t\t\t\t\t\t\t\n\t\t\t\t\t\t\t\t\t\t\t\t\t<div class=\"fusion-rollover-sep\"><\/div>\n\t\t\t\t\n\t\t\t\t\t\t\t\t\t\t\t\t\t\t\t\t\t\t<a class=\"fusion-rollover-gallery\" href=\"https:\/\/gesunde-gestaltung.de\/wp-content\/uploads\/2018\/08\/Gotthard-Raststaette_Jonas-Rehn-20182.jpg\" data-id=\"522\" data-rel=\"iLightbox[gallery]\" data-title=\"Gotthard-Rastst\u00e4tte_Jonas-Rehn-20182\" data-caption=\"\">\n\t\t\t\t\t\tGallery\t\t\t\t\t<\/a>\n\t\t\t\t\t\t\t\t\t\t\t\t\t\t\n\t\t\n\t\t\t\t\t\t\t\t\t\t\t\t<h4 class=\"fusion-rollover-title\">\n\t\t\t\t\t<a class=\"fusion-rollover-title-link\" href=\"https:\/\/gesunde-gestaltung.de\/en_us\/uncategorized\/die-autobahn-als-erholungsort\/\">\n\t\t\t\t\t\tDie Autobahn als Erholungsort\t\t\t\t\t<\/a>\n\t\t\t\t<\/h4>\n\t\t\t\n\t\t\t\t\t\t\t\t\t\t<div class=\"fusion-rollover-categories\"><a href=\"https:\/\/gesunde-gestaltung.de\/en_us\/category\/biophilic-design\/\" rel=\"tag\">Biophilic Design<\/a>, <a href=\"https:\/\/gesunde-gestaltung.de\/en_us\/category\/case-studies\/\" rel=\"tag\">Case Studies<\/a>, <a href=\"https:\/\/gesunde-gestaltung.de\/en_us\/category\/praxis\/\" rel=\"tag\">Praxis<\/a>, <a href=\"https:\/\/gesunde-gestaltung.de\/en_us\/category\/stressreduktion\/\" rel=\"tag\">Stressreduktion<\/a>, <a href=\"https:\/\/gesunde-gestaltung.de\/en_us\/category\/uncategorized\/\" rel=\"tag\">Uncategorized<\/a><\/div>\t\t\t\t\t\n\t\t\n\t\t\t\t\t\t<a class=\"fusion-link-wrapper\" href=\"https:\/\/gesunde-gestaltung.de\/en_us\/uncategorized\/die-autobahn-als-erholungsort\/\" aria-label=\"Die Autobahn als Erholungsort\"><\/a>\n\t<\/div>\n<\/div>\n<\/div>\n<\/li>\n\t\t\t\n\t\t\t\n\t\t\t\t\t\t\t\t\t\t\t\t\t\t\t\t\t\t\t\t\t\t\t\t\t\t\t\t\t\t\t\t\t\t\t\t\t\t\t\t\t\t\t\t\t\t\t\t\t\t\t\t\t\t\t\t\t\t\t\t\t\t\t\t\t\t\t\t<\/ul>\n\t<\/div>\n\t<div class=\"fusion-post-content-wrapper\" style=\"padding:30px 25px 25px 25px;\"><div class=\"fusion-post-content post-content\"><h2 class=\"blog-shortcode-post-title entry-title\"><a href=\"https:\/\/gesunde-gestaltung.de\/en_us\/uncategorized\/die-autobahn-als-erholungsort\/\">Die Autobahn als Erholungsort<\/a><\/h2><div class=\"fusion-post-content-container\"><p>Mit einer erh\u00f6hten Belastung an Stickoxiden, L\u00e4rm und verkehrsbedingten Sicherheitsrisiken geh\u00f6rt die Autobahn und ihre Peripherie nicht unbedingt zu klassischen [...]<\/p><\/div><\/div><\/div><div class=\"fusion-clearfix\"><\/div><\/div>\n<\/article>\n<article id=\"blog-1-post-501\" class=\"fusion-post-grid post-501 post type-post status-publish format-standard has-post-thumbnail hentry category-praxis category-stressreduktion category-uncategorized category-wissenschaft tag-designforschung tag-gesundheitsfoerdernde-gestaltung tag-stress\">\n<div class=\"fusion-post-wrapper\" style=\"background-color:rgba(226,226,226,0.15);border:1px solid #f2f3f5;border-bottom-width:3px;\">\n\n\t\t\t<div class=\"fusion-flexslider flexslider fusion-flexslider-loading fusion-post-slideshow\" style=\"border-color:#f2f3f5;\">\n\t\t<ul class=\"slides\">\n\t\t\t\n\t\t\t\t\t\t\t\t\t\t\t\t\t\t<li><div  class=\"fusion-image-wrapper\" aria-haspopup=\"true\">\n\t\t\t\t<img decoding=\"async\" width=\"1000\" height=\"667\" src=\"https:\/\/gesunde-gestaltung.de\/wp-content\/uploads\/2018\/05\/Stress-Foto-1.jpg\" class=\"attachment-full size-full wp-post-image\" alt=\"\" srcset=\"https:\/\/gesunde-gestaltung.de\/wp-content\/uploads\/2018\/05\/Stress-Foto-1-200x133.jpg 200w, https:\/\/gesunde-gestaltung.de\/wp-content\/uploads\/2018\/05\/Stress-Foto-1-400x267.jpg 400w, https:\/\/gesunde-gestaltung.de\/wp-content\/uploads\/2018\/05\/Stress-Foto-1-600x400.jpg 600w, https:\/\/gesunde-gestaltung.de\/wp-content\/uploads\/2018\/05\/Stress-Foto-1-800x534.jpg 800w, https:\/\/gesunde-gestaltung.de\/wp-content\/uploads\/2018\/05\/Stress-Foto-1.jpg 1000w\" sizes=\"(min-width: 2200px) 100vw, (min-width: 712px) 580px, (min-width: 640px) 712px, \" \/><div class=\"fusion-rollover\">\n\t<div class=\"fusion-rollover-content\">\n\n\t\t\t\t\t\t\t\t\t\t\t\t\t\t<a class=\"fusion-rollover-link\" href=\"https:\/\/gesunde-gestaltung.de\/en_us\/uncategorized\/stress-und-design\/\">Stress und Design<\/a>\n\t\t\t\n\t\t\t\t\t\t\t\t\t\t\t\t\t\t\n\t\t\t\t\t\t\t\t\n\t\t\t\t\t\t\t\t\t\t\t\t\t<div class=\"fusion-rollover-sep\"><\/div>\n\t\t\t\t\n\t\t\t\t\t\t\t\t\t\t\t\t\t\t\t\t\t\t<a class=\"fusion-rollover-gallery\" href=\"https:\/\/gesunde-gestaltung.de\/wp-content\/uploads\/2018\/05\/Stress-Foto-1.jpg\" data-id=\"501\" data-rel=\"iLightbox[gallery]\" data-title=\"Stress-Foto\" data-caption=\"\">\n\t\t\t\t\t\tGallery\t\t\t\t\t<\/a>\n\t\t\t\t\t\t\t\t\t\t\t\t\t\t\n\t\t\n\t\t\t\t\t\t\t\t\t\t\t\t<h4 class=\"fusion-rollover-title\">\n\t\t\t\t\t<a class=\"fusion-rollover-title-link\" href=\"https:\/\/gesunde-gestaltung.de\/en_us\/uncategorized\/stress-und-design\/\">\n\t\t\t\t\t\tStress und Design\t\t\t\t\t<\/a>\n\t\t\t\t<\/h4>\n\t\t\t\n\t\t\t\t\t\t\t\t\t\t<div class=\"fusion-rollover-categories\"><a href=\"https:\/\/gesunde-gestaltung.de\/en_us\/category\/praxis\/\" rel=\"tag\">Praxis<\/a>, <a href=\"https:\/\/gesunde-gestaltung.de\/en_us\/category\/stressreduktion\/\" rel=\"tag\">Stressreduktion<\/a>, <a href=\"https:\/\/gesunde-gestaltung.de\/en_us\/category\/uncategorized\/\" rel=\"tag\">Uncategorized<\/a>, <a href=\"https:\/\/gesunde-gestaltung.de\/en_us\/category\/wissenschaft\/\" rel=\"tag\">Wissenschaft<\/a><\/div>\t\t\t\t\t\n\t\t\n\t\t\t\t\t\t<a class=\"fusion-link-wrapper\" href=\"https:\/\/gesunde-gestaltung.de\/en_us\/uncategorized\/stress-und-design\/\" aria-label=\"Stress und Design\"><\/a>\n\t<\/div>\n<\/div>\n<\/div>\n<\/li>\n\t\t\t\n\t\t\t\n\t\t\t\t\t\t\t\t\t\t\t\t\t\t\t\t\t\t\t\t\t\t\t\t\t\t\t\t\t\t\t\t\t\t\t\t\t\t\t\t\t\t\t\t\t\t\t\t\t\t\t\t\t\t\t\t\t\t\t\t\t\t\t\t\t\t\t\t<\/ul>\n\t<\/div>\n\t<div class=\"fusion-post-content-wrapper\" style=\"padding:30px 25px 25px 25px;\"><div class=\"fusion-post-content post-content\"><h2 class=\"blog-shortcode-post-title entry-title\"><a href=\"https:\/\/gesunde-gestaltung.de\/en_us\/uncategorized\/stress-und-design\/\">Stress und Design<\/a><\/h2><div class=\"fusion-post-content-container\"><p>Es gibt eine Reihe von Umweltfaktoren, die sich positiv wie auch negativ auf die Gesundheit auswirken k\u00f6nnen. W\u00e4hrend Rauchverbote in [...]<\/p><\/div><\/div><\/div><div class=\"fusion-clearfix\"><\/div><\/div>\n<\/article>\n<article id=\"blog-1-post-445\" class=\"fusion-post-grid post-445 post type-post status-publish format-standard has-post-thumbnail hentry category-evidence-based-design category-forschungsmethoden category-uncategorized category-wissenschaft tag-designforschhung tag-designmethoden tag-designresearch tag-empirie tag-evidence-based-design tag-methodik tag-verhaltenswirksame-gestaltung tag-wissenschaft\">\n<div class=\"fusion-post-wrapper\" style=\"background-color:rgba(226,226,226,0.15);border:1px solid #f2f3f5;border-bottom-width:3px;\">\n\n\t\t\t<div class=\"fusion-flexslider flexslider fusion-flexslider-loading fusion-post-slideshow\" style=\"border-color:#f2f3f5;\">\n\t\t<ul class=\"slides\">\n\t\t\t\n\t\t\t\t\t\t\t\t\t\t\t\t\t\t<li><div  class=\"fusion-image-wrapper\" aria-haspopup=\"true\">\n\t\t\t\t<img decoding=\"async\" width=\"2084\" height=\"913\" src=\"https:\/\/gesunde-gestaltung.de\/wp-content\/uploads\/2018\/03\/journal.pone_.0043007.g001-1.png\" class=\"attachment-full size-full wp-post-image\" alt=\"\" srcset=\"https:\/\/gesunde-gestaltung.de\/wp-content\/uploads\/2018\/03\/journal.pone_.0043007.g001-1-200x88.png 200w, https:\/\/gesunde-gestaltung.de\/wp-content\/uploads\/2018\/03\/journal.pone_.0043007.g001-1-400x175.png 400w, https:\/\/gesunde-gestaltung.de\/wp-content\/uploads\/2018\/03\/journal.pone_.0043007.g001-1-600x263.png 600w, https:\/\/gesunde-gestaltung.de\/wp-content\/uploads\/2018\/03\/journal.pone_.0043007.g001-1-800x350.png 800w, https:\/\/gesunde-gestaltung.de\/wp-content\/uploads\/2018\/03\/journal.pone_.0043007.g001-1-1200x526.png 1200w, https:\/\/gesunde-gestaltung.de\/wp-content\/uploads\/2018\/03\/journal.pone_.0043007.g001-1.png 2084w\" sizes=\"(min-width: 2200px) 100vw, (min-width: 712px) 580px, (min-width: 640px) 712px, \" \/><div class=\"fusion-rollover\">\n\t<div class=\"fusion-rollover-content\">\n\n\t\t\t\t\t\t\t\t\t\t\t\t\t\t<a class=\"fusion-rollover-link\" href=\"https:\/\/gesunde-gestaltung.de\/en_us\/uncategorized\/wenn-das-bierglas-das-trinkverhalten-bestimmt\/\">Wenn das Bierglas das Trinkverhalten bestimmt&#8230;<\/a>\n\t\t\t\n\t\t\t\t\t\t\t\t\t\t\t\t\t\t\n\t\t\t\t\t\t\t\t\n\t\t\t\t\t\t\t\t\t\t\t\t\t<div class=\"fusion-rollover-sep\"><\/div>\n\t\t\t\t\n\t\t\t\t\t\t\t\t\t\t\t\t\t\t\t\t\t\t<a class=\"fusion-rollover-gallery\" href=\"https:\/\/gesunde-gestaltung.de\/wp-content\/uploads\/2018\/03\/journal.pone_.0043007.g001-1.png\" data-id=\"445\" data-rel=\"iLightbox[gallery]\" data-title=\"journal.pone.0043007.g001\" data-caption=\"Attwood AS, Scott-Samuel NE, Stothart G, Munaf\u00f2 MR (2012) Glass Shape Influences Consumption Rate for Alcoholic Beverages. PLoS ONE 7(8): e43007. https:\/\/doi.org\/10.1371\/journal.pone.0043007\">\n\t\t\t\t\t\tGallery\t\t\t\t\t<\/a>\n\t\t\t\t\t\t\t\t\t\t\t\t\t\t\n\t\t\n\t\t\t\t\t\t\t\t\t\t\t\t<h4 class=\"fusion-rollover-title\">\n\t\t\t\t\t<a class=\"fusion-rollover-title-link\" href=\"https:\/\/gesunde-gestaltung.de\/en_us\/uncategorized\/wenn-das-bierglas-das-trinkverhalten-bestimmt\/\">\n\t\t\t\t\t\tWenn das Bierglas das Trinkverhalten bestimmt&#8230;\t\t\t\t\t<\/a>\n\t\t\t\t<\/h4>\n\t\t\t\n\t\t\t\t\t\t\t\t\t\t<div class=\"fusion-rollover-categories\"><a href=\"https:\/\/gesunde-gestaltung.de\/en_us\/category\/evidence-based-design\/\" rel=\"tag\">Evidence-based Design<\/a>, <a href=\"https:\/\/gesunde-gestaltung.de\/en_us\/category\/forschungsmethoden\/\" rel=\"tag\">Research methods<\/a>, <a href=\"https:\/\/gesunde-gestaltung.de\/en_us\/category\/uncategorized\/\" rel=\"tag\">Uncategorized<\/a>, <a href=\"https:\/\/gesunde-gestaltung.de\/en_us\/category\/wissenschaft\/\" rel=\"tag\">Wissenschaft<\/a><\/div>\t\t\t\t\t\n\t\t\n\t\t\t\t\t\t<a class=\"fusion-link-wrapper\" href=\"https:\/\/gesunde-gestaltung.de\/en_us\/uncategorized\/wenn-das-bierglas-das-trinkverhalten-bestimmt\/\" aria-label=\"Wenn das Bierglas das Trinkverhalten bestimmt&#8230;\"><\/a>\n\t<\/div>\n<\/div>\n<\/div>\n<\/li>\n\t\t\t\n\t\t\t\n\t\t\t\t\t\t\t\t\t\t\t\t\t\t\t\t\t\t\t\t\t\t\t\t\t\t\t\t\t\t\t\t\t\t\t\t\t\t\t\t\t\t\t\t\t\t\t\t\t\t\t\t\t\t\t\t\t\t\t\t\t\t\t\t\t\t\t\t<\/ul>\n\t<\/div>\n\t<div class=\"fusion-post-content-wrapper\" style=\"padding:30px 25px 25px 25px;\"><div class=\"fusion-post-content post-content\"><h2 class=\"blog-shortcode-post-title entry-title\"><a href=\"https:\/\/gesunde-gestaltung.de\/en_us\/uncategorized\/wenn-das-bierglas-das-trinkverhalten-bestimmt\/\">Wenn das Bierglas das Trinkverhalten bestimmt&#8230;<\/a><\/h2><div class=\"fusion-post-content-container\"><p>Gesundheitsf\u00f6rdernde Gestaltung kann auch bedeuten, durch Design Risikoverhalten zu reduzieren. Forscher konnten nun zeigen, dass die Form eines Bierglases die [...]<\/p><\/div><\/div><\/div><div class=\"fusion-clearfix\"><\/div><\/div>\n<\/article>\n<article id=\"blog-1-post-471\" class=\"fusion-post-grid post-471 post type-post status-publish format-standard has-post-thumbnail hentry category-evidence-based-design category-forschungsmethoden category-uncategorized category-wissenschaft\">\n<div class=\"fusion-post-wrapper\" style=\"background-color:rgba(226,226,226,0.15);border:1px solid #f2f3f5;border-bottom-width:3px;\">\n\n\t\t\t<div class=\"fusion-flexslider flexslider fusion-flexslider-loading fusion-post-slideshow\" style=\"border-color:#f2f3f5;\">\n\t\t<ul class=\"slides\">\n\t\t\t\n\t\t\t\t\t\t\t\t\t\t\t\t\t\t<li><div  class=\"fusion-image-wrapper\" aria-haspopup=\"true\">\n\t\t\t\t<img decoding=\"async\" width=\"600\" height=\"400\" src=\"https:\/\/gesunde-gestaltung.de\/wp-content\/uploads\/2015\/09\/Methoden-qualitativ-600x400-1.jpg\" class=\"attachment-full size-full wp-post-image\" alt=\"\" srcset=\"https:\/\/gesunde-gestaltung.de\/wp-content\/uploads\/2015\/09\/Methoden-qualitativ-600x400-1-200x133.jpg 200w, https:\/\/gesunde-gestaltung.de\/wp-content\/uploads\/2015\/09\/Methoden-qualitativ-600x400-1-400x267.jpg 400w, https:\/\/gesunde-gestaltung.de\/wp-content\/uploads\/2015\/09\/Methoden-qualitativ-600x400-1.jpg 600w\" sizes=\"(min-width: 2200px) 100vw, (min-width: 712px) 580px, (min-width: 640px) 712px, \" \/><div class=\"fusion-rollover\">\n\t<div class=\"fusion-rollover-content\">\n\n\t\t\t\t\t\t\t\t\t\t\t\t\t\t<a class=\"fusion-rollover-link\" href=\"https:\/\/gesunde-gestaltung.de\/en_us\/uncategorized\/methoden-review-1-qualitative-sozialwissenschaftliche-forschungsmethoden\/\">Methoden-Review #1: Qualitative sozialwissenschaftliche Forschungsmethoden<\/a>\n\t\t\t\n\t\t\t\t\t\t\t\t\t\t\t\t\t\t\n\t\t\t\t\t\t\t\t\n\t\t\t\t\t\t\t\t\t\t\t\t\t<div class=\"fusion-rollover-sep\"><\/div>\n\t\t\t\t\n\t\t\t\t\t\t\t\t\t\t\t\t\t\t\t\t\t\t<a class=\"fusion-rollover-gallery\" href=\"https:\/\/gesunde-gestaltung.de\/wp-content\/uploads\/2015\/09\/Methoden-qualitativ-600x400-1.jpg\" data-id=\"471\" data-rel=\"iLightbox[gallery]\" data-title=\"Methoden - qualitativ 600x400\" data-caption=\"\">\n\t\t\t\t\t\tGallery\t\t\t\t\t<\/a>\n\t\t\t\t\t\t\t\t\t\t\t\t\t\t\n\t\t\n\t\t\t\t\t\t\t\t\t\t\t\t<h4 class=\"fusion-rollover-title\">\n\t\t\t\t\t<a class=\"fusion-rollover-title-link\" href=\"https:\/\/gesunde-gestaltung.de\/en_us\/uncategorized\/methoden-review-1-qualitative-sozialwissenschaftliche-forschungsmethoden\/\">\n\t\t\t\t\t\tMethoden-Review #1: Qualitative sozialwissenschaftliche Forschungsmethoden\t\t\t\t\t<\/a>\n\t\t\t\t<\/h4>\n\t\t\t\n\t\t\t\t\t\t\t\t\t\t<div class=\"fusion-rollover-categories\"><a href=\"https:\/\/gesunde-gestaltung.de\/en_us\/category\/evidence-based-design\/\" rel=\"tag\">Evidence-based Design<\/a>, <a href=\"https:\/\/gesunde-gestaltung.de\/en_us\/category\/forschungsmethoden\/\" rel=\"tag\">Research methods<\/a>, <a href=\"https:\/\/gesunde-gestaltung.de\/en_us\/category\/uncategorized\/\" rel=\"tag\">Uncategorized<\/a>, <a href=\"https:\/\/gesunde-gestaltung.de\/en_us\/category\/wissenschaft\/\" rel=\"tag\">Wissenschaft<\/a><\/div>\t\t\t\t\t\n\t\t\n\t\t\t\t\t\t<a class=\"fusion-link-wrapper\" href=\"https:\/\/gesunde-gestaltung.de\/en_us\/uncategorized\/methoden-review-1-qualitative-sozialwissenschaftliche-forschungsmethoden\/\" aria-label=\"Methoden-Review #1: Qualitative sozialwissenschaftliche Forschungsmethoden\"><\/a>\n\t<\/div>\n<\/div>\n<\/div>\n<\/li>\n\t\t\t\n\t\t\t\n\t\t\t\t\t\t\t\t\t\t\t\t\t\t\t\t\t\t\t\t\t\t\t\t\t\t\t\t\t\t\t\t\t\t\t\t\t\t\t\t\t\t\t\t\t\t\t\t\t\t\t\t\t\t\t\t\t\t\t\t\t\t\t\t\t\t\t\t<\/ul>\n\t<\/div>\n\t<div class=\"fusion-post-content-wrapper\" style=\"padding:30px 25px 25px 25px;\"><div class=\"fusion-post-content post-content\"><h2 class=\"blog-shortcode-post-title entry-title\"><a href=\"https:\/\/gesunde-gestaltung.de\/en_us\/uncategorized\/methoden-review-1-qualitative-sozialwissenschaftliche-forschungsmethoden\/\">Methoden-Review #1: Qualitative sozialwissenschaftliche Forschungsmethoden<\/a><\/h2><div class=\"fusion-post-content-container\"><p>Wer im Rahmen gestalterischer Prozesse empirisch forschen m\u00f6chte, steht zun\u00e4chst vor der Herausforderungen zu seinem Entwurfsprojekt eine (oder mehrere) geeignete [...]<\/p><\/div><\/div><\/div><div class=\"fusion-clearfix\"><\/div><\/div>\n<\/article>\n<article id=\"blog-1-post-461\" class=\"fusion-post-grid post-461 post type-post status-publish format-standard hentry category-evidence-based-design category-uncategorized category-wissenschaft tag-designmethoden tag-designprozesse tag-evidence-based-design tag-methodik tag-wissenschaft\">\n<div class=\"fusion-post-wrapper\" style=\"background-color:rgba(226,226,226,0.15);border:1px solid #f2f3f5;border-bottom-width:3px;\">\n\n<div class=\"fusion-post-content-wrapper\" style=\"padding:30px 25px 25px 25px;\"><div class=\"fusion-post-content post-content\"><h2 class=\"blog-shortcode-post-title entry-title\"><a href=\"https:\/\/gesunde-gestaltung.de\/en_us\/uncategorized\/march-for-science-alternative-facts-und-gesundheitsfoerdernde-gestaltung\/\">March for Science, alternative facts und gesundheitsf\u00f6rdernde Gestaltung<\/a><\/h2><div class=\"fusion-post-content-container\"><p>Am 22.04. sind beim March for Science weltweit tausende Menschen auf die Stra\u00dfen gegangen, um sich f\u00fcr die Freiheit, Neutralit\u00e4t [...]<\/p><\/div><\/div><\/div><div class=\"fusion-clearfix\"><\/div><\/div>\n<\/article>\n<article id=\"blog-1-post-438\" class=\"fusion-post-grid post-438 post type-post status-publish format-standard hentry category-trends-und-entwicklungen tag-digitalisierung tag-fitness tag-neuigkeiten tag-trends\">\n<div class=\"fusion-post-wrapper\" style=\"background-color:rgba(226,226,226,0.15);border:1px solid #f2f3f5;border-bottom-width:3px;\">\n\n<div class=\"fusion-post-content-wrapper\" style=\"padding:30px 25px 25px 25px;\"><div class=\"fusion-post-content post-content\"><h2 class=\"blog-shortcode-post-title entry-title\"><a href=\"https:\/\/gesunde-gestaltung.de\/en_us\/trends-und-entwicklungen\/die-digitalisierung-der-fitness\/\">Die Digitalisierung der Fitness<\/a><\/h2><div class=\"fusion-post-content-container\"><p>Vor etwa zwei Wochen konnte man auf der FIBO2017, einer der bedeutendsten Messen der Fitness-Branche, wieder die neuesten Trends und [...]<\/p><\/div><\/div><\/div><div class=\"fusion-clearfix\"><\/div><\/div>\n<\/article>\n<article id=\"blog-1-post-428\" class=\"fusion-post-grid post-428 post type-post status-publish format-standard has-post-thumbnail hentry category-uncategorized\">\n<div class=\"fusion-post-wrapper\" style=\"background-color:rgba(226,226,226,0.15);border:1px solid #f2f3f5;border-bottom-width:3px;\">\n\n\t\t\t<div class=\"fusion-flexslider flexslider fusion-flexslider-loading fusion-post-slideshow\" style=\"border-color:#f2f3f5;\">\n\t\t<ul class=\"slides\">\n\t\t\t\n\t\t\t\t\t\t\t\t\t\t\t\t\t\t<li><div  class=\"fusion-image-wrapper\" aria-haspopup=\"true\">\n\t\t\t\t<img decoding=\"async\" width=\"529\" height=\"945\" src=\"https:\/\/gesunde-gestaltung.de\/wp-content\/uploads\/2017\/01\/PostJonasRehn25012017-1.jpg\" class=\"attachment-full size-full wp-post-image\" alt=\"\" srcset=\"https:\/\/gesunde-gestaltung.de\/wp-content\/uploads\/2017\/01\/PostJonasRehn25012017-1-200x357.jpg 200w, https:\/\/gesunde-gestaltung.de\/wp-content\/uploads\/2017\/01\/PostJonasRehn25012017-1-400x715.jpg 400w, https:\/\/gesunde-gestaltung.de\/wp-content\/uploads\/2017\/01\/PostJonasRehn25012017-1.jpg 529w\" sizes=\"(min-width: 2200px) 100vw, (min-width: 712px) 580px, (min-width: 640px) 712px, \" \/><div class=\"fusion-rollover\">\n\t<div class=\"fusion-rollover-content\">\n\n\t\t\t\t\t\t\t\t\t\t\t\t\t\t<a class=\"fusion-rollover-link\" href=\"https:\/\/gesunde-gestaltung.de\/en_us\/uncategorized\/das-richtige-timing-fuer-gesundheitsinformationen\/\">Das richtige Timing f\u00fcr Gesundheitsinformationen<\/a>\n\t\t\t\n\t\t\t\t\t\t\t\t\t\t\t\t\t\t\n\t\t\t\t\t\t\t\t\n\t\t\t\t\t\t\t\t\t\t\t\t\t<div class=\"fusion-rollover-sep\"><\/div>\n\t\t\t\t\n\t\t\t\t\t\t\t\t\t\t\t\t\t\t\t\t\t\t<a class=\"fusion-rollover-gallery\" href=\"https:\/\/gesunde-gestaltung.de\/wp-content\/uploads\/2017\/01\/PostJonasRehn25012017-1.jpg\" data-id=\"428\" data-rel=\"iLightbox[gallery]\" data-title=\"PostJonasRehn25012017\" data-caption=\"\">\n\t\t\t\t\t\tGallery\t\t\t\t\t<\/a>\n\t\t\t\t\t\t\t\t\t\t\t\t\t\t\n\t\t\n\t\t\t\t\t\t\t\t\t\t\t\t<h4 class=\"fusion-rollover-title\">\n\t\t\t\t\t<a class=\"fusion-rollover-title-link\" href=\"https:\/\/gesunde-gestaltung.de\/en_us\/uncategorized\/das-richtige-timing-fuer-gesundheitsinformationen\/\">\n\t\t\t\t\t\tDas richtige Timing f\u00fcr Gesundheitsinformationen\t\t\t\t\t<\/a>\n\t\t\t\t<\/h4>\n\t\t\t\n\t\t\t\t\t\t\t\t\t\t<div class=\"fusion-rollover-categories\"><a href=\"https:\/\/gesunde-gestaltung.de\/en_us\/category\/uncategorized\/\" rel=\"tag\">Uncategorized<\/a><\/div>\t\t\t\t\t\n\t\t\n\t\t\t\t\t\t<a class=\"fusion-link-wrapper\" href=\"https:\/\/gesunde-gestaltung.de\/en_us\/uncategorized\/das-richtige-timing-fuer-gesundheitsinformationen\/\" aria-label=\"Das richtige Timing f\u00fcr Gesundheitsinformationen\"><\/a>\n\t<\/div>\n<\/div>\n<\/div>\n<\/li>\n\t\t\t\n\t\t\t\n\t\t\t\t\t\t\t\t\t\t\t\t\t\t\t\t\t\t\t\t\t\t\t\t\t\t\t\t\t\t\t\t\t\t\t\t\t\t\t\t\t\t\t\t\t\t\t\t\t\t\t\t\t\t\t\t\t\t\t\t\t\t\t\t\t\t\t\t<\/ul>\n\t<\/div>\n\t<div class=\"fusion-post-content-wrapper\" style=\"padding:30px 25px 25px 25px;\"><div class=\"fusion-post-content post-content\"><h2 class=\"blog-shortcode-post-title entry-title\"><a href=\"https:\/\/gesunde-gestaltung.de\/en_us\/uncategorized\/das-richtige-timing-fuer-gesundheitsinformationen\/\">Das richtige Timing f\u00fcr Gesundheitsinformationen<\/a><\/h2><div class=\"fusion-post-content-container\"><p>Um einen effektiven positiven Einfluss auf das Gesundheitsverhalten zu erreichen, werden in unterschiedlichsten Kontexten gesundheitsrelevante Informationen pr\u00e4sentiert. Wie Fogg (2003, [...]<\/p><\/div><\/div><\/div><div class=\"fusion-clearfix\"><\/div><\/div>\n<\/article>\n<article id=\"blog-1-post-425\" class=\"fusion-post-grid post-425 post type-post status-publish format-standard hentry category-uncategorized\">\n<div class=\"fusion-post-wrapper\" style=\"background-color:rgba(226,226,226,0.15);border:1px solid #f2f3f5;border-bottom-width:3px;\">\n\n<div class=\"fusion-post-content-wrapper\" style=\"padding:30px 25px 25px 25px;\"><div class=\"fusion-post-content post-content\"><h2 class=\"blog-shortcode-post-title entry-title\"><a href=\"https:\/\/gesunde-gestaltung.de\/en_us\/uncategorized\/der-einfluss-gestalterischer-massnahmen-auf-die-krankenhaushygiene\/\">Der Einfluss gestalterischer Ma\u00dfnahmen auf die Krankenhaushygiene<\/a><\/h2><div class=\"fusion-post-content-container\"><p>In vorsichtigen Schritten n\u00e4hert sich auch der deutsche Forschungsdiskurs dem Evidence-based Design. Aktuelle Ans\u00e4tze erl\u00e4uterte Wolfgang Sunder vom Institue for [...]<\/p><\/div><\/div><\/div><div class=\"fusion-clearfix\"><\/div><\/div>\n<\/article>\n<article id=\"blog-1-post-409\" class=\"fusion-post-grid post-409 post type-post status-publish format-standard hentry category-aktivitaetssteigerung category-uncategorized tag-aktivitaetssteigerung\">\n<div class=\"fusion-post-wrapper\" style=\"background-color:rgba(226,226,226,0.15);border:1px solid #f2f3f5;border-bottom-width:3px;\">\n\n<div class=\"fusion-post-content-wrapper\" style=\"padding:30px 25px 25px 25px;\"><div class=\"fusion-post-content post-content\"><h2 class=\"blog-shortcode-post-title entry-title\"><a href=\"https:\/\/gesunde-gestaltung.de\/en_us\/uncategorized\/wie-gestaltung-auch-in-der-kalten-jahreszeit-zu-mehr-aktivitaet-beitragen-kann\/\">Wie Gestaltung auch in der kalten Jahreszeit zu mehr Aktivit\u00e4t beitragen kann&#8230;<\/a><\/h2><div class=\"fusion-post-content-container\"><p>Die Tage werden k\u00fcrzer, das Thermometer n\u00e4hert sich dem Nullpunkt und Gl\u00fchwein und Lebkuchen r\u00fccken ins Zentrum des Ern\u00e4hrungsplans. Alle [...]<\/p><\/div><\/div><\/div><div class=\"fusion-clearfix\"><\/div><\/div>\n<\/article>\n<article id=\"blog-1-post-394\" class=\"fusion-post-grid post-394 post type-post status-publish format-standard has-post-thumbnail hentry category-biophilic-design category-case-studies category-sozialitaet category-stressreduktion\">\n<div class=\"fusion-post-wrapper\" style=\"background-color:rgba(226,226,226,0.15);border:1px solid #f2f3f5;border-bottom-width:3px;\">\n\n\t\t\t<div class=\"fusion-flexslider flexslider fusion-flexslider-loading fusion-post-slideshow\" style=\"border-color:#f2f3f5;\">\n\t\t<ul class=\"slides\">\n\t\t\t\n\t\t\t\t\t\t\t\t\t\t\t\t\t\t<li><div  class=\"fusion-image-wrapper\" aria-haspopup=\"true\">\n\t\t\t\t<img decoding=\"async\" width=\"1134\" height=\"680\" src=\"https:\/\/gesunde-gestaltung.de\/wp-content\/uploads\/2016\/11\/Frankfurt-1-1.jpg\" class=\"attachment-full size-full wp-post-image\" alt=\"\" srcset=\"https:\/\/gesunde-gestaltung.de\/wp-content\/uploads\/2016\/11\/Frankfurt-1-1-200x120.jpg 200w, https:\/\/gesunde-gestaltung.de\/wp-content\/uploads\/2016\/11\/Frankfurt-1-1-400x240.jpg 400w, https:\/\/gesunde-gestaltung.de\/wp-content\/uploads\/2016\/11\/Frankfurt-1-1-600x360.jpg 600w, https:\/\/gesunde-gestaltung.de\/wp-content\/uploads\/2016\/11\/Frankfurt-1-1-800x480.jpg 800w, https:\/\/gesunde-gestaltung.de\/wp-content\/uploads\/2016\/11\/Frankfurt-1-1.jpg 1134w\" sizes=\"(min-width: 2200px) 100vw, (min-width: 712px) 580px, (min-width: 640px) 712px, \" \/><div class=\"fusion-rollover\">\n\t<div class=\"fusion-rollover-content\">\n\n\t\t\t\t\t\t\t\t\t\t\t\t\t\t<a class=\"fusion-rollover-link\" href=\"https:\/\/gesunde-gestaltung.de\/en_us\/biophilic-design\/biophilie-in-der-grossstadt\/\">Biophilie in der Gro\u00dfstadt<\/a>\n\t\t\t\n\t\t\t\t\t\t\t\t\t\t\t\t\t\t\n\t\t\t\t\t\t\t\t\n\t\t\t\t\t\t\t\t\t\t\t\t\t<div class=\"fusion-rollover-sep\"><\/div>\n\t\t\t\t\n\t\t\t\t\t\t\t\t\t\t\t\t\t\t\t\t\t\t<a class=\"fusion-rollover-gallery\" href=\"https:\/\/gesunde-gestaltung.de\/wp-content\/uploads\/2016\/11\/Frankfurt-1-1.jpg\" data-id=\"394\" data-rel=\"iLightbox[gallery]\" data-title=\"Frankfurt-1\" data-caption=\"\">\n\t\t\t\t\t\tGallery\t\t\t\t\t<\/a>\n\t\t\t\t\t\t\t\t\t\t\t\t\t\t\n\t\t\n\t\t\t\t\t\t\t\t\t\t\t\t<h4 class=\"fusion-rollover-title\">\n\t\t\t\t\t<a class=\"fusion-rollover-title-link\" href=\"https:\/\/gesunde-gestaltung.de\/en_us\/biophilic-design\/biophilie-in-der-grossstadt\/\">\n\t\t\t\t\t\tBiophilie in der Gro\u00dfstadt\t\t\t\t\t<\/a>\n\t\t\t\t<\/h4>\n\t\t\t\n\t\t\t\t\t\t\t\t\t\t<div class=\"fusion-rollover-categories\"><a href=\"https:\/\/gesunde-gestaltung.de\/en_us\/category\/biophilic-design\/\" rel=\"tag\">Biophilic Design<\/a>, <a href=\"https:\/\/gesunde-gestaltung.de\/en_us\/category\/case-studies\/\" rel=\"tag\">Case Studies<\/a>, <a href=\"https:\/\/gesunde-gestaltung.de\/en_us\/category\/sozialitaet\/\" rel=\"tag\">Sozialit\u00e4t<\/a>, <a href=\"https:\/\/gesunde-gestaltung.de\/en_us\/category\/stressreduktion\/\" rel=\"tag\">Stressreduktion<\/a><\/div>\t\t\t\t\t\n\t\t\n\t\t\t\t\t\t<a class=\"fusion-link-wrapper\" href=\"https:\/\/gesunde-gestaltung.de\/en_us\/biophilic-design\/biophilie-in-der-grossstadt\/\" aria-label=\"Biophilie in der Gro\u00dfstadt\"><\/a>\n\t<\/div>\n<\/div>\n<\/div>\n<\/li>\n\t\t\t\n\t\t\t\n\t\t\t\t\t\t\t\t\t\t\t\t\t\t\t\t\t\t\t\t\t\t\t\t\t\t\t\t\t\t\t\t\t\t\t\t\t\t\t\t\t\t\t\t\t\t\t\t\t\t\t\t\t\t\t\t\t\t\t\t\t\t\t\t\t\t\t\t<\/ul>\n\t<\/div>\n\t<div class=\"fusion-post-content-wrapper\" style=\"padding:30px 25px 25px 25px;\"><div class=\"fusion-post-content post-content\"><h2 class=\"blog-shortcode-post-title entry-title\"><a href=\"https:\/\/gesunde-gestaltung.de\/en_us\/biophilic-design\/biophilie-in-der-grossstadt\/\">Biophilie in der Gro\u00dfstadt<\/a><\/h2><div class=\"fusion-post-content-container\"><p> Es gibt eine Vielzahl von gestalterischen Ans\u00e4tzen um die Gesundheit zu f\u00f6rdern. Meist geht es darum Stress zu reduzieren, [...]<\/p><\/div><\/div><\/div><div class=\"fusion-clearfix\"><\/div><\/div>\n<\/article>\n<article id=\"blog-1-post-374\" class=\"fusion-post-grid post-374 post type-post status-publish format-standard hentry category-aktivitaetssteigerung category-case-studies category-praxis tag-aktivitaetssteigerung tag-landschaftsgestaltung\">\n<div class=\"fusion-post-wrapper\" style=\"background-color:rgba(226,226,226,0.15);border:1px solid #f2f3f5;border-bottom-width:3px;\">\n\n<div class=\"fusion-post-content-wrapper\" style=\"padding:30px 25px 25px 25px;\"><div class=\"fusion-post-content post-content\"><h2 class=\"blog-shortcode-post-title entry-title\"><a href=\"https:\/\/gesunde-gestaltung.de\/en_us\/aktivitaetssteigerung\/gestalterische-anreize-zu-mehr-aktivitaet\/\">Gestalterische Anreize zu mehr Aktivit\u00e4t<\/a><\/h2><div class=\"fusion-post-content-container\"><p>Barfu\u00df-Pfad mit Trimm-dich-Elementen in der rheinlandpf\u00e4lzischen Kleinstadt Bad Sobernheim Gesundheitsf\u00f6rdernde Gestaltung kann im \u00f6ffentlichen Raum vor allem Aktivit\u00e4tssteigerung bedeuten. Popul\u00e4rer [...]<\/p><\/div><\/div><\/div><div class=\"fusion-clearfix\"><\/div><\/div>\n<\/article>\n<article id=\"blog-1-post-369\" class=\"fusion-post-grid post-369 post type-post status-publish format-standard has-post-thumbnail hentry category-biophilic-design category-case-studies category-praxis tag-biophilic-design tag-landschaftsgestaltung tag-natur tag-olfaktorik tag-sinne\">\n<div class=\"fusion-post-wrapper\" style=\"background-color:rgba(226,226,226,0.15);border:1px solid #f2f3f5;border-bottom-width:3px;\">\n\n\t\t\t<div class=\"fusion-flexslider flexslider fusion-flexslider-loading fusion-post-slideshow\" style=\"border-color:#f2f3f5;\">\n\t\t<ul class=\"slides\">\n\t\t\t\n\t\t\t\t\t\t\t\t\t\t\t\t\t\t<li><div  class=\"fusion-image-wrapper\" aria-haspopup=\"true\">\n\t\t\t\t<img decoding=\"async\" width=\"1200\" height=\"800\" src=\"https:\/\/gesunde-gestaltung.de\/wp-content\/uploads\/2016\/05\/Blog-Fotos-1200x8003-1.jpg\" class=\"attachment-full size-full wp-post-image\" alt=\"\" srcset=\"https:\/\/gesunde-gestaltung.de\/wp-content\/uploads\/2016\/05\/Blog-Fotos-1200x8003-1-200x133.jpg 200w, https:\/\/gesunde-gestaltung.de\/wp-content\/uploads\/2016\/05\/Blog-Fotos-1200x8003-1-400x267.jpg 400w, https:\/\/gesunde-gestaltung.de\/wp-content\/uploads\/2016\/05\/Blog-Fotos-1200x8003-1-600x400.jpg 600w, https:\/\/gesunde-gestaltung.de\/wp-content\/uploads\/2016\/05\/Blog-Fotos-1200x8003-1-800x533.jpg 800w, https:\/\/gesunde-gestaltung.de\/wp-content\/uploads\/2016\/05\/Blog-Fotos-1200x8003-1.jpg 1200w\" sizes=\"(min-width: 2200px) 100vw, (min-width: 712px) 580px, (min-width: 640px) 712px, \" \/><div class=\"fusion-rollover\">\n\t<div class=\"fusion-rollover-content\">\n\n\t\t\t\t\t\t\t\t\t\t\t\t\t\t<a class=\"fusion-rollover-link\" href=\"https:\/\/gesunde-gestaltung.de\/en_us\/biophilic-design\/natur-fuer-alle-sinne\/\">Natur f\u00fcr alle Sinne<\/a>\n\t\t\t\n\t\t\t\t\t\t\t\t\t\t\t\t\t\t\n\t\t\t\t\t\t\t\t\n\t\t\t\t\t\t\t\t\t\t\t\t\t<div class=\"fusion-rollover-sep\"><\/div>\n\t\t\t\t\n\t\t\t\t\t\t\t\t\t\t\t\t\t\t\t\t\t\t<a class=\"fusion-rollover-gallery\" href=\"https:\/\/gesunde-gestaltung.de\/wp-content\/uploads\/2016\/05\/Blog-Fotos-1200x8003-1.jpg\" data-id=\"369\" data-rel=\"iLightbox[gallery]\" data-title=\"Blog-Fotos - 1200x8003\" data-caption=\"\">\n\t\t\t\t\t\tGallery\t\t\t\t\t<\/a>\n\t\t\t\t\t\t\t\t\t\t\t\t\t\t\n\t\t\n\t\t\t\t\t\t\t\t\t\t\t\t<h4 class=\"fusion-rollover-title\">\n\t\t\t\t\t<a class=\"fusion-rollover-title-link\" href=\"https:\/\/gesunde-gestaltung.de\/en_us\/biophilic-design\/natur-fuer-alle-sinne\/\">\n\t\t\t\t\t\tNatur f\u00fcr alle Sinne\t\t\t\t\t<\/a>\n\t\t\t\t<\/h4>\n\t\t\t\n\t\t\t\t\t\t\t\t\t\t<div class=\"fusion-rollover-categories\"><a href=\"https:\/\/gesunde-gestaltung.de\/en_us\/category\/biophilic-design\/\" rel=\"tag\">Biophilic Design<\/a>, <a href=\"https:\/\/gesunde-gestaltung.de\/en_us\/category\/case-studies\/\" rel=\"tag\">Case Studies<\/a>, <a href=\"https:\/\/gesunde-gestaltung.de\/en_us\/category\/praxis\/\" rel=\"tag\">Praxis<\/a><\/div>\t\t\t\t\t\n\t\t\n\t\t\t\t\t\t<a class=\"fusion-link-wrapper\" href=\"https:\/\/gesunde-gestaltung.de\/en_us\/biophilic-design\/natur-fuer-alle-sinne\/\" aria-label=\"Natur f\u00fcr alle Sinne\"><\/a>\n\t<\/div>\n<\/div>\n<\/div>\n<\/li>\n\t\t\t\n\t\t\t\n\t\t\t\t\t\t\t\t\t\t\t\t\t\t\t\t\t\t\t\t\t\t\t\t\t\t\t\t\t\t\t\t\t\t\t\t\t\t\t\t\t\t\t\t\t\t\t\t\t\t\t\t\t\t\t\t\t\t\t\t\t\t\t\t\t\t\t\t<\/ul>\n\t<\/div>\n\t<div class=\"fusion-post-content-wrapper\" style=\"padding:30px 25px 25px 25px;\"><div class=\"fusion-post-content post-content\"><h2 class=\"blog-shortcode-post-title entry-title\"><a href=\"https:\/\/gesunde-gestaltung.de\/en_us\/biophilic-design\/natur-fuer-alle-sinne\/\">Natur f\u00fcr alle Sinne<\/a><\/h2><div class=\"fusion-post-content-container\"><p>Ein aktueller Ansatz der gesundheitsf\u00f6rdernden Gestaltung basiert auf dem Kontakt und der Interaktion mit Natur. Dieser Ansatz wird in einem [...]<\/p><\/div><\/div><\/div><div class=\"fusion-clearfix\"><\/div><\/div>\n<\/article>\n<article id=\"blog-1-post-1\" class=\"fusion-post-grid post-1 post type-post status-publish format-standard hentry category-uncategorized\">\n<div class=\"fusion-post-wrapper\" style=\"background-color:rgba(226,226,226,0.15);border:1px solid #f2f3f5;border-bottom-width:3px;\">\n\n<div class=\"fusion-post-content-wrapper\" style=\"padding:30px 25px 25px 25px;\"><div class=\"fusion-post-content post-content\"><h2 class=\"blog-shortcode-post-title entry-title\"><a href=\"https:\/\/gesunde-gestaltung.de\/en_us\/uncategorized\/wissenschaft-und-design\/\">Wissenschaftliche Methoden in der gestalterischen Praxis<\/a><\/h2><div class=\"fusion-post-content-container\"><p>Der Begriff \"Gestaltung\" kann sich vergleichbar mit dem englischen Begriff \"design\" auf alle Bereiche des Entwerfens und Konzipierens beziehen. Dies [...]<\/p><\/div><\/div><\/div><div class=\"fusion-clearfix\"><\/div><\/div>\n<\/article>\n<div class=\"fusion-clearfix\"><\/div><\/div><\/div><\/div><\/div><\/div><\/div><\/p>","protected":false},"excerpt":{"rendered":"","protected":false},"author":1,"featured_media":0,"parent":0,"menu_order":0,"comment_status":"closed","ping_status":"closed","template":"","meta":{"footnotes":""},"class_list":["post-890","page","type-page","status-publish","hentry"],"_links":{"self":[{"href":"https:\/\/gesunde-gestaltung.de\/en_us\/wp-json\/wp\/v2\/pages\/890","targetHints":{"allow":["GET"]}}],"collection":[{"href":"https:\/\/gesunde-gestaltung.de\/en_us\/wp-json\/wp\/v2\/pages"}],"about":[{"href":"https:\/\/gesunde-gestaltung.de\/en_us\/wp-json\/wp\/v2\/types\/page"}],"author":[{"embeddable":true,"href":"https:\/\/gesunde-gestaltung.de\/en_us\/wp-json\/wp\/v2\/users\/1"}],"replies":[{"embeddable":true,"href":"https:\/\/gesunde-gestaltung.de\/en_us\/wp-json\/wp\/v2\/comments?post=890"}],"version-history":[{"count":14,"href":"https:\/\/gesunde-gestaltung.de\/en_us\/wp-json\/wp\/v2\/pages\/890\/revisions"}],"predecessor-version":[{"id":1820,"href":"https:\/\/gesunde-gestaltung.de\/en_us\/wp-json\/wp\/v2\/pages\/890\/revisions\/1820"}],"wp:attachment":[{"href":"https:\/\/gesunde-gestaltung.de\/en_us\/wp-json\/wp\/v2\/media?parent=890"}],"curies":[{"name":"wp","href":"https:\/\/api.w.org\/{rel}","templated":true}]}}